{"id":246,"date":"2019-08-20T14:49:44","date_gmt":"2019-08-20T14:49:44","guid":{"rendered":"http:\/\/archewordpress.arche-ruethen.de\/?page_id=246"},"modified":"2025-10-25T17:55:58","modified_gmt":"2025-10-25T17:55:58","slug":"traeger","status":"publish","type":"page","link":"https:\/\/arche-ruethen.de\/?page_id=246","title":{"rendered":"Tr\u00e4ger"},"content":{"rendered":"\t\t<div data-elementor-type=\"wp-post\" data-elementor-id=\"246\" class=\"elementor elementor-246\">\n\t\t\t\t\t\t<section class=\"elementor-section elementor-top-section elementor-element elementor-element-5b9374c1 elementor-section-height-min-height elementor-section-boxed elementor-section-height-default elementor-section-items-middle\" data-id=\"5b9374c1\" data-element_type=\"section\" data-e-type=\"section\" data-settings=\"{&quot;background_background&quot;:&quot;classic&quot;}\">\n\t\t\t\t\t\t\t<div class=\"elementor-background-overlay\"><\/div>\n\t\t\t\t\t\t\t<div class=\"elementor-container elementor-column-gap-default\">\n\t\t\t\t\t<div class=\"elementor-column elementor-col-50 elementor-top-column elementor-element elementor-element-3ae91c85\" data-id=\"3ae91c85\" data-element_type=\"column\" data-e-type=\"column\">\n\t\t\t<div class=\"elementor-widget-wrap elementor-element-populated\">\n\t\t\t\t\t\t<div class=\"elementor-element elementor-element-739b3796 elementor-widget elementor-widget-heading\" data-id=\"739b3796\" data-element_type=\"widget\" data-e-type=\"widget\" data-widget_type=\"heading.default\">\n\t\t\t\t<div class=\"elementor-widget-container\">\n\t\t\t\t\t<h2 class=\"elementor-heading-title elementor-size-large\">Tr\u00e4ger.<\/h2>\t\t\t\t<\/div>\n\t\t\t\t<\/div>\n\t\t\t\t\t<\/div>\n\t\t<\/div>\n\t\t\t\t<div class=\"elementor-column elementor-col-50 elementor-top-column elementor-element elementor-element-23145cb\" data-id=\"23145cb\" data-element_type=\"column\" data-e-type=\"column\">\n\t\t\t<div class=\"elementor-widget-wrap elementor-element-populated\">\n\t\t\t\t\t\t<div class=\"elementor-element elementor-element-5fa69c18 elementor-widget elementor-widget-image\" data-id=\"5fa69c18\" data-element_type=\"widget\" data-e-type=\"widget\" data-widget_type=\"image.default\">\n\t\t\t\t<div class=\"elementor-widget-container\">\n\t\t\t\t\t\t\t\t\t\t\t\t\t\t\t<img decoding=\"async\" src=\"https:\/\/arche-ruethen.de\/wp-content\/uploads\/elementor\/thumbs\/arche_logo_gross-obfuavmwmx69equqe33ywysnwcdpml4fxj1kxhvjkg.jpg\" title=\"arche_logo_gross\" alt=\"arche_logo_gross\" class=\"elementor-animation-grow\" loading=\"lazy\" \/>\t\t\t\t\t\t\t\t\t\t\t\t\t\t\t<\/div>\n\t\t\t\t<\/div>\n\t\t\t\t\t<\/div>\n\t\t<\/div>\n\t\t\t\t\t<\/div>\n\t\t<\/section>\n\t\t\t\t<section class=\"elementor-section elementor-top-section elementor-element elementor-element-9d8a288 elementor-section-boxed elementor-section-height-default elementor-section-height-default\" data-id=\"9d8a288\" data-element_type=\"section\" data-e-type=\"section\">\n\t\t\t\t\t\t<div class=\"elementor-container elementor-column-gap-wider\">\n\t\t\t\t\t<div class=\"elementor-column elementor-col-100 elementor-top-column elementor-element elementor-element-7e5f135d\" data-id=\"7e5f135d\" data-element_type=\"column\" data-e-type=\"column\" data-settings=\"{&quot;background_background&quot;:&quot;classic&quot;}\">\n\t\t\t<div class=\"elementor-widget-wrap elementor-element-populated\">\n\t\t\t\t\t\t<div class=\"elementor-element elementor-element-15cc7954 elementor-widget elementor-widget-image-box\" data-id=\"15cc7954\" data-element_type=\"widget\" data-e-type=\"widget\" data-widget_type=\"image-box.default\">\n\t\t\t\t<div class=\"elementor-widget-container\">\n\t\t\t\t\t<div class=\"elementor-image-box-wrapper\"><div class=\"elementor-image-box-content\"><h3 class=\"elementor-image-box-title\">Unser Tr\u00e4ger<\/h3><\/div><\/div>\t\t\t\t<\/div>\n\t\t\t\t<\/div>\n\t\t\t\t<section class=\"elementor-section elementor-inner-section elementor-element elementor-element-6f7d4519 elementor-section-boxed elementor-section-height-default elementor-section-height-default\" data-id=\"6f7d4519\" data-element_type=\"section\" data-e-type=\"section\">\n\t\t\t\t\t\t<div class=\"elementor-container elementor-column-gap-default\">\n\t\t\t\t\t<div class=\"elementor-column elementor-col-100 elementor-inner-column elementor-element elementor-element-4b191f19\" data-id=\"4b191f19\" data-element_type=\"column\" data-e-type=\"column\">\n\t\t\t<div class=\"elementor-widget-wrap elementor-element-populated\">\n\t\t\t\t\t\t<div class=\"elementor-element elementor-element-7f2b9701 elementor-widget elementor-widget-text-editor\" data-id=\"7f2b9701\" data-element_type=\"widget\" data-e-type=\"widget\" data-widget_type=\"text-editor.default\">\n\t\t\t\t<div class=\"elementor-widget-container\">\n\t\t\t\t\t\t\t\t\t<p class=\"bodytext\"><small>Der Elternverein Arche-Kinderland e.V. ist Tr\u00e4ger unserer Einrichtung. Mitglied im Verein wird automatisch, wer sein Kind in der Arche anmeldet; aber auch andere Interessierte k\u00f6nnen Mitglied werden.<\/small><\/p><p class=\"bodytext\"><small>Unser Dachverband ist der Deutsche Parit\u00e4tische Wohlfahrtsverband (DPWV).<\/small><\/p><p class=\"bodytext\"><small><img decoding=\"async\" class=\"alignnone size-full wp-image-30\" src=\"http:\/\/archewordpress.arche-ruethen.de\/wp-content\/uploads\/2019\/07\/paritaetischer.png\" alt=\"\" width=\"192\" height=\"72\" \/><\/small><\/p>\t\t\t\t\t\t\t\t<\/div>\n\t\t\t\t<\/div>\n\t\t\t\t\t<\/div>\n\t\t<\/div>\n\t\t\t\t\t<\/div>\n\t\t<\/section>\n\t\t\t\t\t<\/div>\n\t\t<\/div>\n\t\t\t\t\t<\/div>\n\t\t<\/section>\n\t\t\t\t<section class=\"elementor-section elementor-top-section elementor-element elementor-element-4cc9dd44 elementor-section-boxed elementor-section-height-default elementor-section-height-default\" data-id=\"4cc9dd44\" data-element_type=\"section\" data-e-type=\"section\">\n\t\t\t\t\t\t<div class=\"elementor-container elementor-column-gap-wider\">\n\t\t\t\t\t<div class=\"elementor-column elementor-col-100 elementor-top-column elementor-element elementor-element-9a14f71\" data-id=\"9a14f71\" data-element_type=\"column\" data-e-type=\"column\">\n\t\t\t<div class=\"elementor-widget-wrap elementor-element-populated\">\n\t\t\t\t\t\t<div class=\"elementor-element elementor-element-f5c7082 elementor-widget elementor-widget-image-box\" data-id=\"f5c7082\" data-element_type=\"widget\" data-e-type=\"widget\" data-widget_type=\"image-box.default\">\n\t\t\t\t<div class=\"elementor-widget-container\">\n\t\t\t\t\t<div class=\"elementor-image-box-wrapper\"><div class=\"elementor-image-box-content\"><h3 class=\"elementor-image-box-title\"><a href=\"http:\/\/archewordpress.arche-ruethen.de\/?page_id=230\">Der Vorstand<\/a><\/h3><\/div><\/div>\t\t\t\t<\/div>\n\t\t\t\t<\/div>\n\t\t\t\t<div class=\"elementor-element elementor-element-ec47167 elementor-widget elementor-widget-text-editor\" data-id=\"ec47167\" data-element_type=\"widget\" data-e-type=\"widget\" data-widget_type=\"text-editor.default\">\n\t\t\t\t<div class=\"elementor-widget-container\">\n\t\t\t\t\t\t\t\t\t<p>Die Mitgliederversammlung w\u00e4hlt aus ihrer Mitte einen Vorstand, der f\u00fcr alle anfallenden Verwaltungs-, Finanzierungs- und Personalangelegenheiten ehrenamtlich verantwortlich ist.<\/p><p>Er setzt sich aktuell zusammen aus 10 Mitgliedern: 1. und 2. Vorsitzende, 1. und 2. Kassiererin, Schriftf\u00fchrerin, 5 Beisitzer. Und das sind wir:<\/p>\t\t\t\t\t\t\t\t<\/div>\n\t\t\t\t<\/div>\n\t\t\t\t\t<\/div>\n\t\t<\/div>\n\t\t\t\t\t<\/div>\n\t\t<\/section>\n\t\t\t\t<section class=\"elementor-section elementor-top-section elementor-element elementor-element-77dba28 elementor-section-boxed elementor-section-height-default elementor-section-height-default\" data-id=\"77dba28\" data-element_type=\"section\" data-e-type=\"section\">\n\t\t\t\t\t\t<div class=\"elementor-container elementor-column-gap-default\">\n\t\t\t\t\t<div class=\"elementor-column elementor-col-100 elementor-top-column elementor-element elementor-element-3ff4977\" data-id=\"3ff4977\" data-element_type=\"column\" data-e-type=\"column\">\n\t\t\t<div class=\"elementor-widget-wrap elementor-element-populated\">\n\t\t\t\t\t\t<div class=\"elementor-element elementor-element-8fffd98 elementor-widget elementor-widget-image-gallery\" data-id=\"8fffd98\" data-element_type=\"widget\" data-e-type=\"widget\" data-widget_type=\"image-gallery.default\">\n\t\t\t\t<div class=\"elementor-widget-container\">\n\t\t\t\t\t\t\t<div class=\"elementor-image-gallery\">\n\t\t\t\n\t\t<style type=\"text\/css\">\n\t\t\t#gallery-1 {\n\t\t\t\tmargin: auto;\n\t\t\t}\n\t\t\t#gallery-1 .gallery-item {\n\t\t\t\tfloat: left;\n\t\t\t\tmargin-top: 10px;\n\t\t\t\ttext-align: center;\n\t\t\t\twidth: 33%;\n\t\t\t}\n\t\t\t#gallery-1 img {\n\t\t\t\tborder: 2px solid #cfcfcf;\n\t\t\t}\n\t\t\t#gallery-1 .gallery-caption {\n\t\t\t\tmargin-left: 0;\n\t\t\t}\n\t\t\t\/* see gallery_shortcode() in wp-includes\/media.php *\/\n\t\t<\/style>\n\t\t<div id='gallery-1' class='gallery galleryid-246 gallery-columns-3 gallery-size-thumbnail'><dl class='gallery-item'>\n\t\t\t<dt class='gallery-icon landscape'>\n\t\t\t\t<a data-elementor-open-lightbox=\"yes\" data-elementor-lightbox-slideshow=\"8fffd98\" data-elementor-lightbox-title=\"Pauline Fri\u00dfe\" data-elementor-lightbox-description=\"Pauline Fri\u00dfe\" data-e-action-hash=\"#elementor-action%3Aaction%3Dlightbox%26settings%3DeyJpZCI6MTQxNiwidXJsIjoiaHR0cHM6XC9cL2FyY2hlLXJ1ZXRoZW4uZGVcL3dwLWNvbnRlbnRcL3VwbG9hZHNcLzIwMjNcLzExXC9QQXVsaW5lMS0xLmpwZWciLCJzbGlkZXNob3ciOiI4ZmZmZDk4In0%3D\" href='https:\/\/arche-ruethen.de\/wp-content\/uploads\/2023\/11\/PAuline1-1.jpeg'><img decoding=\"async\" width=\"150\" height=\"150\" src=\"https:\/\/arche-ruethen.de\/wp-content\/uploads\/2023\/11\/PAuline1-1-150x150.jpeg\" class=\"attachment-thumbnail size-thumbnail\" alt=\"Pauline Fri\u00dfe\" aria-describedby=\"gallery-1-1416\" srcset=\"https:\/\/arche-ruethen.de\/wp-content\/uploads\/2023\/11\/PAuline1-1-150x150.jpeg 150w, https:\/\/arche-ruethen.de\/wp-content\/uploads\/2023\/11\/PAuline1-1-300x300.jpeg 300w\" sizes=\"(max-width: 150px) 100vw, 150px\" \/><\/a>\n\t\t\t<\/dt>\n\t\t\t\t<dd class='wp-caption-text gallery-caption' id='gallery-1-1416'>\n\t\t\t\tPauline Fri\u00dfe (2. Kassiererin)\n\t\t\t\t<\/dd><\/dl><dl class='gallery-item'>\n\t\t\t<dt class='gallery-icon portrait'>\n\t\t\t\t<a data-elementor-open-lightbox=\"yes\" data-elementor-lightbox-slideshow=\"8fffd98\" data-elementor-lightbox-title=\"Nina Gernet\" data-elementor-lightbox-description=\"Nina Gernet\" data-e-action-hash=\"#elementor-action%3Aaction%3Dlightbox%26settings%3DeyJpZCI6MTU5NCwidXJsIjoiaHR0cHM6XC9cL2FyY2hlLXJ1ZXRoZW4uZGVcL3dwLWNvbnRlbnRcL3VwbG9hZHNcLzIwMjVcLzA4XC9OaW5hLUdlcm5ldC1zY2FsZWQuanBnIiwic2xpZGVzaG93IjoiOGZmZmQ5OCJ9\" href='https:\/\/arche-ruethen.de\/wp-content\/uploads\/2025\/08\/Nina-Gernet-scaled.jpg'><img decoding=\"async\" width=\"150\" height=\"150\" src=\"https:\/\/arche-ruethen.de\/wp-content\/uploads\/2025\/08\/Nina-Gernet-150x150.jpg\" class=\"attachment-thumbnail size-thumbnail\" alt=\"Nina Gernet\" aria-describedby=\"gallery-1-1594\" srcset=\"https:\/\/arche-ruethen.de\/wp-content\/uploads\/2025\/08\/Nina-Gernet-150x150.jpg 150w, https:\/\/arche-ruethen.de\/wp-content\/uploads\/2025\/08\/Nina-Gernet-300x300.jpg 300w\" sizes=\"(max-width: 150px) 100vw, 150px\" \/><\/a>\n\t\t\t<\/dt>\n\t\t\t\t<dd class='wp-caption-text gallery-caption' id='gallery-1-1594'>\n\t\t\t\tNina Gernet (Beisitzerin)\n\t\t\t\t<\/dd><\/dl><dl class='gallery-item'>\n\t\t\t<dt class='gallery-icon landscape'>\n\t\t\t\t<a data-elementor-open-lightbox=\"yes\" data-elementor-lightbox-slideshow=\"8fffd98\" data-elementor-lightbox-title=\"Ricarda Kroll\" data-elementor-lightbox-description=\"Ricarda Kroll\" data-e-action-hash=\"#elementor-action%3Aaction%3Dlightbox%26settings%3DeyJpZCI6MTU5MSwidXJsIjoiaHR0cHM6XC9cL2FyY2hlLXJ1ZXRoZW4uZGVcL3dwLWNvbnRlbnRcL3VwbG9hZHNcLzIwMjVcLzA4XC9SaWNhcmRhLUtyb2xsLXNjYWxlZC5qcGciLCJzbGlkZXNob3ciOiI4ZmZmZDk4In0%3D\" href='https:\/\/arche-ruethen.de\/wp-content\/uploads\/2025\/08\/Ricarda-Kroll-scaled.jpg'><img loading=\"lazy\" decoding=\"async\" width=\"150\" height=\"150\" src=\"https:\/\/arche-ruethen.de\/wp-content\/uploads\/2025\/08\/Ricarda-Kroll-150x150.jpg\" class=\"attachment-thumbnail size-thumbnail\" alt=\"Ricarda Kroll\" aria-describedby=\"gallery-1-1591\" srcset=\"https:\/\/arche-ruethen.de\/wp-content\/uploads\/2025\/08\/Ricarda-Kroll-150x150.jpg 150w, https:\/\/arche-ruethen.de\/wp-content\/uploads\/2025\/08\/Ricarda-Kroll-300x300.jpg 300w\" sizes=\"(max-width: 150px) 100vw, 150px\" \/><\/a>\n\t\t\t<\/dt>\n\t\t\t\t<dd class='wp-caption-text gallery-caption' id='gallery-1-1591'>\n\t\t\t\tRicarda Kroll (Schriftf\u00fchrerin)\n\t\t\t\t<\/dd><\/dl><br style=\"clear: both\" \/><dl class='gallery-item'>\n\t\t\t<dt class='gallery-icon landscape'>\n\t\t\t\t<a data-elementor-open-lightbox=\"yes\" data-elementor-lightbox-slideshow=\"8fffd98\" data-elementor-lightbox-title=\"Martina Kosmella\" data-elementor-lightbox-description=\"Martina Kosmella\" data-e-action-hash=\"#elementor-action%3Aaction%3Dlightbox%26settings%3DeyJpZCI6MTQxNywidXJsIjoiaHR0cHM6XC9cL2FyY2hlLXJ1ZXRoZW4uZGVcL3dwLWNvbnRlbnRcL3VwbG9hZHNcLzIwMjNcLzExXC9NYXJ0aW5hMS0xLmpwZWciLCJzbGlkZXNob3ciOiI4ZmZmZDk4In0%3D\" href='https:\/\/arche-ruethen.de\/wp-content\/uploads\/2023\/11\/Martina1-1.jpeg'><img loading=\"lazy\" decoding=\"async\" width=\"150\" height=\"150\" src=\"https:\/\/arche-ruethen.de\/wp-content\/uploads\/2023\/11\/Martina1-1-150x150.jpeg\" class=\"attachment-thumbnail size-thumbnail\" alt=\"Martina Kosmella\" aria-describedby=\"gallery-1-1417\" srcset=\"https:\/\/arche-ruethen.de\/wp-content\/uploads\/2023\/11\/Martina1-1-150x150.jpeg 150w, https:\/\/arche-ruethen.de\/wp-content\/uploads\/2023\/11\/Martina1-1-300x300.jpeg 300w\" sizes=\"(max-width: 150px) 100vw, 150px\" \/><\/a>\n\t\t\t<\/dt>\n\t\t\t\t<dd class='wp-caption-text gallery-caption' id='gallery-1-1417'>\n\t\t\t\tMartina Kosmella\n (1. Vorsitzende)\n\t\t\t\t<\/dd><\/dl><dl class='gallery-item'>\n\t\t\t<dt class='gallery-icon portrait'>\n\t\t\t\t<a data-elementor-open-lightbox=\"yes\" data-elementor-lightbox-slideshow=\"8fffd98\" data-elementor-lightbox-title=\"Linda Menke\" data-elementor-lightbox-description=\"Linda Menke\" data-e-action-hash=\"#elementor-action%3Aaction%3Dlightbox%26settings%3DeyJpZCI6MTU5MiwidXJsIjoiaHR0cHM6XC9cL2FyY2hlLXJ1ZXRoZW4uZGVcL3dwLWNvbnRlbnRcL3VwbG9hZHNcLzIwMjVcLzA4XC9MaW5kYS1NZW5rZS1zY2FsZWQuanBnIiwic2xpZGVzaG93IjoiOGZmZmQ5OCJ9\" href='https:\/\/arche-ruethen.de\/wp-content\/uploads\/2025\/08\/Linda-Menke-scaled.jpg'><img loading=\"lazy\" decoding=\"async\" width=\"150\" height=\"150\" src=\"https:\/\/arche-ruethen.de\/wp-content\/uploads\/2025\/08\/Linda-Menke-150x150.jpg\" class=\"attachment-thumbnail size-thumbnail\" alt=\"Linda Menke\" aria-describedby=\"gallery-1-1592\" srcset=\"https:\/\/arche-ruethen.de\/wp-content\/uploads\/2025\/08\/Linda-Menke-150x150.jpg 150w, https:\/\/arche-ruethen.de\/wp-content\/uploads\/2025\/08\/Linda-Menke-300x300.jpg 300w\" sizes=\"(max-width: 150px) 100vw, 150px\" \/><\/a>\n\t\t\t<\/dt>\n\t\t\t\t<dd class='wp-caption-text gallery-caption' id='gallery-1-1592'>\n\t\t\t\tLinda Menke (Beisitzerin)\n\t\t\t\t<\/dd><\/dl><dl class='gallery-item'>\n\t\t\t<dt class='gallery-icon landscape'>\n\t\t\t\t<a data-elementor-open-lightbox=\"yes\" data-elementor-lightbox-slideshow=\"8fffd98\" data-elementor-lightbox-title=\"Thomas Kusnierz\" data-elementor-lightbox-description=\"Thomas Kusnierz\" data-e-action-hash=\"#elementor-action%3Aaction%3Dlightbox%26settings%3DeyJpZCI6MTQxOCwidXJsIjoiaHR0cHM6XC9cL2FyY2hlLXJ1ZXRoZW4uZGVcL3dwLWNvbnRlbnRcL3VwbG9hZHNcLzIwMjNcLzExXC9UaG9tYXMyLTEuanBlZyIsInNsaWRlc2hvdyI6IjhmZmZkOTgifQ%3D%3D\" href='https:\/\/arche-ruethen.de\/wp-content\/uploads\/2023\/11\/Thomas2-1.jpeg'><img loading=\"lazy\" decoding=\"async\" width=\"150\" height=\"150\" src=\"https:\/\/arche-ruethen.de\/wp-content\/uploads\/2023\/11\/Thomas2-1-150x150.jpeg\" class=\"attachment-thumbnail size-thumbnail\" alt=\"Thomas Kusnierz\" aria-describedby=\"gallery-1-1418\" srcset=\"https:\/\/arche-ruethen.de\/wp-content\/uploads\/2023\/11\/Thomas2-1-150x150.jpeg 150w, https:\/\/arche-ruethen.de\/wp-content\/uploads\/2023\/11\/Thomas2-1-300x300.jpeg 300w\" sizes=\"(max-width: 150px) 100vw, 150px\" \/><\/a>\n\t\t\t<\/dt>\n\t\t\t\t<dd class='wp-caption-text gallery-caption' id='gallery-1-1418'>\n\t\t\t\tThomas Kusnierz (2. Vorsitzender)\n\t\t\t\t<\/dd><\/dl><br style=\"clear: both\" \/><dl class='gallery-item'>\n\t\t\t<dt class='gallery-icon portrait'>\n\t\t\t\t<a data-elementor-open-lightbox=\"yes\" data-elementor-lightbox-slideshow=\"8fffd98\" data-elementor-lightbox-title=\"Anika Modes\" data-elementor-lightbox-description=\"Anika Modes\" data-e-action-hash=\"#elementor-action%3Aaction%3Dlightbox%26settings%3DeyJpZCI6MTU1MCwidXJsIjoiaHR0cHM6XC9cL2FyY2hlLXJ1ZXRoZW4uZGVcL3dwLWNvbnRlbnRcL3VwbG9hZHNcLzIwMjVcLzAxXC9Wb3JzdGFuZC1BbmlrYS1Nb2Rlcy5qcGVnIiwic2xpZGVzaG93IjoiOGZmZmQ5OCJ9\" href='https:\/\/arche-ruethen.de\/wp-content\/uploads\/2025\/01\/Vorstand-Anika-Modes.jpeg'><img loading=\"lazy\" decoding=\"async\" width=\"150\" height=\"150\" src=\"https:\/\/arche-ruethen.de\/wp-content\/uploads\/2025\/01\/Vorstand-Anika-Modes-150x150.jpeg\" class=\"attachment-thumbnail size-thumbnail\" alt=\"Anika Modes\" aria-describedby=\"gallery-1-1550\" srcset=\"https:\/\/arche-ruethen.de\/wp-content\/uploads\/2025\/01\/Vorstand-Anika-Modes-150x150.jpeg 150w, https:\/\/arche-ruethen.de\/wp-content\/uploads\/2025\/01\/Vorstand-Anika-Modes-300x300.jpeg 300w\" sizes=\"(max-width: 150px) 100vw, 150px\" \/><\/a>\n\t\t\t<\/dt>\n\t\t\t\t<dd class='wp-caption-text gallery-caption' id='gallery-1-1550'>\n\t\t\t\tAnika Modes (Beisitzerin)\n\t\t\t\t<\/dd><\/dl><dl class='gallery-item'>\n\t\t\t<dt class='gallery-icon portrait'>\n\t\t\t\t<a data-elementor-open-lightbox=\"yes\" data-elementor-lightbox-slideshow=\"8fffd98\" data-elementor-lightbox-title=\"Theresa Olyschl\u00e4ger\" data-elementor-lightbox-description=\"Theresa Olyschl\u00e4ger\" data-e-action-hash=\"#elementor-action%3Aaction%3Dlightbox%26settings%3DeyJpZCI6OTYzLCJ1cmwiOiJodHRwczpcL1wvYXJjaGUtcnVldGhlbi5kZVwvd3AtY29udGVudFwvdXBsb2Fkc1wvMjAyMVwvMTBcL0M2NzQ3M0Q1LTc5RjctNEI3NC04Rjk2LUUwQjczMzUxMDQyQy1zY2FsZWQuanBlZyIsInNsaWRlc2hvdyI6IjhmZmZkOTgifQ%3D%3D\" href='https:\/\/arche-ruethen.de\/wp-content\/uploads\/2021\/10\/C67473D5-79F7-4B74-8F96-E0B73351042C-scaled.jpeg'><img loading=\"lazy\" decoding=\"async\" width=\"150\" height=\"150\" src=\"https:\/\/arche-ruethen.de\/wp-content\/uploads\/2021\/10\/C67473D5-79F7-4B74-8F96-E0B73351042C-150x150.jpeg\" class=\"attachment-thumbnail size-thumbnail\" alt=\"Theresa Olyschl\u00e4ger\" aria-describedby=\"gallery-1-963\" srcset=\"https:\/\/arche-ruethen.de\/wp-content\/uploads\/2021\/10\/C67473D5-79F7-4B74-8F96-E0B73351042C-150x150.jpeg 150w, https:\/\/arche-ruethen.de\/wp-content\/uploads\/2021\/10\/C67473D5-79F7-4B74-8F96-E0B73351042C-300x300.jpeg 300w\" sizes=\"(max-width: 150px) 100vw, 150px\" \/><\/a>\n\t\t\t<\/dt>\n\t\t\t\t<dd class='wp-caption-text gallery-caption' id='gallery-1-963'>\n\t\t\t\tTheresa Olyschl\u00e4ger (1. Kassiererin)\n\t\t\t\t<\/dd><\/dl><dl class='gallery-item'>\n\t\t\t<dt class='gallery-icon portrait'>\n\t\t\t\t<a data-elementor-open-lightbox=\"yes\" data-elementor-lightbox-slideshow=\"8fffd98\" data-elementor-lightbox-title=\"Johanna Steinr\u00fccke\" data-elementor-lightbox-description=\"Johanna Steinr\u00fccke\" data-e-action-hash=\"#elementor-action%3Aaction%3Dlightbox%26settings%3DeyJpZCI6MTU0OSwidXJsIjoiaHR0cHM6XC9cL2FyY2hlLXJ1ZXRoZW4uZGVcL3dwLWNvbnRlbnRcL3VwbG9hZHNcLzIwMjVcLzAxXC9Kb2hhbm5hLVBldXMtVm9yc3RhbmQuanBlZyIsInNsaWRlc2hvdyI6IjhmZmZkOTgifQ%3D%3D\" href='https:\/\/arche-ruethen.de\/wp-content\/uploads\/2025\/01\/Johanna-Peus-Vorstand.jpeg'><img loading=\"lazy\" decoding=\"async\" width=\"150\" height=\"150\" src=\"https:\/\/arche-ruethen.de\/wp-content\/uploads\/2025\/01\/Johanna-Peus-Vorstand-150x150.jpeg\" class=\"attachment-thumbnail size-thumbnail\" alt=\"Johanna Steinr\u00fccke\" aria-describedby=\"gallery-1-1549\" srcset=\"https:\/\/arche-ruethen.de\/wp-content\/uploads\/2025\/01\/Johanna-Peus-Vorstand-150x150.jpeg 150w, https:\/\/arche-ruethen.de\/wp-content\/uploads\/2025\/01\/Johanna-Peus-Vorstand-300x300.jpeg 300w\" sizes=\"(max-width: 150px) 100vw, 150px\" \/><\/a>\n\t\t\t<\/dt>\n\t\t\t\t<dd class='wp-caption-text gallery-caption' id='gallery-1-1549'>\n\t\t\t\tJohanna Steinr\u00fccke (Beisitzerin)\n\t\t\t\t<\/dd><\/dl><br style=\"clear: both\" \/>\n\t\t<\/div>\n\t\t<\/div>\n\t\t\t\t\t\t<\/div>\n\t\t\t\t<\/div>\n\t\t\t\t\t<\/div>\n\t\t<\/div>\n\t\t\t\t\t<\/div>\n\t\t<\/section>\n\t\t\t\t<\/div>\n\t\t","protected":false},"excerpt":{"rendered":"<p>Tr\u00e4ger. Unser Tr\u00e4ger Der Elternverein Arche-Kinderland e.V. ist Tr\u00e4ger unserer Einrichtung. Mitglied im Verein wird automatisch, wer sein Kind in der Arche anmeldet; aber auch andere Interessierte k\u00f6nnen Mitglied werden. Unser Dachverband ist der Deutsche Parit\u00e4tische Wohlfahrtsverband (DPWV). Der Vorstand Die Mitgliederversammlung w\u00e4hlt aus ihrer Mitte einen Vorstand, der f\u00fcr alle anfallenden Verwaltungs-, Finanzierungs- und [&hellip;]<\/p>\n","protected":false},"author":1,"featured_media":0,"parent":149,"menu_order":0,"comment_status":"closed","ping_status":"closed","template":"elementor_header_footer","meta":{"footnotes":""},"class_list":["post-246","page","type-page","status-publish","hentry"],"_links":{"self":[{"href":"https:\/\/arche-ruethen.de\/index.php?rest_route=\/wp\/v2\/pages\/246","targetHints":{"allow":["GET"]}}],"collection":[{"href":"https:\/\/arche-ruethen.de\/index.php?rest_route=\/wp\/v2\/pages"}],"about":[{"href":"https:\/\/arche-ruethen.de\/index.php?rest_route=\/wp\/v2\/types\/page"}],"author":[{"embeddable":true,"href":"https:\/\/arche-ruethen.de\/index.php?rest_route=\/wp\/v2\/users\/1"}],"replies":[{"embeddable":true,"href":"https:\/\/arche-ruethen.de\/index.php?rest_route=%2Fwp%2Fv2%2Fcomments&post=246"}],"version-history":[{"count":66,"href":"https:\/\/arche-ruethen.de\/index.php?rest_route=\/wp\/v2\/pages\/246\/revisions"}],"predecessor-version":[{"id":1647,"href":"https:\/\/arche-ruethen.de\/index.php?rest_route=\/wp\/v2\/pages\/246\/revisions\/1647"}],"up":[{"embeddable":true,"href":"https:\/\/arche-ruethen.de\/index.php?rest_route=\/wp\/v2\/pages\/149"}],"wp:attachment":[{"href":"https:\/\/arche-ruethen.de\/index.php?rest_route=%2Fwp%2Fv2%2Fmedia&parent=246"}],"curies":[{"name":"wp","href":"https:\/\/api.w.org\/{rel}","templated":true}]}}