{"id":230,"date":"2019-08-20T14:35:14","date_gmt":"2019-08-20T14:35:14","guid":{"rendered":"http:\/\/archewordpress.arche-ruethen.de\/?page_id=230"},"modified":"2026-04-16T18:42:41","modified_gmt":"2026-04-16T18:42:41","slug":"aktuelles","status":"publish","type":"page","link":"https:\/\/arche-ruethen.de\/?page_id=230","title":{"rendered":"Aktuelles"},"content":{"rendered":"\t\t<div data-elementor-type=\"wp-post\" data-elementor-id=\"230\" class=\"elementor elementor-230\">\n\t\t\t\t\t\t<section class=\"elementor-section elementor-top-section elementor-element elementor-element-5a21f269 elementor-section-height-min-height elementor-section-boxed elementor-section-height-default elementor-section-items-middle\" data-id=\"5a21f269\" data-element_type=\"section\" data-e-type=\"section\" data-settings=\"{&quot;background_background&quot;:&quot;classic&quot;}\">\n\t\t\t\t\t\t\t<div class=\"elementor-background-overlay\"><\/div>\n\t\t\t\t\t\t\t<div class=\"elementor-container elementor-column-gap-default\">\n\t\t\t\t\t<div class=\"elementor-column elementor-col-50 elementor-top-column elementor-element elementor-element-639004e2\" data-id=\"639004e2\" data-element_type=\"column\" data-e-type=\"column\">\n\t\t\t<div class=\"elementor-widget-wrap elementor-element-populated\">\n\t\t\t\t\t\t<div class=\"elementor-element elementor-element-28771041 elementor-widget elementor-widget-heading\" data-id=\"28771041\" data-element_type=\"widget\" data-e-type=\"widget\" data-widget_type=\"heading.default\">\n\t\t\t\t<div class=\"elementor-widget-container\">\n\t\t\t\t\t<h2 class=\"elementor-heading-title elementor-size-large\">Aktuelles.<\/h2>\t\t\t\t<\/div>\n\t\t\t\t<\/div>\n\t\t\t\t\t<\/div>\n\t\t<\/div>\n\t\t\t\t<div class=\"elementor-column elementor-col-50 elementor-top-column elementor-element elementor-element-47b270f5\" data-id=\"47b270f5\" data-element_type=\"column\" data-e-type=\"column\">\n\t\t\t<div class=\"elementor-widget-wrap elementor-element-populated\">\n\t\t\t\t\t\t<div class=\"elementor-element elementor-element-72678335 elementor-widget elementor-widget-image\" data-id=\"72678335\" data-element_type=\"widget\" data-e-type=\"widget\" data-widget_type=\"image.default\">\n\t\t\t\t<div class=\"elementor-widget-container\">\n\t\t\t\t\t\t\t\t\t\t\t\t\t\t\t<img decoding=\"async\" src=\"https:\/\/arche-ruethen.de\/wp-content\/uploads\/elementor\/thumbs\/arche_logo_gross-obfuavmwmx69equqe33ywysnwcdpml4fxj1kxhvjkg.jpg\" title=\"arche_logo_gross\" alt=\"arche_logo_gross\" class=\"elementor-animation-grow\" loading=\"lazy\" \/>\t\t\t\t\t\t\t\t\t\t\t\t\t\t\t<\/div>\n\t\t\t\t<\/div>\n\t\t\t\t\t<\/div>\n\t\t<\/div>\n\t\t\t\t\t<\/div>\n\t\t<\/section>\n\t\t\t\t<section class=\"elementor-section elementor-top-section elementor-element elementor-element-134dae2d elementor-section-boxed elementor-section-height-default elementor-section-height-default\" data-id=\"134dae2d\" data-element_type=\"section\" data-e-type=\"section\">\n\t\t\t\t\t\t<div class=\"elementor-container elementor-column-gap-wider\">\n\t\t\t\t\t<div class=\"elementor-column elementor-col-50 elementor-top-column elementor-element elementor-element-dff03eb\" data-id=\"dff03eb\" data-element_type=\"column\" data-e-type=\"column\" data-settings=\"{&quot;background_background&quot;:&quot;classic&quot;}\">\n\t\t\t<div class=\"elementor-widget-wrap elementor-element-populated\">\n\t\t\t\t\t\t<div class=\"elementor-element elementor-element-35a440b2 elementor-widget elementor-widget-image-box\" data-id=\"35a440b2\" data-element_type=\"widget\" data-e-type=\"widget\" data-widget_type=\"image-box.default\">\n\t\t\t\t<div class=\"elementor-widget-container\">\n\t\t\t\t\t<div class=\"elementor-image-box-wrapper\"><div class=\"elementor-image-box-content\"><h3 class=\"elementor-image-box-title\"><a href=\"http:\/\/archewordpress.arche-ruethen.de\/?page_id=230#Arche\">Aktuell in der Arche<\/a><\/h3><\/div><\/div>\t\t\t\t<\/div>\n\t\t\t\t<\/div>\n\t\t\t\t\t<\/div>\n\t\t<\/div>\n\t\t\t\t<div class=\"elementor-column elementor-col-50 elementor-top-column elementor-element elementor-element-6a02bff9\" data-id=\"6a02bff9\" data-element_type=\"column\" data-e-type=\"column\" data-settings=\"{&quot;background_background&quot;:&quot;classic&quot;}\">\n\t\t\t<div class=\"elementor-widget-wrap elementor-element-populated\">\n\t\t\t\t\t\t<div class=\"elementor-element elementor-element-74c1fc35 elementor-widget elementor-widget-image-box\" data-id=\"74c1fc35\" data-element_type=\"widget\" data-e-type=\"widget\" data-widget_type=\"image-box.default\">\n\t\t\t\t<div class=\"elementor-widget-container\">\n\t\t\t\t\t<div class=\"elementor-image-box-wrapper\"><div class=\"elementor-image-box-content\"><h3 class=\"elementor-image-box-title\"><a href=\"http:\/\/archewordpress.arche-ruethen.de\/?page_id=230#Familienzentrum\">Familienzentrum<\/a><\/h3><\/div><\/div>\t\t\t\t<\/div>\n\t\t\t\t<\/div>\n\t\t\t\t\t<\/div>\n\t\t<\/div>\n\t\t\t\t\t<\/div>\n\t\t<\/section>\n\t\t\t\t<section class=\"elementor-section elementor-top-section elementor-element elementor-element-eb6cca3 elementor-section-boxed elementor-section-height-default elementor-section-height-default\" data-id=\"eb6cca3\" data-element_type=\"section\" data-e-type=\"section\">\n\t\t\t\t\t\t<div class=\"elementor-container elementor-column-gap-wider\">\n\t\t\t\t\t<div class=\"elementor-column elementor-col-100 elementor-top-column elementor-element elementor-element-5534933d\" data-id=\"5534933d\" data-element_type=\"column\" data-e-type=\"column\" data-settings=\"{&quot;background_background&quot;:&quot;classic&quot;}\">\n\t\t\t<div class=\"elementor-widget-wrap elementor-element-populated\">\n\t\t\t\t\t\t<div class=\"elementor-element elementor-element-9de0044 elementor-widget elementor-widget-menu-anchor\" data-id=\"9de0044\" data-element_type=\"widget\" data-e-type=\"widget\" data-widget_type=\"menu-anchor.default\">\n\t\t\t\t<div class=\"elementor-widget-container\">\n\t\t\t\t\t\t\t<div class=\"elementor-menu-anchor\" id=\"Arche\"><\/div>\n\t\t\t\t\t\t<\/div>\n\t\t\t\t<\/div>\n\t\t\t\t<div class=\"elementor-element elementor-element-259c276 elementor-widget elementor-widget-text-editor\" data-id=\"259c276\" data-element_type=\"widget\" data-e-type=\"widget\" data-widget_type=\"text-editor.default\">\n\t\t\t\t<div class=\"elementor-widget-container\">\n\t\t\t\t\t\t\t\t\t<h3 class=\"elementor-image-box-title elementor-inline-editing pen\" contenteditable=\"true\" data-elementor-setting-key=\"title_text\" data-elementor-inline-editing-toolbar=\"none\" data-pen-placeholder=\"Eingabe hier...\">Termine ab April 2026<\/h3>\t\t\t\t\t\t\t\t<\/div>\n\t\t\t\t<\/div>\n\t\t\t\t<section class=\"elementor-section elementor-inner-section elementor-element elementor-element-27f1008 elementor-section-boxed elementor-section-height-default elementor-section-height-default\" data-id=\"27f1008\" data-element_type=\"section\" data-e-type=\"section\">\n\t\t\t\t\t\t<div class=\"elementor-container elementor-column-gap-default\">\n\t\t\t\t\t<div class=\"elementor-column elementor-col-100 elementor-inner-column elementor-element elementor-element-0fd49c4\" data-id=\"0fd49c4\" data-element_type=\"column\" data-e-type=\"column\">\n\t\t\t<div class=\"elementor-widget-wrap elementor-element-populated\">\n\t\t\t\t\t\t<div class=\"elementor-element elementor-element-5ea4353 elementor-widget elementor-widget-image\" data-id=\"5ea4353\" data-element_type=\"widget\" data-e-type=\"widget\" data-widget_type=\"image.default\">\n\t\t\t\t<div class=\"elementor-widget-container\">\n\t\t\t\t\t\t\t\t\t\t\t\t\t\t\t<img fetchpriority=\"high\" decoding=\"async\" width=\"768\" height=\"1135\" src=\"https:\/\/arche-ruethen.de\/wp-content\/uploads\/2026\/04\/IMG_9232-768x1135.jpeg\" class=\"attachment-medium_large size-medium_large wp-image-1731\" alt=\"\" srcset=\"https:\/\/arche-ruethen.de\/wp-content\/uploads\/2026\/04\/IMG_9232-768x1135.jpeg 768w, https:\/\/arche-ruethen.de\/wp-content\/uploads\/2026\/04\/IMG_9232-203x300.jpeg 203w, https:\/\/arche-ruethen.de\/wp-content\/uploads\/2026\/04\/IMG_9232-693x1024.jpeg 693w, https:\/\/arche-ruethen.de\/wp-content\/uploads\/2026\/04\/IMG_9232-1039x1536.jpeg 1039w, https:\/\/arche-ruethen.de\/wp-content\/uploads\/2026\/04\/IMG_9232.jpeg 1112w\" sizes=\"(max-width: 768px) 100vw, 768px\" \/>\t\t\t\t\t\t\t\t\t\t\t\t\t\t\t<\/div>\n\t\t\t\t<\/div>\n\t\t\t\t<div class=\"elementor-element elementor-element-96985ef elementor-widget elementor-widget-menu-anchor\" data-id=\"96985ef\" data-element_type=\"widget\" data-e-type=\"widget\" data-widget_type=\"menu-anchor.default\">\n\t\t\t\t<div class=\"elementor-widget-container\">\n\t\t\t\t\t\t\t<div class=\"elementor-menu-anchor\" id=\"Stelle\"><\/div>\n\t\t\t\t\t\t<\/div>\n\t\t\t\t<\/div>\n\t\t\t\t\t<\/div>\n\t\t<\/div>\n\t\t\t\t\t<\/div>\n\t\t<\/section>\n\t\t\t\t\t<\/div>\n\t\t<\/div>\n\t\t\t\t\t<\/div>\n\t\t<\/section>\n\t\t\t\t<section class=\"elementor-section elementor-top-section elementor-element elementor-element-5d06c735 elementor-section-boxed elementor-section-height-default elementor-section-height-default\" data-id=\"5d06c735\" data-element_type=\"section\" data-e-type=\"section\">\n\t\t\t\t\t\t<div class=\"elementor-container elementor-column-gap-wider\">\n\t\t\t\t\t<div class=\"elementor-column elementor-col-100 elementor-top-column elementor-element elementor-element-6cc3b334\" data-id=\"6cc3b334\" data-element_type=\"column\" data-e-type=\"column\">\n\t\t\t<div class=\"elementor-widget-wrap elementor-element-populated\">\n\t\t\t\t\t\t<div class=\"elementor-element elementor-element-8529a3a elementor-widget elementor-widget-text-editor\" data-id=\"8529a3a\" data-element_type=\"widget\" data-e-type=\"widget\" data-widget_type=\"text-editor.default\">\n\t\t\t\t<div class=\"elementor-widget-container\">\n\t\t\t\t\t\t\t\t\t<h3 class=\"elementor-image-box-title elementor-inline-editing pen\" contenteditable=\"true\" data-elementor-setting-key=\"title_text\" data-elementor-inline-editing-toolbar=\"none\" data-pen-placeholder=\"Eingabe hier...\">Neues in unserem Internetangebot<\/h3>\t\t\t\t\t\t\t\t<\/div>\n\t\t\t\t<\/div>\n\t\t\t\t<div class=\"elementor-element elementor-element-63d291a elementor-widget elementor-widget-text-editor\" data-id=\"63d291a\" data-element_type=\"widget\" data-e-type=\"widget\" data-widget_type=\"text-editor.default\">\n\t\t\t\t<div class=\"elementor-widget-container\">\n\t\t\t\t\t\t\t\t\t<p style=\"text-align: center;\"><a href=\"https:\/\/arche-ruethen.de\/wp-content\/uploads\/2025\/10\/Konzeption-letzter-Stand-Oktober-25.pdf\">Die aktualisierte <b>Inklusionsp\u00e4dagogische Konzeption <\/b>ist online (Aktualisierungen gelb markiert).<\/a><\/p>\t\t\t\t\t\t\t\t<\/div>\n\t\t\t\t<\/div>\n\t\t\t\t<div class=\"elementor-element elementor-element-19dd471 elementor-widget elementor-widget-text-editor\" data-id=\"19dd471\" data-element_type=\"widget\" data-e-type=\"widget\" data-widget_type=\"text-editor.default\">\n\t\t\t\t<div class=\"elementor-widget-container\">\n\t\t\t\t\t\t\t\t\t<h3 class=\"elementor-image-box-title elementor-inline-editing pen\" contenteditable=\"true\" data-elementor-setting-key=\"title_text\" data-elementor-inline-editing-toolbar=\"none\" data-pen-placeholder=\"Eingabe hier...\">Aktuelles<\/h3>\t\t\t\t\t\t\t\t<\/div>\n\t\t\t\t<\/div>\n\t\t\t\t<div class=\"elementor-element elementor-element-d4dc6e8 elementor-widget elementor-widget-text-editor\" data-id=\"d4dc6e8\" data-element_type=\"widget\" data-e-type=\"widget\" data-widget_type=\"text-editor.default\">\n\t\t\t\t<div class=\"elementor-widget-container\">\n\t\t\t\t\t\t\t\t\t<ul style=\"background-color: transparent; color: #000000; font-family: 'Times New Roman'; font-variant-numeric: normal; font-variant-east-asian: normal;\"><li><span style=\"font-family: arial;\"><span style=\"font-family: arial;\"><span style=\"font-family: arial;\"><small><strong>Kinder haben Rechte!<\/strong> Wie jedes Jahr haben die Arche-Kinder sich angesehen und besprochen, was das genau bedeutet. Zum &#8222;kleinen Wir&#8220;, das sie gemeinsam gestaltet haben geh\u00f6ren einfach <span style=\"text-decoration: underline;\">Alle<\/span> dazu. &#8211; In diesem Zusammenhang und im Rahmen der internationalen Woche gegen Rassismus (vom 16. &#8211; 29.03.2026) haben sich Vorstand und Elternbeirat der Arche einer Aktion des B\u00fcndnisses aus dem Kreis Soest, dem Kommunalen Integrationszentrum Soest und der Region S\u00fcdwestfalen angeschlossen. Mit der T\u00fcten-Aufschrift<strong> &#8222;Rassismus kommt mir nicht in die T\u00fcte&#8220;<\/strong> bekamen am Donnerstag alle Eltern ein frisches Fr\u00fchst\u00fccksbr\u00f6tchen mit nach Hause. Es gab viele M\u00f6glichkeiten, \u00fcber die Wichtigkeit des Vorbildverhaltens der Eltern f\u00fcr Ihre Kinder ins Gespr\u00e4ch zu kommen &#8230;\u00a0<\/small><\/span><\/span><\/span><\/li><\/ul>\t\t\t\t\t\t\t\t<\/div>\n\t\t\t\t<\/div>\n\t\t\t\t<div class=\"elementor-element elementor-element-89d7724 elementor-widget elementor-widget-image-gallery\" data-id=\"89d7724\" data-element_type=\"widget\" data-e-type=\"widget\" data-widget_type=\"image-gallery.default\">\n\t\t\t\t<div class=\"elementor-widget-container\">\n\t\t\t\t\t\t\t<div class=\"elementor-image-gallery\">\n\t\t\t\n\t\t<style type=\"text\/css\">\n\t\t\t#gallery-1 {\n\t\t\t\tmargin: auto;\n\t\t\t}\n\t\t\t#gallery-1 .gallery-item {\n\t\t\t\tfloat: left;\n\t\t\t\tmargin-top: 10px;\n\t\t\t\ttext-align: center;\n\t\t\t\twidth: 25%;\n\t\t\t}\n\t\t\t#gallery-1 img {\n\t\t\t\tborder: 2px solid #cfcfcf;\n\t\t\t}\n\t\t\t#gallery-1 .gallery-caption {\n\t\t\t\tmargin-left: 0;\n\t\t\t}\n\t\t\t\/* see gallery_shortcode() in wp-includes\/media.php *\/\n\t\t<\/style>\n\t\t<div id='gallery-1' class='gallery galleryid-230 gallery-columns-4 gallery-size-thumbnail'><dl class='gallery-item'>\n\t\t\t<dt class='gallery-icon landscape'>\n\t\t\t\t<a data-elementor-open-lightbox=\"yes\" data-elementor-lightbox-slideshow=\"89d7724\" data-e-action-hash=\"#elementor-action%3Aaction%3Dlightbox%26settings%3DeyJpZCI6MTcxOCwidXJsIjoiaHR0cHM6XC9cL2FyY2hlLXJ1ZXRoZW4uZGVcL3dwLWNvbnRlbnRcL3VwbG9hZHNcLzIwMjZcLzAzXC9Ccm9ldGNoZW52ZXJ0ZWlsLUFrdGlvbi1zY2FsZWQuanBlZyIsInNsaWRlc2hvdyI6Ijg5ZDc3MjQifQ%3D%3D\" href='https:\/\/arche-ruethen.de\/wp-content\/uploads\/2026\/03\/Broetchenverteil-Aktion-scaled.jpeg'><img decoding=\"async\" width=\"150\" height=\"150\" src=\"https:\/\/arche-ruethen.de\/wp-content\/uploads\/2026\/03\/Broetchenverteil-Aktion-150x150.jpeg\" class=\"attachment-thumbnail size-thumbnail\" alt=\"\" srcset=\"https:\/\/arche-ruethen.de\/wp-content\/uploads\/2026\/03\/Broetchenverteil-Aktion-150x150.jpeg 150w, https:\/\/arche-ruethen.de\/wp-content\/uploads\/2026\/03\/Broetchenverteil-Aktion-300x300.jpeg 300w\" sizes=\"(max-width: 150px) 100vw, 150px\" \/><\/a>\n\t\t\t<\/dt><\/dl><dl class='gallery-item'>\n\t\t\t<dt class='gallery-icon portrait'>\n\t\t\t\t<a data-elementor-open-lightbox=\"yes\" data-elementor-lightbox-slideshow=\"89d7724\" data-e-action-hash=\"#elementor-action%3Aaction%3Dlightbox%26settings%3DeyJpZCI6MTcxNywidXJsIjoiaHR0cHM6XC9cL2FyY2hlLXJ1ZXRoZW4uZGVcL3dwLWNvbnRlbnRcL3VwbG9hZHNcLzIwMjZcLzAzXC9XaXItc2luZC1kYWJlaS1zY2FsZWQuanBlZyIsInNsaWRlc2hvdyI6Ijg5ZDc3MjQifQ%3D%3D\" href='https:\/\/arche-ruethen.de\/wp-content\/uploads\/2026\/03\/Wir-sind-dabei-scaled.jpeg'><img decoding=\"async\" width=\"150\" height=\"150\" src=\"https:\/\/arche-ruethen.de\/wp-content\/uploads\/2026\/03\/Wir-sind-dabei-150x150.jpeg\" class=\"attachment-thumbnail size-thumbnail\" alt=\"\" srcset=\"https:\/\/arche-ruethen.de\/wp-content\/uploads\/2026\/03\/Wir-sind-dabei-150x150.jpeg 150w, https:\/\/arche-ruethen.de\/wp-content\/uploads\/2026\/03\/Wir-sind-dabei-300x300.jpeg 300w\" sizes=\"(max-width: 150px) 100vw, 150px\" \/><\/a>\n\t\t\t<\/dt><\/dl><dl class='gallery-item'>\n\t\t\t<dt class='gallery-icon landscape'>\n\t\t\t\t<a data-elementor-open-lightbox=\"yes\" data-elementor-lightbox-slideshow=\"89d7724\" data-e-action-hash=\"#elementor-action%3Aaction%3Dlightbox%26settings%3DeyJpZCI6MTcxNCwidXJsIjoiaHR0cHM6XC9cL2FyY2hlLXJ1ZXRoZW4uZGVcL3dwLWNvbnRlbnRcL3VwbG9hZHNcLzIwMjZcLzAzXC9Wb3JiaWxkLXNlaW4tc2NhbGVkLmpwZWciLCJzbGlkZXNob3ciOiI4OWQ3NzI0In0%3D\" href='https:\/\/arche-ruethen.de\/wp-content\/uploads\/2026\/03\/Vorbild-sein-scaled.jpeg'><img loading=\"lazy\" decoding=\"async\" width=\"150\" height=\"150\" src=\"https:\/\/arche-ruethen.de\/wp-content\/uploads\/2026\/03\/Vorbild-sein-150x150.jpeg\" class=\"attachment-thumbnail size-thumbnail\" alt=\"\" srcset=\"https:\/\/arche-ruethen.de\/wp-content\/uploads\/2026\/03\/Vorbild-sein-150x150.jpeg 150w, https:\/\/arche-ruethen.de\/wp-content\/uploads\/2026\/03\/Vorbild-sein-300x300.jpeg 300w\" sizes=\"(max-width: 150px) 100vw, 150px\" \/><\/a>\n\t\t\t<\/dt><\/dl><dl class='gallery-item'>\n\t\t\t<dt class='gallery-icon landscape'>\n\t\t\t\t<a data-elementor-open-lightbox=\"yes\" data-elementor-lightbox-slideshow=\"89d7724\" data-e-action-hash=\"#elementor-action%3Aaction%3Dlightbox%26settings%3DeyJpZCI6MTcxMywidXJsIjoiaHR0cHM6XC9cL2FyY2hlLXJ1ZXRoZW4uZGVcL3dwLWNvbnRlbnRcL3VwbG9hZHNcLzIwMjZcLzAzXC9SYXNzaXNtdXMta29tbXQtdW5zLW5pY2h0LWluLWRpZS1UdWV0ZS0xLXNjYWxlZC5qcGVnIiwic2xpZGVzaG93IjoiODlkNzcyNCJ9\" href='https:\/\/arche-ruethen.de\/wp-content\/uploads\/2026\/03\/Rassismus-kommt-uns-nicht-in-die-Tuete-1-scaled.jpeg'><img loading=\"lazy\" decoding=\"async\" width=\"150\" height=\"150\" src=\"https:\/\/arche-ruethen.de\/wp-content\/uploads\/2026\/03\/Rassismus-kommt-uns-nicht-in-die-Tuete-1-150x150.jpeg\" class=\"attachment-thumbnail size-thumbnail\" alt=\"\" srcset=\"https:\/\/arche-ruethen.de\/wp-content\/uploads\/2026\/03\/Rassismus-kommt-uns-nicht-in-die-Tuete-1-150x150.jpeg 150w, https:\/\/arche-ruethen.de\/wp-content\/uploads\/2026\/03\/Rassismus-kommt-uns-nicht-in-die-Tuete-1-300x300.jpeg 300w\" sizes=\"(max-width: 150px) 100vw, 150px\" \/><\/a>\n\t\t\t<\/dt><\/dl><br style=\"clear: both\" \/><dl class='gallery-item'>\n\t\t\t<dt class='gallery-icon portrait'>\n\t\t\t\t<a data-elementor-open-lightbox=\"yes\" data-elementor-lightbox-slideshow=\"89d7724\" data-e-action-hash=\"#elementor-action%3Aaction%3Dlightbox%26settings%3DeyJpZCI6MTcyMSwidXJsIjoiaHR0cHM6XC9cL2FyY2hlLXJ1ZXRoZW4uZGVcL3dwLWNvbnRlbnRcL3VwbG9hZHNcLzIwMjZcLzAzXC9VbnNlci1rbGVpbmVzLVdpci1zY2FsZWQuanBlZyIsInNsaWRlc2hvdyI6Ijg5ZDc3MjQifQ%3D%3D\" href='https:\/\/arche-ruethen.de\/wp-content\/uploads\/2026\/03\/Unser-kleines-Wir-scaled.jpeg'><img loading=\"lazy\" decoding=\"async\" width=\"150\" height=\"150\" src=\"https:\/\/arche-ruethen.de\/wp-content\/uploads\/2026\/03\/Unser-kleines-Wir-150x150.jpeg\" class=\"attachment-thumbnail size-thumbnail\" alt=\"\" srcset=\"https:\/\/arche-ruethen.de\/wp-content\/uploads\/2026\/03\/Unser-kleines-Wir-150x150.jpeg 150w, https:\/\/arche-ruethen.de\/wp-content\/uploads\/2026\/03\/Unser-kleines-Wir-300x300.jpeg 300w\" sizes=\"(max-width: 150px) 100vw, 150px\" \/><\/a>\n\t\t\t<\/dt><\/dl><dl class='gallery-item'>\n\t\t\t<dt class='gallery-icon landscape'>\n\t\t\t\t<a data-elementor-open-lightbox=\"yes\" data-elementor-lightbox-slideshow=\"89d7724\" data-e-action-hash=\"#elementor-action%3Aaction%3Dlightbox%26settings%3DeyJpZCI6MTcyMCwidXJsIjoiaHR0cHM6XC9cL2FyY2hlLXJ1ZXRoZW4uZGVcL3dwLWNvbnRlbnRcL3VwbG9hZHNcLzIwMjZcLzAzXC9EYXMtQnVjaC16dW0tVGhlbWEtc2NhbGVkLmpwZWciLCJzbGlkZXNob3ciOiI4OWQ3NzI0In0%3D\" href='https:\/\/arche-ruethen.de\/wp-content\/uploads\/2026\/03\/Das-Buch-zum-Thema-scaled.jpeg'><img loading=\"lazy\" decoding=\"async\" width=\"150\" height=\"150\" src=\"https:\/\/arche-ruethen.de\/wp-content\/uploads\/2026\/03\/Das-Buch-zum-Thema-150x150.jpeg\" class=\"attachment-thumbnail size-thumbnail\" alt=\"\" srcset=\"https:\/\/arche-ruethen.de\/wp-content\/uploads\/2026\/03\/Das-Buch-zum-Thema-150x150.jpeg 150w, https:\/\/arche-ruethen.de\/wp-content\/uploads\/2026\/03\/Das-Buch-zum-Thema-300x300.jpeg 300w\" sizes=\"(max-width: 150px) 100vw, 150px\" \/><\/a>\n\t\t\t<\/dt><\/dl><dl class='gallery-item'>\n\t\t\t<dt class='gallery-icon portrait'>\n\t\t\t\t<a data-elementor-open-lightbox=\"yes\" data-elementor-lightbox-slideshow=\"89d7724\" data-e-action-hash=\"#elementor-action%3Aaction%3Dlightbox%26settings%3DeyJpZCI6MTcxOSwidXJsIjoiaHR0cHM6XC9cL2FyY2hlLXJ1ZXRoZW4uZGVcL3dwLWNvbnRlbnRcL3VwbG9hZHNcLzIwMjZcLzAzXC9EYXMta2xlaW5lLVdpci1zY2FsZWQuanBlZyIsInNsaWRlc2hvdyI6Ijg5ZDc3MjQifQ%3D%3D\" href='https:\/\/arche-ruethen.de\/wp-content\/uploads\/2026\/03\/Das-kleine-Wir-scaled.jpeg'><img loading=\"lazy\" decoding=\"async\" width=\"150\" height=\"150\" src=\"https:\/\/arche-ruethen.de\/wp-content\/uploads\/2026\/03\/Das-kleine-Wir-150x150.jpeg\" class=\"attachment-thumbnail size-thumbnail\" alt=\"\" srcset=\"https:\/\/arche-ruethen.de\/wp-content\/uploads\/2026\/03\/Das-kleine-Wir-150x150.jpeg 150w, https:\/\/arche-ruethen.de\/wp-content\/uploads\/2026\/03\/Das-kleine-Wir-300x300.jpeg 300w\" sizes=\"(max-width: 150px) 100vw, 150px\" \/><\/a>\n\t\t\t<\/dt><\/dl>\n\t\t\t<br style='clear: both' \/>\n\t\t<\/div>\n\t\t<\/div>\n\t\t\t\t\t\t<\/div>\n\t\t\t\t<\/div>\n\t\t\t\t<div class=\"elementor-element elementor-element-e92e7b2 elementor-widget elementor-widget-text-editor\" data-id=\"e92e7b2\" data-element_type=\"widget\" data-e-type=\"widget\" data-widget_type=\"text-editor.default\">\n\t\t\t\t<div class=\"elementor-widget-container\">\n\t\t\t\t\t\t\t\t\t<ul style=\"background-color: transparent; color: #000000; font-family: 'Times New Roman'; font-variant-numeric: normal; font-variant-east-asian: normal;\"><li><span style=\"font-family: arial;\"><span style=\"font-family: arial;\"><span style=\"font-family: arial;\"><small>Anfang M\u00e4rz hatten wir Besuch von der J\u00e4gerin Karoline R\u00f6per von der Fachhochschule Soest (Fachbereich Agrarwirtschaft). Sie hat den Kindern sehr anschaulich gezeigt, wie Kleintiere aus der Fl\u00e4che gerettet werden k\u00f6nnen, bevor der M\u00e4hdrescher kommt. Besonders der Einsatz von Drohnen, die Bilder der geretteten Jungtiere und die mitgebrachten &#8222;Hunde zum Anfassen&#8220; haben die Kinder begeistert. Eine wichtige und sehr interessante Aktion! Herzlichen Dank an Frau R\u00f6per!<\/small><\/span><\/span><\/span><\/li><\/ul>\t\t\t\t\t\t\t\t<\/div>\n\t\t\t\t<\/div>\n\t\t\t\t<div class=\"elementor-element elementor-element-4e504de elementor-widget elementor-widget-image-gallery\" data-id=\"4e504de\" data-element_type=\"widget\" data-e-type=\"widget\" data-widget_type=\"image-gallery.default\">\n\t\t\t\t<div class=\"elementor-widget-container\">\n\t\t\t\t\t\t\t<div class=\"elementor-image-gallery\">\n\t\t\t\n\t\t<style type=\"text\/css\">\n\t\t\t#gallery-2 {\n\t\t\t\tmargin: auto;\n\t\t\t}\n\t\t\t#gallery-2 .gallery-item {\n\t\t\t\tfloat: left;\n\t\t\t\tmargin-top: 10px;\n\t\t\t\ttext-align: center;\n\t\t\t\twidth: 25%;\n\t\t\t}\n\t\t\t#gallery-2 img {\n\t\t\t\tborder: 2px solid #cfcfcf;\n\t\t\t}\n\t\t\t#gallery-2 .gallery-caption {\n\t\t\t\tmargin-left: 0;\n\t\t\t}\n\t\t\t\/* see gallery_shortcode() in wp-includes\/media.php *\/\n\t\t<\/style>\n\t\t<div id='gallery-2' class='gallery galleryid-230 gallery-columns-4 gallery-size-thumbnail'><dl class='gallery-item'>\n\t\t\t<dt class='gallery-icon landscape'>\n\t\t\t\t<a data-elementor-open-lightbox=\"yes\" data-elementor-lightbox-slideshow=\"4e504de\" data-elementor-lightbox-title=\"Hunde zum Anfassen\" data-e-action-hash=\"#elementor-action%3Aaction%3Dlightbox%26settings%3DeyJpZCI6MTcwNiwidXJsIjoiaHR0cHM6XC9cL2FyY2hlLXJ1ZXRoZW4uZGVcL3dwLWNvbnRlbnRcL3VwbG9hZHNcLzIwMjZcLzAzXC9IdW5kZS16dW0tQW5mYXNzZW4uanBlZyIsInNsaWRlc2hvdyI6IjRlNTA0ZGUifQ%3D%3D\" href='https:\/\/arche-ruethen.de\/wp-content\/uploads\/2026\/03\/Hunde-zum-Anfassen.jpeg'><img loading=\"lazy\" decoding=\"async\" width=\"150\" height=\"150\" src=\"https:\/\/arche-ruethen.de\/wp-content\/uploads\/2026\/03\/Hunde-zum-Anfassen-150x150.jpeg\" class=\"attachment-thumbnail size-thumbnail\" alt=\"\" srcset=\"https:\/\/arche-ruethen.de\/wp-content\/uploads\/2026\/03\/Hunde-zum-Anfassen-150x150.jpeg 150w, https:\/\/arche-ruethen.de\/wp-content\/uploads\/2026\/03\/Hunde-zum-Anfassen-300x300.jpeg 300w\" sizes=\"(max-width: 150px) 100vw, 150px\" \/><\/a>\n\t\t\t<\/dt><\/dl><dl class='gallery-item'>\n\t\t\t<dt class='gallery-icon landscape'>\n\t\t\t\t<a data-elementor-open-lightbox=\"yes\" data-elementor-lightbox-slideshow=\"4e504de\" data-elementor-lightbox-title=\"Gerettetes Kitz\" data-e-action-hash=\"#elementor-action%3Aaction%3Dlightbox%26settings%3DeyJpZCI6MTcwNSwidXJsIjoiaHR0cHM6XC9cL2FyY2hlLXJ1ZXRoZW4uZGVcL3dwLWNvbnRlbnRcL3VwbG9hZHNcLzIwMjZcLzAzXC9HZXJldHRldGVzLUtpdHouanBlZyIsInNsaWRlc2hvdyI6IjRlNTA0ZGUifQ%3D%3D\" href='https:\/\/arche-ruethen.de\/wp-content\/uploads\/2026\/03\/Gerettetes-Kitz.jpeg'><img loading=\"lazy\" decoding=\"async\" width=\"150\" height=\"150\" src=\"https:\/\/arche-ruethen.de\/wp-content\/uploads\/2026\/03\/Gerettetes-Kitz-150x150.jpeg\" class=\"attachment-thumbnail size-thumbnail\" alt=\"\" srcset=\"https:\/\/arche-ruethen.de\/wp-content\/uploads\/2026\/03\/Gerettetes-Kitz-150x150.jpeg 150w, https:\/\/arche-ruethen.de\/wp-content\/uploads\/2026\/03\/Gerettetes-Kitz-300x300.jpeg 300w\" sizes=\"(max-width: 150px) 100vw, 150px\" \/><\/a>\n\t\t\t<\/dt><\/dl><dl class='gallery-item'>\n\t\t\t<dt class='gallery-icon landscape'>\n\t\t\t\t<a data-elementor-open-lightbox=\"yes\" data-elementor-lightbox-slideshow=\"4e504de\" data-elementor-lightbox-title=\"Aufnahme W\u00e4rmebildkamera\" data-e-action-hash=\"#elementor-action%3Aaction%3Dlightbox%26settings%3DeyJpZCI6MTcwNCwidXJsIjoiaHR0cHM6XC9cL2FyY2hlLXJ1ZXRoZW4uZGVcL3dwLWNvbnRlbnRcL3VwbG9hZHNcLzIwMjZcLzAzXC9BdWZuYWhtZS1XYWVybWViaWxka2FtZXJhLmpwZWciLCJzbGlkZXNob3ciOiI0ZTUwNGRlIn0%3D\" href='https:\/\/arche-ruethen.de\/wp-content\/uploads\/2026\/03\/Aufnahme-Waermebildkamera.jpeg'><img loading=\"lazy\" decoding=\"async\" width=\"150\" height=\"150\" src=\"https:\/\/arche-ruethen.de\/wp-content\/uploads\/2026\/03\/Aufnahme-Waermebildkamera-150x150.jpeg\" class=\"attachment-thumbnail size-thumbnail\" alt=\"\" srcset=\"https:\/\/arche-ruethen.de\/wp-content\/uploads\/2026\/03\/Aufnahme-Waermebildkamera-150x150.jpeg 150w, https:\/\/arche-ruethen.de\/wp-content\/uploads\/2026\/03\/Aufnahme-Waermebildkamera-300x300.jpeg 300w\" sizes=\"(max-width: 150px) 100vw, 150px\" \/><\/a>\n\t\t\t<\/dt><\/dl><dl class='gallery-item'>\n\t\t\t<dt class='gallery-icon landscape'>\n\t\t\t\t<a data-elementor-open-lightbox=\"yes\" data-elementor-lightbox-slideshow=\"4e504de\" data-elementor-lightbox-title=\"Aufnahme W\u00e4rmebildkamera\" data-e-action-hash=\"#elementor-action%3Aaction%3Dlightbox%26settings%3DeyJpZCI6MTcwMywidXJsIjoiaHR0cHM6XC9cL2FyY2hlLXJ1ZXRoZW4uZGVcL3dwLWNvbnRlbnRcL3VwbG9hZHNcLzIwMjZcLzAzXC9Cb3gtenVyLUtpdHotUmV0dHVuZy5qcGVnIiwic2xpZGVzaG93IjoiNGU1MDRkZSJ9\" href='https:\/\/arche-ruethen.de\/wp-content\/uploads\/2026\/03\/Box-zur-Kitz-Rettung.jpeg'><img loading=\"lazy\" decoding=\"async\" width=\"150\" height=\"150\" src=\"https:\/\/arche-ruethen.de\/wp-content\/uploads\/2026\/03\/Box-zur-Kitz-Rettung-150x150.jpeg\" class=\"attachment-thumbnail size-thumbnail\" alt=\"\" srcset=\"https:\/\/arche-ruethen.de\/wp-content\/uploads\/2026\/03\/Box-zur-Kitz-Rettung-150x150.jpeg 150w, https:\/\/arche-ruethen.de\/wp-content\/uploads\/2026\/03\/Box-zur-Kitz-Rettung-300x300.jpeg 300w\" sizes=\"(max-width: 150px) 100vw, 150px\" \/><\/a>\n\t\t\t<\/dt><\/dl><br style=\"clear: both\" \/><dl class='gallery-item'>\n\t\t\t<dt class='gallery-icon landscape'>\n\t\t\t\t<a data-elementor-open-lightbox=\"yes\" data-elementor-lightbox-slideshow=\"4e504de\" data-elementor-lightbox-title=\"Aufnahme W\u00e4rmebildkamera\" data-e-action-hash=\"#elementor-action%3Aaction%3Dlightbox%26settings%3DeyJpZCI6MTcwMiwidXJsIjoiaHR0cHM6XC9cL2FyY2hlLXJ1ZXRoZW4uZGVcL3dwLWNvbnRlbnRcL3VwbG9hZHNcLzIwMjZcLzAzXC9LaXR6LVJldHR1bmcuanBlZyIsInNsaWRlc2hvdyI6IjRlNTA0ZGUifQ%3D%3D\" href='https:\/\/arche-ruethen.de\/wp-content\/uploads\/2026\/03\/Kitz-Rettung.jpeg'><img loading=\"lazy\" decoding=\"async\" width=\"150\" height=\"150\" src=\"https:\/\/arche-ruethen.de\/wp-content\/uploads\/2026\/03\/Kitz-Rettung-150x150.jpeg\" class=\"attachment-thumbnail size-thumbnail\" alt=\"\" srcset=\"https:\/\/arche-ruethen.de\/wp-content\/uploads\/2026\/03\/Kitz-Rettung-150x150.jpeg 150w, https:\/\/arche-ruethen.de\/wp-content\/uploads\/2026\/03\/Kitz-Rettung-300x300.jpeg 300w\" sizes=\"(max-width: 150px) 100vw, 150px\" \/><\/a>\n\t\t\t<\/dt><\/dl><dl class='gallery-item'>\n\t\t\t<dt class='gallery-icon landscape'>\n\t\t\t\t<a data-elementor-open-lightbox=\"yes\" data-elementor-lightbox-slideshow=\"4e504de\" data-elementor-lightbox-title=\"Aufnahme W\u00e4rmebildkamera\" data-e-action-hash=\"#elementor-action%3Aaction%3Dlightbox%26settings%3DeyJpZCI6MTcwMSwidXJsIjoiaHR0cHM6XC9cL2FyY2hlLXJ1ZXRoZW4uZGVcL3dwLWNvbnRlbnRcL3VwbG9hZHNcLzIwMjZcLzAzXC9SZXR0dW5nLWRlci1rbC4tVGllcmUtdm9yLWRlci1NYWh0LmpwZWciLCJzbGlkZXNob3ciOiI0ZTUwNGRlIn0%3D\" href='https:\/\/arche-ruethen.de\/wp-content\/uploads\/2026\/03\/Rettung-der-kl.-Tiere-vor-der-Maht.jpeg'><img loading=\"lazy\" decoding=\"async\" width=\"150\" height=\"150\" src=\"https:\/\/arche-ruethen.de\/wp-content\/uploads\/2026\/03\/Rettung-der-kl.-Tiere-vor-der-Maht-150x150.jpeg\" class=\"attachment-thumbnail size-thumbnail\" alt=\"\" srcset=\"https:\/\/arche-ruethen.de\/wp-content\/uploads\/2026\/03\/Rettung-der-kl.-Tiere-vor-der-Maht-150x150.jpeg 150w, https:\/\/arche-ruethen.de\/wp-content\/uploads\/2026\/03\/Rettung-der-kl.-Tiere-vor-der-Maht-300x300.jpeg 300w\" sizes=\"(max-width: 150px) 100vw, 150px\" \/><\/a>\n\t\t\t<\/dt><\/dl><dl class='gallery-item'>\n\t\t\t<dt class='gallery-icon landscape'>\n\t\t\t\t<a data-elementor-open-lightbox=\"yes\" data-elementor-lightbox-slideshow=\"4e504de\" data-elementor-lightbox-title=\"Aufnahme W\u00e4rmebildkamera\" data-e-action-hash=\"#elementor-action%3Aaction%3Dlightbox%26settings%3DeyJpZCI6MTcwMCwidXJsIjoiaHR0cHM6XC9cL2FyY2hlLXJ1ZXRoZW4uZGVcL3dwLWNvbnRlbnRcL3VwbG9hZHNcLzIwMjZcLzAzXC9GcmF1LVJvZXBlci1GYWNoaG9jaHNjaHVsZS1TdWVkd2VzdGZhbGVuLmpwZWciLCJzbGlkZXNob3ciOiI0ZTUwNGRlIn0%3D\" href='https:\/\/arche-ruethen.de\/wp-content\/uploads\/2026\/03\/Frau-Roeper-Fachhochschule-Suedwestfalen.jpeg'><img loading=\"lazy\" decoding=\"async\" width=\"150\" height=\"150\" src=\"https:\/\/arche-ruethen.de\/wp-content\/uploads\/2026\/03\/Frau-Roeper-Fachhochschule-Suedwestfalen-150x150.jpeg\" class=\"attachment-thumbnail size-thumbnail\" alt=\"\" srcset=\"https:\/\/arche-ruethen.de\/wp-content\/uploads\/2026\/03\/Frau-Roeper-Fachhochschule-Suedwestfalen-150x150.jpeg 150w, https:\/\/arche-ruethen.de\/wp-content\/uploads\/2026\/03\/Frau-Roeper-Fachhochschule-Suedwestfalen-300x300.jpeg 300w\" sizes=\"(max-width: 150px) 100vw, 150px\" \/><\/a>\n\t\t\t<\/dt><\/dl><dl class='gallery-item'>\n\t\t\t<dt class='gallery-icon landscape'>\n\t\t\t\t<a data-elementor-open-lightbox=\"yes\" data-elementor-lightbox-slideshow=\"4e504de\" data-elementor-lightbox-title=\"Aufnahme W\u00e4rmebildkamera\" data-e-action-hash=\"#elementor-action%3Aaction%3Dlightbox%26settings%3DeyJpZCI6MTY5OSwidXJsIjoiaHR0cHM6XC9cL2FyY2hlLXJ1ZXRoZW4uZGVcL3dwLWNvbnRlbnRcL3VwbG9hZHNcLzIwMjZcLzAzXC9Ecm9obmUtenVyLVRpZXJyZXR0dW5nLmpwZWciLCJzbGlkZXNob3ciOiI0ZTUwNGRlIn0%3D\" href='https:\/\/arche-ruethen.de\/wp-content\/uploads\/2026\/03\/Drohne-zur-Tierrettung.jpeg'><img loading=\"lazy\" decoding=\"async\" width=\"150\" height=\"150\" src=\"https:\/\/arche-ruethen.de\/wp-content\/uploads\/2026\/03\/Drohne-zur-Tierrettung-150x150.jpeg\" class=\"attachment-thumbnail size-thumbnail\" alt=\"\" srcset=\"https:\/\/arche-ruethen.de\/wp-content\/uploads\/2026\/03\/Drohne-zur-Tierrettung-150x150.jpeg 150w, https:\/\/arche-ruethen.de\/wp-content\/uploads\/2026\/03\/Drohne-zur-Tierrettung-300x300.jpeg 300w\" sizes=\"(max-width: 150px) 100vw, 150px\" \/><\/a>\n\t\t\t<\/dt><\/dl><br style=\"clear: both\" \/>\n\t\t<\/div>\n\t\t<\/div>\n\t\t\t\t\t\t<\/div>\n\t\t\t\t<\/div>\n\t\t\t\t<div class=\"elementor-element elementor-element-afa0582 elementor-widget elementor-widget-text-editor\" data-id=\"afa0582\" data-element_type=\"widget\" data-e-type=\"widget\" data-widget_type=\"text-editor.default\">\n\t\t\t\t<div class=\"elementor-widget-container\">\n\t\t\t\t\t\t\t\t\t<ul style=\"background-color: transparent; color: #000000; font-family: 'Times New Roman'; font-variant-numeric: normal; font-variant-east-asian: normal;\"><li><span style=\"font-family: arial;\"><span style=\"font-family: arial;\"><small>So helfen wir richtig: Schon junge Kinder k\u00f6nnen empathisches Verhalten und Hilfsbereitschaft lernen. Davon geht auch die Kursleiterin des Kinderprojektes &#8222;Ingos Helferbande&#8220; aus. Der Kinder-Erste-Hilfe-Kurs ist ein Angebot der AIS-Bildung eGbR und der Stiftung Maria-Hilf Warstein, die auch die Kosten daf\u00fcr \u00fcbernimmt. Mit Hilfe des Flamingos Ingo und der Sanit\u00e4tergruppe Hedi erleben die Kinder z.B., woran man Rettungskr\u00e4fte erkennt, wie ein Notruf funktioniert, wie wichtig das Helfen und Tr\u00f6sten ist, wie Verb\u00e4nde angelegt werden und was eine stabile Seitenlage ist. Die Kinder waren sehr interessiert und aktiv bei der Sache! Eine tolle Aktion!<\/small><\/span><\/span><\/li><\/ul>\t\t\t\t\t\t\t\t<\/div>\n\t\t\t\t<\/div>\n\t\t\t\t<div class=\"elementor-element elementor-element-2174546 elementor-widget elementor-widget-image-gallery\" data-id=\"2174546\" data-element_type=\"widget\" data-e-type=\"widget\" data-widget_type=\"image-gallery.default\">\n\t\t\t\t<div class=\"elementor-widget-container\">\n\t\t\t\t\t\t\t<div class=\"elementor-image-gallery\">\n\t\t\t\n\t\t<style type=\"text\/css\">\n\t\t\t#gallery-3 {\n\t\t\t\tmargin: auto;\n\t\t\t}\n\t\t\t#gallery-3 .gallery-item {\n\t\t\t\tfloat: left;\n\t\t\t\tmargin-top: 10px;\n\t\t\t\ttext-align: center;\n\t\t\t\twidth: 25%;\n\t\t\t}\n\t\t\t#gallery-3 img {\n\t\t\t\tborder: 2px solid #cfcfcf;\n\t\t\t}\n\t\t\t#gallery-3 .gallery-caption {\n\t\t\t\tmargin-left: 0;\n\t\t\t}\n\t\t\t\/* see gallery_shortcode() in wp-includes\/media.php *\/\n\t\t<\/style>\n\t\t<div id='gallery-3' class='gallery galleryid-230 gallery-columns-4 gallery-size-thumbnail'><dl class='gallery-item'>\n\t\t\t<dt class='gallery-icon portrait'>\n\t\t\t\t<a data-elementor-open-lightbox=\"yes\" data-elementor-lightbox-slideshow=\"2174546\" data-elementor-lightbox-title=\"Erste-Hilfe Kinder\" data-e-action-hash=\"#elementor-action%3Aaction%3Dlightbox%26settings%3DeyJpZCI6MTY4NCwidXJsIjoiaHR0cHM6XC9cL2FyY2hlLXJ1ZXRoZW4uZGVcL3dwLWNvbnRlbnRcL3VwbG9hZHNcLzIwMjZcLzAxXC9FcnN0ZS1IaWxmZS1LaW5kZXItc2NhbGVkLmpwZWciLCJzbGlkZXNob3ciOiIyMTc0NTQ2In0%3D\" href='https:\/\/arche-ruethen.de\/wp-content\/uploads\/2026\/01\/Erste-Hilfe-Kinder-scaled.jpeg'><img loading=\"lazy\" decoding=\"async\" width=\"150\" height=\"150\" src=\"https:\/\/arche-ruethen.de\/wp-content\/uploads\/2026\/01\/Erste-Hilfe-Kinder-150x150.jpeg\" class=\"attachment-thumbnail size-thumbnail\" alt=\"\" srcset=\"https:\/\/arche-ruethen.de\/wp-content\/uploads\/2026\/01\/Erste-Hilfe-Kinder-150x150.jpeg 150w, https:\/\/arche-ruethen.de\/wp-content\/uploads\/2026\/01\/Erste-Hilfe-Kinder-300x300.jpeg 300w\" sizes=\"(max-width: 150px) 100vw, 150px\" \/><\/a>\n\t\t\t<\/dt><\/dl><dl class='gallery-item'>\n\t\t\t<dt class='gallery-icon portrait'>\n\t\t\t\t<a data-elementor-open-lightbox=\"yes\" data-elementor-lightbox-slideshow=\"2174546\" data-elementor-lightbox-title=\"ErsteHilfeKurs\" data-e-action-hash=\"#elementor-action%3Aaction%3Dlightbox%26settings%3DeyJpZCI6MTY4MywidXJsIjoiaHR0cHM6XC9cL2FyY2hlLXJ1ZXRoZW4uZGVcL3dwLWNvbnRlbnRcL3VwbG9hZHNcLzIwMjZcLzAxXC9FcnN0ZUhpbGZlS3Vycy1zY2FsZWQuanBlZyIsInNsaWRlc2hvdyI6IjIxNzQ1NDYifQ%3D%3D\" href='https:\/\/arche-ruethen.de\/wp-content\/uploads\/2026\/01\/ErsteHilfeKurs-scaled.jpeg'><img loading=\"lazy\" decoding=\"async\" width=\"150\" height=\"150\" src=\"https:\/\/arche-ruethen.de\/wp-content\/uploads\/2026\/01\/ErsteHilfeKurs-150x150.jpeg\" class=\"attachment-thumbnail size-thumbnail\" alt=\"\" srcset=\"https:\/\/arche-ruethen.de\/wp-content\/uploads\/2026\/01\/ErsteHilfeKurs-150x150.jpeg 150w, https:\/\/arche-ruethen.de\/wp-content\/uploads\/2026\/01\/ErsteHilfeKurs-300x300.jpeg 300w\" sizes=\"(max-width: 150px) 100vw, 150px\" \/><\/a>\n\t\t\t<\/dt><\/dl><dl class='gallery-item'>\n\t\t\t<dt class='gallery-icon portrait'>\n\t\t\t\t<a data-elementor-open-lightbox=\"yes\" data-elementor-lightbox-slideshow=\"2174546\" data-elementor-lightbox-title=\"ErsteHilfe\" data-e-action-hash=\"#elementor-action%3Aaction%3Dlightbox%26settings%3DeyJpZCI6MTY4MiwidXJsIjoiaHR0cHM6XC9cL2FyY2hlLXJ1ZXRoZW4uZGVcL3dwLWNvbnRlbnRcL3VwbG9hZHNcLzIwMjZcLzAxXC9FcnN0ZUhpbGZlLXNjYWxlZC5qcGVnIiwic2xpZGVzaG93IjoiMjE3NDU0NiJ9\" href='https:\/\/arche-ruethen.de\/wp-content\/uploads\/2026\/01\/ErsteHilfe-scaled.jpeg'><img loading=\"lazy\" decoding=\"async\" width=\"150\" height=\"150\" src=\"https:\/\/arche-ruethen.de\/wp-content\/uploads\/2026\/01\/ErsteHilfe-150x150.jpeg\" class=\"attachment-thumbnail size-thumbnail\" alt=\"\" srcset=\"https:\/\/arche-ruethen.de\/wp-content\/uploads\/2026\/01\/ErsteHilfe-150x150.jpeg 150w, https:\/\/arche-ruethen.de\/wp-content\/uploads\/2026\/01\/ErsteHilfe-300x300.jpeg 300w\" sizes=\"(max-width: 150px) 100vw, 150px\" \/><\/a>\n\t\t\t<\/dt><\/dl><dl class='gallery-item'>\n\t\t\t<dt class='gallery-icon landscape'>\n\t\t\t\t<a data-elementor-open-lightbox=\"yes\" data-elementor-lightbox-slideshow=\"2174546\" data-elementor-lightbox-title=\"Erste-Hilfe\" data-e-action-hash=\"#elementor-action%3Aaction%3Dlightbox%26settings%3DeyJpZCI6MTY4MSwidXJsIjoiaHR0cHM6XC9cL2FyY2hlLXJ1ZXRoZW4uZGVcL3dwLWNvbnRlbnRcL3VwbG9hZHNcLzIwMjZcLzAxXC9FcnN0ZS1IaWxmZS0xLXNjYWxlZC5qcGVnIiwic2xpZGVzaG93IjoiMjE3NDU0NiJ9\" href='https:\/\/arche-ruethen.de\/wp-content\/uploads\/2026\/01\/Erste-Hilfe-1-scaled.jpeg'><img loading=\"lazy\" decoding=\"async\" width=\"150\" height=\"150\" src=\"https:\/\/arche-ruethen.de\/wp-content\/uploads\/2026\/01\/Erste-Hilfe-1-150x150.jpeg\" class=\"attachment-thumbnail size-thumbnail\" alt=\"\" srcset=\"https:\/\/arche-ruethen.de\/wp-content\/uploads\/2026\/01\/Erste-Hilfe-1-150x150.jpeg 150w, https:\/\/arche-ruethen.de\/wp-content\/uploads\/2026\/01\/Erste-Hilfe-1-300x300.jpeg 300w\" sizes=\"(max-width: 150px) 100vw, 150px\" \/><\/a>\n\t\t\t<\/dt><\/dl><br style=\"clear: both\" \/><dl class='gallery-item'>\n\t\t\t<dt class='gallery-icon landscape'>\n\t\t\t\t<a data-elementor-open-lightbox=\"yes\" data-elementor-lightbox-slideshow=\"2174546\" data-elementor-lightbox-title=\"Erste Hilfe\" data-e-action-hash=\"#elementor-action%3Aaction%3Dlightbox%26settings%3DeyJpZCI6MTY4MCwidXJsIjoiaHR0cHM6XC9cL2FyY2hlLXJ1ZXRoZW4uZGVcL3dwLWNvbnRlbnRcL3VwbG9hZHNcLzIwMjZcLzAxXC9FcnN0ZS1IaWxmZS1zY2FsZWQuanBlZyIsInNsaWRlc2hvdyI6IjIxNzQ1NDYifQ%3D%3D\" href='https:\/\/arche-ruethen.de\/wp-content\/uploads\/2026\/01\/Erste-Hilfe-scaled.jpeg'><img loading=\"lazy\" decoding=\"async\" width=\"150\" height=\"150\" src=\"https:\/\/arche-ruethen.de\/wp-content\/uploads\/2026\/01\/Erste-Hilfe-150x150.jpeg\" class=\"attachment-thumbnail size-thumbnail\" alt=\"\" srcset=\"https:\/\/arche-ruethen.de\/wp-content\/uploads\/2026\/01\/Erste-Hilfe-150x150.jpeg 150w, https:\/\/arche-ruethen.de\/wp-content\/uploads\/2026\/01\/Erste-Hilfe-300x300.jpeg 300w\" sizes=\"(max-width: 150px) 100vw, 150px\" \/><\/a>\n\t\t\t<\/dt><\/dl><dl class='gallery-item'>\n\t\t\t<dt class='gallery-icon landscape'>\n\t\t\t\t<a data-elementor-open-lightbox=\"yes\" data-elementor-lightbox-slideshow=\"2174546\" data-elementor-lightbox-title=\"Erste-Hilfe-Kurs Kinder\" data-e-action-hash=\"#elementor-action%3Aaction%3Dlightbox%26settings%3DeyJpZCI6MTY3OSwidXJsIjoiaHR0cHM6XC9cL2FyY2hlLXJ1ZXRoZW4uZGVcL3dwLWNvbnRlbnRcL3VwbG9hZHNcLzIwMjZcLzAxXC9FcnN0ZS1IaWxmZS1LdXJzLUtpbmRlci1zY2FsZWQuanBlZyIsInNsaWRlc2hvdyI6IjIxNzQ1NDYifQ%3D%3D\" href='https:\/\/arche-ruethen.de\/wp-content\/uploads\/2026\/01\/Erste-Hilfe-Kurs-Kinder-scaled.jpeg'><img loading=\"lazy\" decoding=\"async\" width=\"150\" height=\"150\" src=\"https:\/\/arche-ruethen.de\/wp-content\/uploads\/2026\/01\/Erste-Hilfe-Kurs-Kinder-150x150.jpeg\" class=\"attachment-thumbnail size-thumbnail\" alt=\"\" srcset=\"https:\/\/arche-ruethen.de\/wp-content\/uploads\/2026\/01\/Erste-Hilfe-Kurs-Kinder-150x150.jpeg 150w, https:\/\/arche-ruethen.de\/wp-content\/uploads\/2026\/01\/Erste-Hilfe-Kurs-Kinder-300x300.jpeg 300w\" sizes=\"(max-width: 150px) 100vw, 150px\" \/><\/a>\n\t\t\t<\/dt><\/dl>\n\t\t\t<br style='clear: both' \/>\n\t\t<\/div>\n\t\t<\/div>\n\t\t\t\t\t\t<\/div>\n\t\t\t\t<\/div>\n\t\t\t\t<div class=\"elementor-element elementor-element-049900d elementor-widget elementor-widget-text-editor\" data-id=\"049900d\" data-element_type=\"widget\" data-e-type=\"widget\" data-widget_type=\"text-editor.default\">\n\t\t\t\t<div class=\"elementor-widget-container\">\n\t\t\t\t\t\t\t\t\t<ul style=\"background-color: transparent; color: #000000; font-family: 'Times New Roman'; font-variant-numeric: normal; font-variant-east-asian: normal;\"><li><span style=\"font-family: arial;\"><small>Verabschiedung &#8222;Hausmeister Manni&#8220;: W\u00e4hrend des diesj\u00e4hrigen Adventsingens wurde auch unser langj\u00e4hriger Hausmeister Manfred N\u00f6lle verabschiedet, der sich mit fast 80 Jahren in den endg\u00fcltigen Ruhestand begibt. Vorstand, Team, alle Eltern und Kinder danken ihm herzlich f\u00fcr seinen sehr engagierten Einsatz f\u00fcr die Arche! Antonius D\u00fcnschede aus R\u00fcthen ist ab dem 01.01.26 unser neuer Hausmeister. Herzlich Willkommen in der Arche&#8230;<\/small><\/span><\/li><\/ul>\t\t\t\t\t\t\t\t<\/div>\n\t\t\t\t<\/div>\n\t\t\t\t<div class=\"elementor-element elementor-element-93b3c57 elementor-widget elementor-widget-image-gallery\" data-id=\"93b3c57\" data-element_type=\"widget\" data-e-type=\"widget\" data-widget_type=\"image-gallery.default\">\n\t\t\t\t<div class=\"elementor-widget-container\">\n\t\t\t\t\t\t\t<div class=\"elementor-image-gallery\">\n\t\t\t\n\t\t<style type=\"text\/css\">\n\t\t\t#gallery-4 {\n\t\t\t\tmargin: auto;\n\t\t\t}\n\t\t\t#gallery-4 .gallery-item {\n\t\t\t\tfloat: left;\n\t\t\t\tmargin-top: 10px;\n\t\t\t\ttext-align: center;\n\t\t\t\twidth: 25%;\n\t\t\t}\n\t\t\t#gallery-4 img {\n\t\t\t\tborder: 2px solid #cfcfcf;\n\t\t\t}\n\t\t\t#gallery-4 .gallery-caption {\n\t\t\t\tmargin-left: 0;\n\t\t\t}\n\t\t\t\/* see gallery_shortcode() in wp-includes\/media.php *\/\n\t\t<\/style>\n\t\t<div id='gallery-4' class='gallery galleryid-230 gallery-columns-4 gallery-size-thumbnail'><dl class='gallery-item'>\n\t\t\t<dt class='gallery-icon landscape'>\n\t\t\t\t<a data-elementor-open-lightbox=\"yes\" data-elementor-lightbox-slideshow=\"93b3c57\" data-e-action-hash=\"#elementor-action%3Aaction%3Dlightbox%26settings%3DeyJpZCI6MTY2NywidXJsIjoiaHR0cHM6XC9cL2FyY2hlLXJ1ZXRoZW4uZGVcL3dwLWNvbnRlbnRcL3VwbG9hZHNcLzIwMjZcLzAxXC9JTUdfODE1NC5qcGVnIiwic2xpZGVzaG93IjoiOTNiM2M1NyJ9\" href='https:\/\/arche-ruethen.de\/wp-content\/uploads\/2026\/01\/IMG_8154.jpeg'><img loading=\"lazy\" decoding=\"async\" width=\"150\" height=\"150\" src=\"https:\/\/arche-ruethen.de\/wp-content\/uploads\/2026\/01\/IMG_8154-150x150.jpeg\" class=\"attachment-thumbnail size-thumbnail\" alt=\"\" srcset=\"https:\/\/arche-ruethen.de\/wp-content\/uploads\/2026\/01\/IMG_8154-150x150.jpeg 150w, https:\/\/arche-ruethen.de\/wp-content\/uploads\/2026\/01\/IMG_8154-300x300.jpeg 300w\" sizes=\"(max-width: 150px) 100vw, 150px\" \/><\/a>\n\t\t\t<\/dt><\/dl><dl class='gallery-item'>\n\t\t\t<dt class='gallery-icon portrait'>\n\t\t\t\t<a data-elementor-open-lightbox=\"yes\" data-elementor-lightbox-slideshow=\"93b3c57\" data-e-action-hash=\"#elementor-action%3Aaction%3Dlightbox%26settings%3DeyJpZCI6MTY2NiwidXJsIjoiaHR0cHM6XC9cL2FyY2hlLXJ1ZXRoZW4uZGVcL3dwLWNvbnRlbnRcL3VwbG9hZHNcLzIwMjZcLzAxXC9JTUdfODE1NS5qcGVnIiwic2xpZGVzaG93IjoiOTNiM2M1NyJ9\" href='https:\/\/arche-ruethen.de\/wp-content\/uploads\/2026\/01\/IMG_8155.jpeg'><img loading=\"lazy\" decoding=\"async\" width=\"150\" height=\"150\" src=\"https:\/\/arche-ruethen.de\/wp-content\/uploads\/2026\/01\/IMG_8155-150x150.jpeg\" class=\"attachment-thumbnail size-thumbnail\" alt=\"\" srcset=\"https:\/\/arche-ruethen.de\/wp-content\/uploads\/2026\/01\/IMG_8155-150x150.jpeg 150w, https:\/\/arche-ruethen.de\/wp-content\/uploads\/2026\/01\/IMG_8155-300x300.jpeg 300w\" sizes=\"(max-width: 150px) 100vw, 150px\" \/><\/a>\n\t\t\t<\/dt><\/dl>\n\t\t\t<br style='clear: both' \/>\n\t\t<\/div>\n\t\t<\/div>\n\t\t\t\t\t\t<\/div>\n\t\t\t\t<\/div>\n\t\t\t\t<div class=\"elementor-element elementor-element-816a0ca elementor-widget elementor-widget-text-editor\" data-id=\"816a0ca\" data-element_type=\"widget\" data-e-type=\"widget\" data-widget_type=\"text-editor.default\">\n\t\t\t\t<div class=\"elementor-widget-container\">\n\t\t\t\t\t\t\t\t\t<ul style=\"background-color: transparent; color: #000000; font-family: 'Times New Roman'; font-variant-numeric: normal; font-variant-east-asian: normal;\"><li><span style=\"font-family: arial;\"><small>Arche-Beteiligung an der Bildungsmeile anl\u00e4sslich des Jubil\u00e4ums: 825 Jahre R\u00fcthen! Es gab viel positive Resonanz der Fest-Besucher &#8230;<\/small><\/span><\/li><\/ul>\t\t\t\t\t\t\t\t<\/div>\n\t\t\t\t<\/div>\n\t\t\t\t<div class=\"elementor-element elementor-element-1eef9e6 elementor-widget elementor-widget-image-gallery\" data-id=\"1eef9e6\" data-element_type=\"widget\" data-e-type=\"widget\" data-widget_type=\"image-gallery.default\">\n\t\t\t\t<div class=\"elementor-widget-container\">\n\t\t\t\t\t\t\t<div class=\"elementor-image-gallery\">\n\t\t\t\n\t\t<style type=\"text\/css\">\n\t\t\t#gallery-5 {\n\t\t\t\tmargin: auto;\n\t\t\t}\n\t\t\t#gallery-5 .gallery-item {\n\t\t\t\tfloat: left;\n\t\t\t\tmargin-top: 10px;\n\t\t\t\ttext-align: center;\n\t\t\t\twidth: 25%;\n\t\t\t}\n\t\t\t#gallery-5 img {\n\t\t\t\tborder: 2px solid #cfcfcf;\n\t\t\t}\n\t\t\t#gallery-5 .gallery-caption {\n\t\t\t\tmargin-left: 0;\n\t\t\t}\n\t\t\t\/* see gallery_shortcode() in wp-includes\/media.php *\/\n\t\t<\/style>\n\t\t<div id='gallery-5' class='gallery galleryid-230 gallery-columns-4 gallery-size-thumbnail'><dl class='gallery-item'>\n\t\t\t<dt class='gallery-icon landscape'>\n\t\t\t\t<a data-elementor-open-lightbox=\"yes\" data-elementor-lightbox-slideshow=\"1eef9e6\" data-elementor-lightbox-title=\"Die Arche ...\" data-e-action-hash=\"#elementor-action%3Aaction%3Dlightbox%26settings%3DeyJpZCI6MTYwNCwidXJsIjoiaHR0cHM6XC9cL2FyY2hlLXJ1ZXRoZW4uZGVcL3dwLWNvbnRlbnRcL3VwbG9hZHNcLzIwMjVcLzA5XC9TdGFkdGZlc3Q4MjVfMDMuanBnIiwic2xpZGVzaG93IjoiMWVlZjllNiJ9\" href='https:\/\/arche-ruethen.de\/wp-content\/uploads\/2025\/09\/Stadtfest825_03.jpg'><img loading=\"lazy\" decoding=\"async\" width=\"150\" height=\"150\" src=\"https:\/\/arche-ruethen.de\/wp-content\/uploads\/2025\/09\/Stadtfest825_03-150x150.jpg\" class=\"attachment-thumbnail size-thumbnail\" alt=\"\" srcset=\"https:\/\/arche-ruethen.de\/wp-content\/uploads\/2025\/09\/Stadtfest825_03-150x150.jpg 150w, https:\/\/arche-ruethen.de\/wp-content\/uploads\/2025\/09\/Stadtfest825_03-300x300.jpg 300w\" sizes=\"(max-width: 150px) 100vw, 150px\" \/><\/a>\n\t\t\t<\/dt><\/dl><dl class='gallery-item'>\n\t\t\t<dt class='gallery-icon landscape'>\n\t\t\t\t<a data-elementor-open-lightbox=\"yes\" data-elementor-lightbox-slideshow=\"1eef9e6\" data-elementor-lightbox-title=\"... beim Stadtfest ...\" data-e-action-hash=\"#elementor-action%3Aaction%3Dlightbox%26settings%3DeyJpZCI6MTYwMywidXJsIjoiaHR0cHM6XC9cL2FyY2hlLXJ1ZXRoZW4uZGVcL3dwLWNvbnRlbnRcL3VwbG9hZHNcLzIwMjVcLzA5XC9TdGFkdGZlc3Q4MjVfMDIuanBnIiwic2xpZGVzaG93IjoiMWVlZjllNiJ9\" href='https:\/\/arche-ruethen.de\/wp-content\/uploads\/2025\/09\/Stadtfest825_02.jpg'><img loading=\"lazy\" decoding=\"async\" width=\"150\" height=\"150\" src=\"https:\/\/arche-ruethen.de\/wp-content\/uploads\/2025\/09\/Stadtfest825_02-150x150.jpg\" class=\"attachment-thumbnail size-thumbnail\" alt=\"\" srcset=\"https:\/\/arche-ruethen.de\/wp-content\/uploads\/2025\/09\/Stadtfest825_02-150x150.jpg 150w, https:\/\/arche-ruethen.de\/wp-content\/uploads\/2025\/09\/Stadtfest825_02-300x300.jpg 300w\" sizes=\"(max-width: 150px) 100vw, 150px\" \/><\/a>\n\t\t\t<\/dt><\/dl><dl class='gallery-item'>\n\t\t\t<dt class='gallery-icon landscape'>\n\t\t\t\t<a data-elementor-open-lightbox=\"yes\" data-elementor-lightbox-slideshow=\"1eef9e6\" data-elementor-lightbox-title=\"825 Jahre R\u00fcthen!\" data-e-action-hash=\"#elementor-action%3Aaction%3Dlightbox%26settings%3DeyJpZCI6MTYwMiwidXJsIjoiaHR0cHM6XC9cL2FyY2hlLXJ1ZXRoZW4uZGVcL3dwLWNvbnRlbnRcL3VwbG9hZHNcLzIwMjVcLzA5XC9TdGFkdGZlc3Q4MjVfMDEuanBnIiwic2xpZGVzaG93IjoiMWVlZjllNiJ9\" href='https:\/\/arche-ruethen.de\/wp-content\/uploads\/2025\/09\/Stadtfest825_01.jpg'><img loading=\"lazy\" decoding=\"async\" width=\"150\" height=\"150\" src=\"https:\/\/arche-ruethen.de\/wp-content\/uploads\/2025\/09\/Stadtfest825_01-150x150.jpg\" class=\"attachment-thumbnail size-thumbnail\" alt=\"\" srcset=\"https:\/\/arche-ruethen.de\/wp-content\/uploads\/2025\/09\/Stadtfest825_01-150x150.jpg 150w, https:\/\/arche-ruethen.de\/wp-content\/uploads\/2025\/09\/Stadtfest825_01-300x300.jpg 300w\" sizes=\"(max-width: 150px) 100vw, 150px\" \/><\/a>\n\t\t\t<\/dt><\/dl><dl class='gallery-item'>\n\t\t\t<dt class='gallery-icon portrait'>\n\t\t\t\t<a data-elementor-open-lightbox=\"yes\" data-elementor-lightbox-slideshow=\"1eef9e6\" data-elementor-lightbox-title=\"825 Jahre R\u00fcthen!\" data-e-action-hash=\"#elementor-action%3Aaction%3Dlightbox%26settings%3DeyJpZCI6MTYxMSwidXJsIjoiaHR0cHM6XC9cL2FyY2hlLXJ1ZXRoZW4uZGVcL3dwLWNvbnRlbnRcL3VwbG9hZHNcLzIwMjVcLzA5XC80OWMyNGNhZC02ZjljLTQ2ODAtYTgxYi0zNDM3NWE3YmRlZGYuanBnIiwic2xpZGVzaG93IjoiMWVlZjllNiJ9\" href='https:\/\/arche-ruethen.de\/wp-content\/uploads\/2025\/09\/49c24cad-6f9c-4680-a81b-34375a7bdedf.jpg'><img loading=\"lazy\" decoding=\"async\" width=\"150\" height=\"150\" src=\"https:\/\/arche-ruethen.de\/wp-content\/uploads\/2025\/09\/49c24cad-6f9c-4680-a81b-34375a7bdedf-150x150.jpg\" class=\"attachment-thumbnail size-thumbnail\" alt=\"\" srcset=\"https:\/\/arche-ruethen.de\/wp-content\/uploads\/2025\/09\/49c24cad-6f9c-4680-a81b-34375a7bdedf-150x150.jpg 150w, https:\/\/arche-ruethen.de\/wp-content\/uploads\/2025\/09\/49c24cad-6f9c-4680-a81b-34375a7bdedf-300x300.jpg 300w\" sizes=\"(max-width: 150px) 100vw, 150px\" \/><\/a>\n\t\t\t<\/dt><\/dl><br style=\"clear: both\" \/><dl class='gallery-item'>\n\t\t\t<dt class='gallery-icon landscape'>\n\t\t\t\t<a data-elementor-open-lightbox=\"yes\" data-elementor-lightbox-slideshow=\"1eef9e6\" data-elementor-lightbox-title=\"825 Jahre R\u00fcthen!\" data-e-action-hash=\"#elementor-action%3Aaction%3Dlightbox%26settings%3DeyJpZCI6MTYxNSwidXJsIjoiaHR0cHM6XC9cL2FyY2hlLXJ1ZXRoZW4uZGVcL3dwLWNvbnRlbnRcL3VwbG9hZHNcLzIwMjVcLzA5XC8xNjA0ODRmNy1hZDhmLTRhMzUtYjIxZC1iY2QxM2UyYWUxZjAuanBnIiwic2xpZGVzaG93IjoiMWVlZjllNiJ9\" href='https:\/\/arche-ruethen.de\/wp-content\/uploads\/2025\/09\/160484f7-ad8f-4a35-b21d-bcd13e2ae1f0.jpg'><img loading=\"lazy\" decoding=\"async\" width=\"150\" height=\"150\" src=\"https:\/\/arche-ruethen.de\/wp-content\/uploads\/2025\/09\/160484f7-ad8f-4a35-b21d-bcd13e2ae1f0-150x150.jpg\" class=\"attachment-thumbnail size-thumbnail\" alt=\"\" srcset=\"https:\/\/arche-ruethen.de\/wp-content\/uploads\/2025\/09\/160484f7-ad8f-4a35-b21d-bcd13e2ae1f0-150x150.jpg 150w, https:\/\/arche-ruethen.de\/wp-content\/uploads\/2025\/09\/160484f7-ad8f-4a35-b21d-bcd13e2ae1f0-300x300.jpg 300w\" sizes=\"(max-width: 150px) 100vw, 150px\" \/><\/a>\n\t\t\t<\/dt><\/dl><dl class='gallery-item'>\n\t\t\t<dt class='gallery-icon portrait'>\n\t\t\t\t<a data-elementor-open-lightbox=\"yes\" data-elementor-lightbox-slideshow=\"1eef9e6\" data-elementor-lightbox-title=\"825 Jahre R\u00fcthen!\" data-e-action-hash=\"#elementor-action%3Aaction%3Dlightbox%26settings%3DeyJpZCI6MTYxMiwidXJsIjoiaHR0cHM6XC9cL2FyY2hlLXJ1ZXRoZW4uZGVcL3dwLWNvbnRlbnRcL3VwbG9hZHNcLzIwMjVcLzA5XC9hMjJlNTgxYS1mZjk0LTRmNDktYTVlMi01MzQ4M2Q1ZDI1ZGMuanBnIiwic2xpZGVzaG93IjoiMWVlZjllNiJ9\" href='https:\/\/arche-ruethen.de\/wp-content\/uploads\/2025\/09\/a22e581a-ff94-4f49-a5e2-53483d5d25dc.jpg'><img loading=\"lazy\" decoding=\"async\" width=\"150\" height=\"150\" src=\"https:\/\/arche-ruethen.de\/wp-content\/uploads\/2025\/09\/a22e581a-ff94-4f49-a5e2-53483d5d25dc-150x150.jpg\" class=\"attachment-thumbnail size-thumbnail\" alt=\"\" srcset=\"https:\/\/arche-ruethen.de\/wp-content\/uploads\/2025\/09\/a22e581a-ff94-4f49-a5e2-53483d5d25dc-150x150.jpg 150w, https:\/\/arche-ruethen.de\/wp-content\/uploads\/2025\/09\/a22e581a-ff94-4f49-a5e2-53483d5d25dc-300x300.jpg 300w\" sizes=\"(max-width: 150px) 100vw, 150px\" \/><\/a>\n\t\t\t<\/dt><\/dl><dl class='gallery-item'>\n\t\t\t<dt class='gallery-icon landscape'>\n\t\t\t\t<a data-elementor-open-lightbox=\"yes\" data-elementor-lightbox-slideshow=\"1eef9e6\" data-elementor-lightbox-title=\"825 Jahre R\u00fcthen!\" data-e-action-hash=\"#elementor-action%3Aaction%3Dlightbox%26settings%3DeyJpZCI6MTYxMywidXJsIjoiaHR0cHM6XC9cL2FyY2hlLXJ1ZXRoZW4uZGVcL3dwLWNvbnRlbnRcL3VwbG9hZHNcLzIwMjVcLzA5XC9JTUdfNDg0MS5qcGciLCJzbGlkZXNob3ciOiIxZWVmOWU2In0%3D\" href='https:\/\/arche-ruethen.de\/wp-content\/uploads\/2025\/09\/IMG_4841.jpg'><img loading=\"lazy\" decoding=\"async\" width=\"150\" height=\"150\" src=\"https:\/\/arche-ruethen.de\/wp-content\/uploads\/2025\/09\/IMG_4841-150x150.jpg\" class=\"attachment-thumbnail size-thumbnail\" alt=\"\" srcset=\"https:\/\/arche-ruethen.de\/wp-content\/uploads\/2025\/09\/IMG_4841-150x150.jpg 150w, https:\/\/arche-ruethen.de\/wp-content\/uploads\/2025\/09\/IMG_4841-300x300.jpg 300w\" sizes=\"(max-width: 150px) 100vw, 150px\" \/><\/a>\n\t\t\t<\/dt><\/dl><dl class='gallery-item'>\n\t\t\t<dt class='gallery-icon landscape'>\n\t\t\t\t<a data-elementor-open-lightbox=\"yes\" data-elementor-lightbox-slideshow=\"1eef9e6\" data-elementor-lightbox-title=\"825 Jahre R\u00fcthen!\" data-e-action-hash=\"#elementor-action%3Aaction%3Dlightbox%26settings%3DeyJpZCI6MTYxNCwidXJsIjoiaHR0cHM6XC9cL2FyY2hlLXJ1ZXRoZW4uZGVcL3dwLWNvbnRlbnRcL3VwbG9hZHNcLzIwMjVcLzA5XC9kYzBmMzQxZS0zYWRkLTQyMTItODA2Mi00M2QwYTg1ZTcwNzguanBnIiwic2xpZGVzaG93IjoiMWVlZjllNiJ9\" href='https:\/\/arche-ruethen.de\/wp-content\/uploads\/2025\/09\/dc0f341e-3add-4212-8062-43d0a85e7078.jpg'><img loading=\"lazy\" decoding=\"async\" width=\"150\" height=\"150\" src=\"https:\/\/arche-ruethen.de\/wp-content\/uploads\/2025\/09\/dc0f341e-3add-4212-8062-43d0a85e7078-150x150.jpg\" class=\"attachment-thumbnail size-thumbnail\" alt=\"\" srcset=\"https:\/\/arche-ruethen.de\/wp-content\/uploads\/2025\/09\/dc0f341e-3add-4212-8062-43d0a85e7078-150x150.jpg 150w, https:\/\/arche-ruethen.de\/wp-content\/uploads\/2025\/09\/dc0f341e-3add-4212-8062-43d0a85e7078-300x300.jpg 300w\" sizes=\"(max-width: 150px) 100vw, 150px\" \/><\/a>\n\t\t\t<\/dt><\/dl><br style=\"clear: both\" \/>\n\t\t<\/div>\n\t\t<\/div>\n\t\t\t\t\t\t<\/div>\n\t\t\t\t<\/div>\n\t\t\t\t<div class=\"elementor-element elementor-element-7f63d49 elementor-widget elementor-widget-text-editor\" data-id=\"7f63d49\" data-element_type=\"widget\" data-e-type=\"widget\" data-widget_type=\"text-editor.default\">\n\t\t\t\t<div class=\"elementor-widget-container\">\n\t\t\t\t\t\t\t\t\t<ul style=\"background-color: transparent; color: #000000; font-family: 'Times New Roman'; font-variant-numeric: normal; font-variant-east-asian: normal;\"><li><span style=\"font-family: arial;\"><small>Trotz schlechten Wetters konnte auch dieses Jahr wieder am 11.11. das traditionelle Martinsfest stattfinden. Mit vereinten Kr\u00e4ften klappt doch so Vieles! Herzlichen Dank an alle Beteiligte! <\/small><\/span><\/li><\/ul>\t\t\t\t\t\t\t\t<\/div>\n\t\t\t\t<\/div>\n\t\t\t\t<div class=\"elementor-element elementor-element-a412a8f elementor-widget elementor-widget-image-gallery\" data-id=\"a412a8f\" data-element_type=\"widget\" data-e-type=\"widget\" data-widget_type=\"image-gallery.default\">\n\t\t\t\t<div class=\"elementor-widget-container\">\n\t\t\t\t\t\t\t<div class=\"elementor-image-gallery\">\n\t\t\t\n\t\t<style type=\"text\/css\">\n\t\t\t#gallery-6 {\n\t\t\t\tmargin: auto;\n\t\t\t}\n\t\t\t#gallery-6 .gallery-item {\n\t\t\t\tfloat: left;\n\t\t\t\tmargin-top: 10px;\n\t\t\t\ttext-align: center;\n\t\t\t\twidth: 25%;\n\t\t\t}\n\t\t\t#gallery-6 img {\n\t\t\t\tborder: 2px solid #cfcfcf;\n\t\t\t}\n\t\t\t#gallery-6 .gallery-caption {\n\t\t\t\tmargin-left: 0;\n\t\t\t}\n\t\t\t\/* see gallery_shortcode() in wp-includes\/media.php *\/\n\t\t<\/style>\n\t\t<div id='gallery-6' class='gallery galleryid-230 gallery-columns-4 gallery-size-thumbnail'><dl class='gallery-item'>\n\t\t\t<dt class='gallery-icon landscape'>\n\t\t\t\t<a data-elementor-open-lightbox=\"yes\" data-elementor-lightbox-slideshow=\"a412a8f\" data-elementor-lightbox-title=\"Mantelteilung drinnen 1\" data-e-action-hash=\"#elementor-action%3Aaction%3Dlightbox%26settings%3DeyJpZCI6MTUxNSwidXJsIjoiaHR0cHM6XC9cL2FyY2hlLXJ1ZXRoZW4uZGVcL3dwLWNvbnRlbnRcL3VwbG9hZHNcLzIwMjRcLzExXC9NYW50ZWx0ZWlsdW5nLWRyaW5uZW4tMS1zY2FsZWQuanBnIiwic2xpZGVzaG93IjoiYTQxMmE4ZiJ9\" href='https:\/\/arche-ruethen.de\/wp-content\/uploads\/2024\/11\/Mantelteilung-drinnen-1-scaled.jpg'><img loading=\"lazy\" decoding=\"async\" width=\"150\" height=\"150\" src=\"https:\/\/arche-ruethen.de\/wp-content\/uploads\/2024\/11\/Mantelteilung-drinnen-1-150x150.jpg\" class=\"attachment-thumbnail size-thumbnail\" alt=\"\" srcset=\"https:\/\/arche-ruethen.de\/wp-content\/uploads\/2024\/11\/Mantelteilung-drinnen-1-150x150.jpg 150w, https:\/\/arche-ruethen.de\/wp-content\/uploads\/2024\/11\/Mantelteilung-drinnen-1-300x300.jpg 300w\" sizes=\"(max-width: 150px) 100vw, 150px\" \/><\/a>\n\t\t\t<\/dt><\/dl><dl class='gallery-item'>\n\t\t\t<dt class='gallery-icon portrait'>\n\t\t\t\t<a data-elementor-open-lightbox=\"yes\" data-elementor-lightbox-slideshow=\"a412a8f\" data-elementor-lightbox-title=\"Mantelteilung 2\" data-e-action-hash=\"#elementor-action%3Aaction%3Dlightbox%26settings%3DeyJpZCI6MTUxMiwidXJsIjoiaHR0cHM6XC9cL2FyY2hlLXJ1ZXRoZW4uZGVcL3dwLWNvbnRlbnRcL3VwbG9hZHNcLzIwMjRcLzExXC9NYW50ZWx0ZWlsdW5nLTItc2NhbGVkLmpwZyIsInNsaWRlc2hvdyI6ImE0MTJhOGYifQ%3D%3D\" href='https:\/\/arche-ruethen.de\/wp-content\/uploads\/2024\/11\/Mantelteilung-2-scaled.jpg'><img loading=\"lazy\" decoding=\"async\" width=\"150\" height=\"150\" src=\"https:\/\/arche-ruethen.de\/wp-content\/uploads\/2024\/11\/Mantelteilung-2-150x150.jpg\" class=\"attachment-thumbnail size-thumbnail\" alt=\"\" srcset=\"https:\/\/arche-ruethen.de\/wp-content\/uploads\/2024\/11\/Mantelteilung-2-150x150.jpg 150w, https:\/\/arche-ruethen.de\/wp-content\/uploads\/2024\/11\/Mantelteilung-2-300x300.jpg 300w\" sizes=\"(max-width: 150px) 100vw, 150px\" \/><\/a>\n\t\t\t<\/dt><\/dl><dl class='gallery-item'>\n\t\t\t<dt class='gallery-icon landscape'>\n\t\t\t\t<a data-elementor-open-lightbox=\"yes\" data-elementor-lightbox-slideshow=\"a412a8f\" data-elementor-lightbox-title=\"Mantelteilung drinnen\" data-e-action-hash=\"#elementor-action%3Aaction%3Dlightbox%26settings%3DeyJpZCI6MTUxNiwidXJsIjoiaHR0cHM6XC9cL2FyY2hlLXJ1ZXRoZW4uZGVcL3dwLWNvbnRlbnRcL3VwbG9hZHNcLzIwMjRcLzExXC9NYW50ZWx0ZWlsdW5nLWRyaW5uZW4tc2NhbGVkLmpwZyIsInNsaWRlc2hvdyI6ImE0MTJhOGYifQ%3D%3D\" href='https:\/\/arche-ruethen.de\/wp-content\/uploads\/2024\/11\/Mantelteilung-drinnen-scaled.jpg'><img loading=\"lazy\" decoding=\"async\" width=\"150\" height=\"150\" src=\"https:\/\/arche-ruethen.de\/wp-content\/uploads\/2024\/11\/Mantelteilung-drinnen-150x150.jpg\" class=\"attachment-thumbnail size-thumbnail\" alt=\"\" srcset=\"https:\/\/arche-ruethen.de\/wp-content\/uploads\/2024\/11\/Mantelteilung-drinnen-150x150.jpg 150w, https:\/\/arche-ruethen.de\/wp-content\/uploads\/2024\/11\/Mantelteilung-drinnen-300x300.jpg 300w\" sizes=\"(max-width: 150px) 100vw, 150px\" \/><\/a>\n\t\t\t<\/dt><\/dl><dl class='gallery-item'>\n\t\t\t<dt class='gallery-icon landscape'>\n\t\t\t\t<a data-elementor-open-lightbox=\"yes\" data-elementor-lightbox-slideshow=\"a412a8f\" data-elementor-lightbox-title=\"Matelteilung 3\" data-e-action-hash=\"#elementor-action%3Aaction%3Dlightbox%26settings%3DeyJpZCI6MTUxNywidXJsIjoiaHR0cHM6XC9cL2FyY2hlLXJ1ZXRoZW4uZGVcL3dwLWNvbnRlbnRcL3VwbG9hZHNcLzIwMjRcLzExXC9NYXRlbHRlaWx1bmctMy1zY2FsZWQuanBnIiwic2xpZGVzaG93IjoiYTQxMmE4ZiJ9\" href='https:\/\/arche-ruethen.de\/wp-content\/uploads\/2024\/11\/Matelteilung-3-scaled.jpg'><img loading=\"lazy\" decoding=\"async\" width=\"150\" height=\"150\" src=\"https:\/\/arche-ruethen.de\/wp-content\/uploads\/2024\/11\/Matelteilung-3-150x150.jpg\" class=\"attachment-thumbnail size-thumbnail\" alt=\"\" srcset=\"https:\/\/arche-ruethen.de\/wp-content\/uploads\/2024\/11\/Matelteilung-3-150x150.jpg 150w, https:\/\/arche-ruethen.de\/wp-content\/uploads\/2024\/11\/Matelteilung-3-300x300.jpg 300w\" sizes=\"(max-width: 150px) 100vw, 150px\" \/><\/a>\n\t\t\t<\/dt><\/dl><br style=\"clear: both\" \/><dl class='gallery-item'>\n\t\t\t<dt class='gallery-icon portrait'>\n\t\t\t\t<a data-elementor-open-lightbox=\"yes\" data-elementor-lightbox-slideshow=\"a412a8f\" data-elementor-lightbox-title=\"Gro\u00dfe Laterne Umzug\" data-e-action-hash=\"#elementor-action%3Aaction%3Dlightbox%26settings%3DeyJpZCI6MTUxMSwidXJsIjoiaHR0cHM6XC9cL2FyY2hlLXJ1ZXRoZW4uZGVcL3dwLWNvbnRlbnRcL3VwbG9hZHNcLzIwMjRcLzExXC9Hcm9zc2UtTGF0ZXJuZS1VbXp1Zy1zY2FsZWQuanBnIiwic2xpZGVzaG93IjoiYTQxMmE4ZiJ9\" href='https:\/\/arche-ruethen.de\/wp-content\/uploads\/2024\/11\/Grosse-Laterne-Umzug-scaled.jpg'><img loading=\"lazy\" decoding=\"async\" width=\"150\" height=\"150\" src=\"https:\/\/arche-ruethen.de\/wp-content\/uploads\/2024\/11\/Grosse-Laterne-Umzug-150x150.jpg\" class=\"attachment-thumbnail size-thumbnail\" alt=\"\" srcset=\"https:\/\/arche-ruethen.de\/wp-content\/uploads\/2024\/11\/Grosse-Laterne-Umzug-150x150.jpg 150w, https:\/\/arche-ruethen.de\/wp-content\/uploads\/2024\/11\/Grosse-Laterne-Umzug-300x300.jpg 300w\" sizes=\"(max-width: 150px) 100vw, 150px\" \/><\/a>\n\t\t\t<\/dt><\/dl><dl class='gallery-item'>\n\t\t\t<dt class='gallery-icon landscape'>\n\t\t\t\t<a data-elementor-open-lightbox=\"yes\" data-elementor-lightbox-slideshow=\"a412a8f\" data-elementor-lightbox-title=\"Mantelteilung drau\u00dfen 2\" data-e-action-hash=\"#elementor-action%3Aaction%3Dlightbox%26settings%3DeyJpZCI6MTUxMywidXJsIjoiaHR0cHM6XC9cL2FyY2hlLXJ1ZXRoZW4uZGVcL3dwLWNvbnRlbnRcL3VwbG9hZHNcLzIwMjRcLzExXC9NYW50ZWx0ZWlsdW5nLWRyYXVzc2VuLTItc2NhbGVkLmpwZWciLCJzbGlkZXNob3ciOiJhNDEyYThmIn0%3D\" href='https:\/\/arche-ruethen.de\/wp-content\/uploads\/2024\/11\/Mantelteilung-draussen-2-scaled.jpeg'><img loading=\"lazy\" decoding=\"async\" width=\"150\" height=\"150\" src=\"https:\/\/arche-ruethen.de\/wp-content\/uploads\/2024\/11\/Mantelteilung-draussen-2-150x150.jpeg\" class=\"attachment-thumbnail size-thumbnail\" alt=\"\" srcset=\"https:\/\/arche-ruethen.de\/wp-content\/uploads\/2024\/11\/Mantelteilung-draussen-2-150x150.jpeg 150w, https:\/\/arche-ruethen.de\/wp-content\/uploads\/2024\/11\/Mantelteilung-draussen-2-300x300.jpeg 300w\" sizes=\"(max-width: 150px) 100vw, 150px\" \/><\/a>\n\t\t\t<\/dt><\/dl><dl class='gallery-item'>\n\t\t\t<dt class='gallery-icon landscape'>\n\t\t\t\t<a data-elementor-open-lightbox=\"yes\" data-elementor-lightbox-slideshow=\"a412a8f\" data-elementor-lightbox-title=\"Mantelteilung drau\u00dfen\" data-e-action-hash=\"#elementor-action%3Aaction%3Dlightbox%26settings%3DeyJpZCI6MTUxNCwidXJsIjoiaHR0cHM6XC9cL2FyY2hlLXJ1ZXRoZW4uZGVcL3dwLWNvbnRlbnRcL3VwbG9hZHNcLzIwMjRcLzExXC9NYW50ZWx0ZWlsdW5nLWRyYXVzc2VuLXNjYWxlZC5qcGVnIiwic2xpZGVzaG93IjoiYTQxMmE4ZiJ9\" href='https:\/\/arche-ruethen.de\/wp-content\/uploads\/2024\/11\/Mantelteilung-draussen-scaled.jpeg'><img loading=\"lazy\" decoding=\"async\" width=\"150\" height=\"150\" src=\"https:\/\/arche-ruethen.de\/wp-content\/uploads\/2024\/11\/Mantelteilung-draussen-150x150.jpeg\" class=\"attachment-thumbnail size-thumbnail\" alt=\"\" srcset=\"https:\/\/arche-ruethen.de\/wp-content\/uploads\/2024\/11\/Mantelteilung-draussen-150x150.jpeg 150w, https:\/\/arche-ruethen.de\/wp-content\/uploads\/2024\/11\/Mantelteilung-draussen-300x300.jpeg 300w\" sizes=\"(max-width: 150px) 100vw, 150px\" \/><\/a>\n\t\t\t<\/dt><\/dl><dl class='gallery-item'>\n\t\t\t<dt class='gallery-icon landscape'>\n\t\t\t\t<a data-elementor-open-lightbox=\"yes\" data-elementor-lightbox-slideshow=\"a412a8f\" data-elementor-lightbox-title=\"Musikalische Begleitung\" data-e-action-hash=\"#elementor-action%3Aaction%3Dlightbox%26settings%3DeyJpZCI6MTUxMCwidXJsIjoiaHR0cHM6XC9cL2FyY2hlLXJ1ZXRoZW4uZGVcL3dwLWNvbnRlbnRcL3VwbG9hZHNcLzIwMjRcLzExXC9NdXNpa2FsaXNjaGUtQmVnbGVpdHVuZy1zY2FsZWQuanBnIiwic2xpZGVzaG93IjoiYTQxMmE4ZiJ9\" href='https:\/\/arche-ruethen.de\/wp-content\/uploads\/2024\/11\/Musikalische-Begleitung-scaled.jpg'><img loading=\"lazy\" decoding=\"async\" width=\"150\" height=\"150\" src=\"https:\/\/arche-ruethen.de\/wp-content\/uploads\/2024\/11\/Musikalische-Begleitung-150x150.jpg\" class=\"attachment-thumbnail size-thumbnail\" alt=\"\" srcset=\"https:\/\/arche-ruethen.de\/wp-content\/uploads\/2024\/11\/Musikalische-Begleitung-150x150.jpg 150w, https:\/\/arche-ruethen.de\/wp-content\/uploads\/2024\/11\/Musikalische-Begleitung-300x300.jpg 300w\" sizes=\"(max-width: 150px) 100vw, 150px\" \/><\/a>\n\t\t\t<\/dt><\/dl><br style=\"clear: both\" \/>\n\t\t<\/div>\n\t\t<\/div>\n\t\t\t\t\t\t<\/div>\n\t\t\t\t<\/div>\n\t\t\t\t<div class=\"elementor-element elementor-element-aedcf5d elementor-widget elementor-widget-text-editor\" data-id=\"aedcf5d\" data-element_type=\"widget\" data-e-type=\"widget\" data-widget_type=\"text-editor.default\">\n\t\t\t\t<div class=\"elementor-widget-container\">\n\t\t\t\t\t\t\t\t\t<ul style=\"background-color: transparent; color: #000000; font-family: 'Times New Roman'; font-variant-numeric: normal; font-variant-east-asian: normal;\"><li><span style=\"font-family: arial;\"><small>In diesem Herbst hat die Mannschaft der Arche mit einem Tag der offenen T\u00fcr ihr 30-j\u00e4hriges Jubil\u00e4um gefeiert! Viele Festg\u00e4ste konnten sich in lockerer Atmosph\u00e4re austauschen und\u00a0 begegnen &#8230;<\/small><\/span><\/li><\/ul>\t\t\t\t\t\t\t\t<\/div>\n\t\t\t\t<\/div>\n\t\t\t\t<div class=\"elementor-element elementor-element-ba9ad10 elementor-widget elementor-widget-image-gallery\" data-id=\"ba9ad10\" data-element_type=\"widget\" data-e-type=\"widget\" data-widget_type=\"image-gallery.default\">\n\t\t\t\t<div class=\"elementor-widget-container\">\n\t\t\t\t\t\t\t<div class=\"elementor-image-gallery\">\n\t\t\t\n\t\t<style type=\"text\/css\">\n\t\t\t#gallery-7 {\n\t\t\t\tmargin: auto;\n\t\t\t}\n\t\t\t#gallery-7 .gallery-item {\n\t\t\t\tfloat: left;\n\t\t\t\tmargin-top: 10px;\n\t\t\t\ttext-align: center;\n\t\t\t\twidth: 25%;\n\t\t\t}\n\t\t\t#gallery-7 img {\n\t\t\t\tborder: 2px solid #cfcfcf;\n\t\t\t}\n\t\t\t#gallery-7 .gallery-caption {\n\t\t\t\tmargin-left: 0;\n\t\t\t}\n\t\t\t\/* see gallery_shortcode() in wp-includes\/media.php *\/\n\t\t<\/style>\n\t\t<div id='gallery-7' class='gallery galleryid-230 gallery-columns-4 gallery-size-thumbnail'><dl class='gallery-item'>\n\t\t\t<dt class='gallery-icon landscape'>\n\t\t\t\t<a data-elementor-open-lightbox=\"yes\" data-elementor-lightbox-slideshow=\"ba9ad10\" data-elementor-lightbox-title=\"dav\" data-e-action-hash=\"#elementor-action%3Aaction%3Dlightbox%26settings%3DeyJpZCI6MTUyNiwidXJsIjoiaHR0cHM6XC9cL2FyY2hlLXJ1ZXRoZW4uZGVcL3dwLWNvbnRlbnRcL3VwbG9hZHNcLzIwMjRcLzExXC9KdWJpbGFldW1za3VjaGVuLmpwZyIsInNsaWRlc2hvdyI6ImJhOWFkMTAifQ%3D%3D\" href='https:\/\/arche-ruethen.de\/wp-content\/uploads\/2024\/11\/Jubilaeumskuchen.jpg'><img loading=\"lazy\" decoding=\"async\" width=\"150\" height=\"150\" src=\"https:\/\/arche-ruethen.de\/wp-content\/uploads\/2024\/11\/Jubilaeumskuchen-150x150.jpg\" class=\"attachment-thumbnail size-thumbnail\" alt=\"\" srcset=\"https:\/\/arche-ruethen.de\/wp-content\/uploads\/2024\/11\/Jubilaeumskuchen-150x150.jpg 150w, https:\/\/arche-ruethen.de\/wp-content\/uploads\/2024\/11\/Jubilaeumskuchen-300x300.jpg 300w\" sizes=\"(max-width: 150px) 100vw, 150px\" \/><\/a>\n\t\t\t<\/dt><\/dl><dl class='gallery-item'>\n\t\t\t<dt class='gallery-icon landscape'>\n\t\t\t\t<a data-elementor-open-lightbox=\"yes\" data-elementor-lightbox-slideshow=\"ba9ad10\" data-elementor-lightbox-title=\"cof\" data-e-action-hash=\"#elementor-action%3Aaction%3Dlightbox%26settings%3DeyJpZCI6MTUxOSwidXJsIjoiaHR0cHM6XC9cL2FyY2hlLXJ1ZXRoZW4uZGVcL3dwLWNvbnRlbnRcL3VwbG9hZHNcLzIwMjRcLzExXC9KdWJpbGFldW0tVGVhbS1zY2FsZWQuanBnIiwic2xpZGVzaG93IjoiYmE5YWQxMCJ9\" href='https:\/\/arche-ruethen.de\/wp-content\/uploads\/2024\/11\/Jubilaeum-Team-scaled.jpg'><img loading=\"lazy\" decoding=\"async\" width=\"150\" height=\"150\" src=\"https:\/\/arche-ruethen.de\/wp-content\/uploads\/2024\/11\/Jubilaeum-Team-150x150.jpg\" class=\"attachment-thumbnail size-thumbnail\" alt=\"\" srcset=\"https:\/\/arche-ruethen.de\/wp-content\/uploads\/2024\/11\/Jubilaeum-Team-150x150.jpg 150w, https:\/\/arche-ruethen.de\/wp-content\/uploads\/2024\/11\/Jubilaeum-Team-300x300.jpg 300w\" sizes=\"(max-width: 150px) 100vw, 150px\" \/><\/a>\n\t\t\t<\/dt><\/dl><dl class='gallery-item'>\n\t\t\t<dt class='gallery-icon landscape'>\n\t\t\t\t<a data-elementor-open-lightbox=\"yes\" data-elementor-lightbox-slideshow=\"ba9ad10\" data-elementor-lightbox-title=\"Jubil\u00e4um 4\" data-e-action-hash=\"#elementor-action%3Aaction%3Dlightbox%26settings%3DeyJpZCI6MTUyMiwidXJsIjoiaHR0cHM6XC9cL2FyY2hlLXJ1ZXRoZW4uZGVcL3dwLWNvbnRlbnRcL3VwbG9hZHNcLzIwMjRcLzExXC9KdWJpbGFldW0tNC1zY2FsZWQuanBnIiwic2xpZGVzaG93IjoiYmE5YWQxMCJ9\" href='https:\/\/arche-ruethen.de\/wp-content\/uploads\/2024\/11\/Jubilaeum-4-scaled.jpg'><img loading=\"lazy\" decoding=\"async\" width=\"150\" height=\"150\" src=\"https:\/\/arche-ruethen.de\/wp-content\/uploads\/2024\/11\/Jubilaeum-4-150x150.jpg\" class=\"attachment-thumbnail size-thumbnail\" alt=\"\" srcset=\"https:\/\/arche-ruethen.de\/wp-content\/uploads\/2024\/11\/Jubilaeum-4-150x150.jpg 150w, https:\/\/arche-ruethen.de\/wp-content\/uploads\/2024\/11\/Jubilaeum-4-300x300.jpg 300w\" sizes=\"(max-width: 150px) 100vw, 150px\" \/><\/a>\n\t\t\t<\/dt><\/dl><dl class='gallery-item'>\n\t\t\t<dt class='gallery-icon landscape'>\n\t\t\t\t<a data-elementor-open-lightbox=\"yes\" data-elementor-lightbox-slideshow=\"ba9ad10\" data-elementor-lightbox-title=\"Jubil\u00e4um 2\" data-e-action-hash=\"#elementor-action%3Aaction%3Dlightbox%26settings%3DeyJpZCI6MTUyMCwidXJsIjoiaHR0cHM6XC9cL2FyY2hlLXJ1ZXRoZW4uZGVcL3dwLWNvbnRlbnRcL3VwbG9hZHNcLzIwMjRcLzExXC9KdWJpbGFldW0tMi1zY2FsZWQuanBnIiwic2xpZGVzaG93IjoiYmE5YWQxMCJ9\" href='https:\/\/arche-ruethen.de\/wp-content\/uploads\/2024\/11\/Jubilaeum-2-scaled.jpg'><img loading=\"lazy\" decoding=\"async\" width=\"150\" height=\"150\" src=\"https:\/\/arche-ruethen.de\/wp-content\/uploads\/2024\/11\/Jubilaeum-2-150x150.jpg\" class=\"attachment-thumbnail size-thumbnail\" alt=\"\" srcset=\"https:\/\/arche-ruethen.de\/wp-content\/uploads\/2024\/11\/Jubilaeum-2-150x150.jpg 150w, https:\/\/arche-ruethen.de\/wp-content\/uploads\/2024\/11\/Jubilaeum-2-300x300.jpg 300w\" sizes=\"(max-width: 150px) 100vw, 150px\" \/><\/a>\n\t\t\t<\/dt><\/dl><br style=\"clear: both\" \/><dl class='gallery-item'>\n\t\t\t<dt class='gallery-icon landscape'>\n\t\t\t\t<a data-elementor-open-lightbox=\"yes\" data-elementor-lightbox-slideshow=\"ba9ad10\" data-elementor-lightbox-title=\"Jubil\u00e4um 3\" data-e-action-hash=\"#elementor-action%3Aaction%3Dlightbox%26settings%3DeyJpZCI6MTUyMSwidXJsIjoiaHR0cHM6XC9cL2FyY2hlLXJ1ZXRoZW4uZGVcL3dwLWNvbnRlbnRcL3VwbG9hZHNcLzIwMjRcLzExXC9KdWJpbGFldW0tMy1zY2FsZWQuanBnIiwic2xpZGVzaG93IjoiYmE5YWQxMCJ9\" href='https:\/\/arche-ruethen.de\/wp-content\/uploads\/2024\/11\/Jubilaeum-3-scaled.jpg'><img loading=\"lazy\" decoding=\"async\" width=\"150\" height=\"150\" src=\"https:\/\/arche-ruethen.de\/wp-content\/uploads\/2024\/11\/Jubilaeum-3-150x150.jpg\" class=\"attachment-thumbnail size-thumbnail\" alt=\"\" srcset=\"https:\/\/arche-ruethen.de\/wp-content\/uploads\/2024\/11\/Jubilaeum-3-150x150.jpg 150w, https:\/\/arche-ruethen.de\/wp-content\/uploads\/2024\/11\/Jubilaeum-3-300x300.jpg 300w\" sizes=\"(max-width: 150px) 100vw, 150px\" \/><\/a>\n\t\t\t<\/dt><\/dl><dl class='gallery-item'>\n\t\t\t<dt class='gallery-icon landscape'>\n\t\t\t\t<a data-elementor-open-lightbox=\"yes\" data-elementor-lightbox-slideshow=\"ba9ad10\" data-elementor-lightbox-title=\"cof\" data-e-action-hash=\"#elementor-action%3Aaction%3Dlightbox%26settings%3DeyJpZCI6MTUyMywidXJsIjoiaHR0cHM6XC9cL2FyY2hlLXJ1ZXRoZW4uZGVcL3dwLWNvbnRlbnRcL3VwbG9hZHNcLzIwMjRcLzExXC9KdWJpbGFldW0tNS5qcGciLCJzbGlkZXNob3ciOiJiYTlhZDEwIn0%3D\" href='https:\/\/arche-ruethen.de\/wp-content\/uploads\/2024\/11\/Jubilaeum-5.jpg'><img loading=\"lazy\" decoding=\"async\" width=\"150\" height=\"150\" src=\"https:\/\/arche-ruethen.de\/wp-content\/uploads\/2024\/11\/Jubilaeum-5-150x150.jpg\" class=\"attachment-thumbnail size-thumbnail\" alt=\"\" srcset=\"https:\/\/arche-ruethen.de\/wp-content\/uploads\/2024\/11\/Jubilaeum-5-150x150.jpg 150w, https:\/\/arche-ruethen.de\/wp-content\/uploads\/2024\/11\/Jubilaeum-5-300x300.jpg 300w\" sizes=\"(max-width: 150px) 100vw, 150px\" \/><\/a>\n\t\t\t<\/dt><\/dl><dl class='gallery-item'>\n\t\t\t<dt class='gallery-icon portrait'>\n\t\t\t\t<a data-elementor-open-lightbox=\"yes\" data-elementor-lightbox-slideshow=\"ba9ad10\" data-elementor-lightbox-title=\"cof\" data-e-action-hash=\"#elementor-action%3Aaction%3Dlightbox%26settings%3DeyJpZCI6MTUyNCwidXJsIjoiaHR0cHM6XC9cL2FyY2hlLXJ1ZXRoZW4uZGVcL3dwLWNvbnRlbnRcL3VwbG9hZHNcLzIwMjRcLzExXC9KdWJpbGFldW0tNi5qcGciLCJzbGlkZXNob3ciOiJiYTlhZDEwIn0%3D\" href='https:\/\/arche-ruethen.de\/wp-content\/uploads\/2024\/11\/Jubilaeum-6.jpg'><img loading=\"lazy\" decoding=\"async\" width=\"150\" height=\"150\" src=\"https:\/\/arche-ruethen.de\/wp-content\/uploads\/2024\/11\/Jubilaeum-6-150x150.jpg\" class=\"attachment-thumbnail size-thumbnail\" alt=\"\" srcset=\"https:\/\/arche-ruethen.de\/wp-content\/uploads\/2024\/11\/Jubilaeum-6-150x150.jpg 150w, https:\/\/arche-ruethen.de\/wp-content\/uploads\/2024\/11\/Jubilaeum-6-300x300.jpg 300w\" sizes=\"(max-width: 150px) 100vw, 150px\" \/><\/a>\n\t\t\t<\/dt><\/dl><dl class='gallery-item'>\n\t\t\t<dt class='gallery-icon landscape'>\n\t\t\t\t<a data-elementor-open-lightbox=\"yes\" data-elementor-lightbox-slideshow=\"ba9ad10\" data-elementor-lightbox-title=\"Jubil\u00e4um 7\" data-e-action-hash=\"#elementor-action%3Aaction%3Dlightbox%26settings%3DeyJpZCI6MTUyNSwidXJsIjoiaHR0cHM6XC9cL2FyY2hlLXJ1ZXRoZW4uZGVcL3dwLWNvbnRlbnRcL3VwbG9hZHNcLzIwMjRcLzExXC9KdWJpbGFldW0tNy1zY2FsZWQuanBnIiwic2xpZGVzaG93IjoiYmE5YWQxMCJ9\" href='https:\/\/arche-ruethen.de\/wp-content\/uploads\/2024\/11\/Jubilaeum-7-scaled.jpg'><img loading=\"lazy\" decoding=\"async\" width=\"150\" height=\"150\" src=\"https:\/\/arche-ruethen.de\/wp-content\/uploads\/2024\/11\/Jubilaeum-7-150x150.jpg\" class=\"attachment-thumbnail size-thumbnail\" alt=\"\" srcset=\"https:\/\/arche-ruethen.de\/wp-content\/uploads\/2024\/11\/Jubilaeum-7-150x150.jpg 150w, https:\/\/arche-ruethen.de\/wp-content\/uploads\/2024\/11\/Jubilaeum-7-300x300.jpg 300w\" sizes=\"(max-width: 150px) 100vw, 150px\" \/><\/a>\n\t\t\t<\/dt><\/dl><br style=\"clear: both\" \/><dl class='gallery-item'>\n\t\t\t<dt class='gallery-icon landscape'>\n\t\t\t\t<a data-elementor-open-lightbox=\"yes\" data-elementor-lightbox-slideshow=\"ba9ad10\" data-elementor-lightbox-title=\"Jubil\u00e4um\" data-e-action-hash=\"#elementor-action%3Aaction%3Dlightbox%26settings%3DeyJpZCI6MTUxOCwidXJsIjoiaHR0cHM6XC9cL2FyY2hlLXJ1ZXRoZW4uZGVcL3dwLWNvbnRlbnRcL3VwbG9hZHNcLzIwMjRcLzExXC9KdWJpbGFldW0tc2NhbGVkLmpwZyIsInNsaWRlc2hvdyI6ImJhOWFkMTAifQ%3D%3D\" href='https:\/\/arche-ruethen.de\/wp-content\/uploads\/2024\/11\/Jubilaeum-scaled.jpg'><img loading=\"lazy\" decoding=\"async\" width=\"150\" height=\"150\" src=\"https:\/\/arche-ruethen.de\/wp-content\/uploads\/2024\/11\/Jubilaeum-150x150.jpg\" class=\"attachment-thumbnail size-thumbnail\" alt=\"\" srcset=\"https:\/\/arche-ruethen.de\/wp-content\/uploads\/2024\/11\/Jubilaeum-150x150.jpg 150w, https:\/\/arche-ruethen.de\/wp-content\/uploads\/2024\/11\/Jubilaeum-300x300.jpg 300w\" sizes=\"(max-width: 150px) 100vw, 150px\" \/><\/a>\n\t\t\t<\/dt><\/dl>\n\t\t\t<br style='clear: both' \/>\n\t\t<\/div>\n\t\t<\/div>\n\t\t\t\t\t\t<\/div>\n\t\t\t\t<\/div>\n\t\t\t\t<div class=\"elementor-element elementor-element-901fdea elementor-widget elementor-widget-text-editor\" data-id=\"901fdea\" data-element_type=\"widget\" data-e-type=\"widget\" data-widget_type=\"text-editor.default\">\n\t\t\t\t<div class=\"elementor-widget-container\">\n\t\t\t\t\t\t\t\t\t<ul style=\"background-color: transparent; color: #000000; font-family: 'Times New Roman'; font-variant-numeric: normal; font-variant-east-asian: normal;\"><li><span style=\"font-family: arial;\"><small>Passend zum 35. Tag der Kinderrechte im November konnten die Kinder im letzten Kita-Jahrgang wieder die Theaterauff\u00fchrung &#8222;Die gro\u00dfe Nein-Tonne&#8220; miterleben. Au\u00dfer den Arche-Kindern waren die Kinder aus den Kitas St. Josef, St. Marien und St. Clemens (Kallenhardt) dabei. Herzlichen Dank an das tolle Schauspielerpaar, das den Kindern auf eindr\u00fcckliche und sehr kindgem\u00e4\u00dfe Art die wichtigen Inhalte zu den Themen &#8222;St\u00e4rkung des Selbstbewusstseins&#8220; und &#8222;Pr\u00e4vention von Grenzverletzungen&#8220; nahe gebracht haben. <\/small><\/span><\/li><\/ul>\t\t\t\t\t\t\t\t<\/div>\n\t\t\t\t<\/div>\n\t\t\t\t<div class=\"elementor-element elementor-element-fcedc7c elementor-widget elementor-widget-image-gallery\" data-id=\"fcedc7c\" data-element_type=\"widget\" data-e-type=\"widget\" data-widget_type=\"image-gallery.default\">\n\t\t\t\t<div class=\"elementor-widget-container\">\n\t\t\t\t\t\t\t<div class=\"elementor-image-gallery\">\n\t\t\t\n\t\t<style type=\"text\/css\">\n\t\t\t#gallery-8 {\n\t\t\t\tmargin: auto;\n\t\t\t}\n\t\t\t#gallery-8 .gallery-item {\n\t\t\t\tfloat: left;\n\t\t\t\tmargin-top: 10px;\n\t\t\t\ttext-align: center;\n\t\t\t\twidth: 25%;\n\t\t\t}\n\t\t\t#gallery-8 img {\n\t\t\t\tborder: 2px solid #cfcfcf;\n\t\t\t}\n\t\t\t#gallery-8 .gallery-caption {\n\t\t\t\tmargin-left: 0;\n\t\t\t}\n\t\t\t\/* see gallery_shortcode() in wp-includes\/media.php *\/\n\t\t<\/style>\n\t\t<div id='gallery-8' class='gallery galleryid-230 gallery-columns-4 gallery-size-thumbnail'><dl class='gallery-item'>\n\t\t\t<dt class='gallery-icon portrait'>\n\t\t\t\t<a data-elementor-open-lightbox=\"yes\" data-elementor-lightbox-slideshow=\"fcedc7c\" data-elementor-lightbox-title=\"cof\" data-e-action-hash=\"#elementor-action%3Aaction%3Dlightbox%26settings%3DeyJpZCI6MTUwNCwidXJsIjoiaHR0cHM6XC9cL2FyY2hlLXJ1ZXRoZW4uZGVcL3dwLWNvbnRlbnRcL3VwbG9hZHNcLzIwMjRcLzExXC9OZWluLVRvbm5lLUJsb2VkZXItT25rZWwuanBnIiwic2xpZGVzaG93IjoiZmNlZGM3YyJ9\" href='https:\/\/arche-ruethen.de\/wp-content\/uploads\/2024\/11\/Nein-Tonne-Bloeder-Onkel.jpg'><img loading=\"lazy\" decoding=\"async\" width=\"150\" height=\"150\" src=\"https:\/\/arche-ruethen.de\/wp-content\/uploads\/2024\/11\/Nein-Tonne-Bloeder-Onkel-150x150.jpg\" class=\"attachment-thumbnail size-thumbnail\" alt=\"\" srcset=\"https:\/\/arche-ruethen.de\/wp-content\/uploads\/2024\/11\/Nein-Tonne-Bloeder-Onkel-150x150.jpg 150w, https:\/\/arche-ruethen.de\/wp-content\/uploads\/2024\/11\/Nein-Tonne-Bloeder-Onkel-300x300.jpg 300w\" sizes=\"(max-width: 150px) 100vw, 150px\" \/><\/a>\n\t\t\t<\/dt><\/dl><dl class='gallery-item'>\n\t\t\t<dt class='gallery-icon landscape'>\n\t\t\t\t<a data-elementor-open-lightbox=\"yes\" data-elementor-lightbox-slideshow=\"fcedc7c\" data-elementor-lightbox-title=\"Nein-Tonne Ja-Gef\u00fchl\" data-e-action-hash=\"#elementor-action%3Aaction%3Dlightbox%26settings%3DeyJpZCI6MTUwNSwidXJsIjoiaHR0cHM6XC9cL2FyY2hlLXJ1ZXRoZW4uZGVcL3dwLWNvbnRlbnRcL3VwbG9hZHNcLzIwMjRcLzExXC9OZWluLVRvbm5lLUphLUdlZnVlaGwuanBnIiwic2xpZGVzaG93IjoiZmNlZGM3YyJ9\" href='https:\/\/arche-ruethen.de\/wp-content\/uploads\/2024\/11\/Nein-Tonne-Ja-Gefuehl.jpg'><img loading=\"lazy\" decoding=\"async\" width=\"150\" height=\"150\" src=\"https:\/\/arche-ruethen.de\/wp-content\/uploads\/2024\/11\/Nein-Tonne-Ja-Gefuehl-150x150.jpg\" class=\"attachment-thumbnail size-thumbnail\" alt=\"\" srcset=\"https:\/\/arche-ruethen.de\/wp-content\/uploads\/2024\/11\/Nein-Tonne-Ja-Gefuehl-150x150.jpg 150w, https:\/\/arche-ruethen.de\/wp-content\/uploads\/2024\/11\/Nein-Tonne-Ja-Gefuehl-300x300.jpg 300w\" sizes=\"(max-width: 150px) 100vw, 150px\" \/><\/a>\n\t\t\t<\/dt><\/dl><dl class='gallery-item'>\n\t\t\t<dt class='gallery-icon portrait'>\n\t\t\t\t<a data-elementor-open-lightbox=\"yes\" data-elementor-lightbox-slideshow=\"fcedc7c\" data-elementor-lightbox-title=\"cof\" data-e-action-hash=\"#elementor-action%3Aaction%3Dlightbox%26settings%3DeyJpZCI6MTUwNiwidXJsIjoiaHR0cHM6XC9cL2FyY2hlLXJ1ZXRoZW4uZGVcL3dwLWNvbnRlbnRcL3VwbG9hZHNcLzIwMjRcLzExXC9OZWluLVRvbm5lLUxpZWQuanBnIiwic2xpZGVzaG93IjoiZmNlZGM3YyJ9\" href='https:\/\/arche-ruethen.de\/wp-content\/uploads\/2024\/11\/Nein-Tonne-Lied.jpg'><img loading=\"lazy\" decoding=\"async\" width=\"150\" height=\"150\" src=\"https:\/\/arche-ruethen.de\/wp-content\/uploads\/2024\/11\/Nein-Tonne-Lied-150x150.jpg\" class=\"attachment-thumbnail size-thumbnail\" alt=\"\" srcset=\"https:\/\/arche-ruethen.de\/wp-content\/uploads\/2024\/11\/Nein-Tonne-Lied-150x150.jpg 150w, https:\/\/arche-ruethen.de\/wp-content\/uploads\/2024\/11\/Nein-Tonne-Lied-300x300.jpg 300w\" sizes=\"(max-width: 150px) 100vw, 150px\" \/><\/a>\n\t\t\t<\/dt><\/dl><dl class='gallery-item'>\n\t\t\t<dt class='gallery-icon landscape'>\n\t\t\t\t<a data-elementor-open-lightbox=\"yes\" data-elementor-lightbox-slideshow=\"fcedc7c\" data-elementor-lightbox-title=\"cof\" data-e-action-hash=\"#elementor-action%3Aaction%3Dlightbox%26settings%3DeyJpZCI6MTUwNywidXJsIjoiaHR0cHM6XC9cL2FyY2hlLXJ1ZXRoZW4uZGVcL3dwLWNvbnRlbnRcL3VwbG9hZHNcLzIwMjRcLzExXC9OZWluLVRvbm5lLVRvbm5lbnNwcnVjaC5qcGciLCJzbGlkZXNob3ciOiJmY2VkYzdjIn0%3D\" href='https:\/\/arche-ruethen.de\/wp-content\/uploads\/2024\/11\/Nein-Tonne-Tonnenspruch.jpg'><img loading=\"lazy\" decoding=\"async\" width=\"150\" height=\"150\" src=\"https:\/\/arche-ruethen.de\/wp-content\/uploads\/2024\/11\/Nein-Tonne-Tonnenspruch-150x150.jpg\" class=\"attachment-thumbnail size-thumbnail\" alt=\"\" srcset=\"https:\/\/arche-ruethen.de\/wp-content\/uploads\/2024\/11\/Nein-Tonne-Tonnenspruch-150x150.jpg 150w, https:\/\/arche-ruethen.de\/wp-content\/uploads\/2024\/11\/Nein-Tonne-Tonnenspruch-300x300.jpg 300w\" sizes=\"(max-width: 150px) 100vw, 150px\" \/><\/a>\n\t\t\t<\/dt><\/dl><br style=\"clear: both\" \/><dl class='gallery-item'>\n\t\t\t<dt class='gallery-icon landscape'>\n\t\t\t\t<a data-elementor-open-lightbox=\"yes\" data-elementor-lightbox-slideshow=\"fcedc7c\" data-elementor-lightbox-title=\"Nein-Tonne Z\u00e4hne putzen\" data-e-action-hash=\"#elementor-action%3Aaction%3Dlightbox%26settings%3DeyJpZCI6MTUwOCwidXJsIjoiaHR0cHM6XC9cL2FyY2hlLXJ1ZXRoZW4uZGVcL3dwLWNvbnRlbnRcL3VwbG9hZHNcLzIwMjRcLzExXC9OZWluLVRvbm5lLVphZWhuZS1wdXR6ZW4uanBnIiwic2xpZGVzaG93IjoiZmNlZGM3YyJ9\" href='https:\/\/arche-ruethen.de\/wp-content\/uploads\/2024\/11\/Nein-Tonne-Zaehne-putzen.jpg'><img loading=\"lazy\" decoding=\"async\" width=\"150\" height=\"150\" src=\"https:\/\/arche-ruethen.de\/wp-content\/uploads\/2024\/11\/Nein-Tonne-Zaehne-putzen-150x150.jpg\" class=\"attachment-thumbnail size-thumbnail\" alt=\"\" srcset=\"https:\/\/arche-ruethen.de\/wp-content\/uploads\/2024\/11\/Nein-Tonne-Zaehne-putzen-150x150.jpg 150w, https:\/\/arche-ruethen.de\/wp-content\/uploads\/2024\/11\/Nein-Tonne-Zaehne-putzen-300x300.jpg 300w\" sizes=\"(max-width: 150px) 100vw, 150px\" \/><\/a>\n\t\t\t<\/dt><\/dl>\n\t\t\t<br style='clear: both' \/>\n\t\t<\/div>\n\t\t<\/div>\n\t\t\t\t\t\t<\/div>\n\t\t\t\t<\/div>\n\t\t\t\t<div class=\"elementor-element elementor-element-1b23b98 elementor-widget elementor-widget-text-editor\" data-id=\"1b23b98\" data-element_type=\"widget\" data-e-type=\"widget\" data-widget_type=\"text-editor.default\">\n\t\t\t\t<div class=\"elementor-widget-container\">\n\t\t\t\t\t\t\t\t\t<ul style=\"background-color: transparent; color: #000000; font-family: 'Times New Roman'; font-variant-numeric: normal; font-variant-east-asian: normal;\"><li><span style=\"font-family: arial;\"><small>Bei einer sch\u00f6nen <strong>St. Martins-Feier<\/strong> der Arche Kinderland stand das <strong>Teilen im Mittelpunkt<\/strong>. &#8211; Wie in jedem Jahr feierte die Arche Kinderland gemeinsam das Martinsfest. Mit einer gro\u00dfen Laterne voran zogen die Archekinder und -familien mit ihren selbstgebastelten Laternen durch die Stra\u00dfen und schmetterten laut die beliebten Martinslieder. Auf dem Schulhof des Gymnasiums warteten schlie\u00dflich der Bettler und Sankt Martin auf einem echten Pferd. Nachdem das Teilen des Mantels mit Staunen beobachtet wurde, ging es im Anschluss auf den Spielplatz der Arche, wo es Zuckerbrezel, Bratw\u00fcrstchen, Punsch und Kakao gab. Das Teilen stand auch hier im Zentrum, denn es wurde von den Archefamilien f\u00fcr die <b>R\u00fcthener Tafel<\/b> gesammelt. So konnten die Archekinder sp\u00e4ter gemeinsam mit ihren Erzieherinnen und der 1. Vorsitzenden der Arche, Martina Kosmella, G\u00fcnter Keuten einen Betrag von 270 Euro \u00fcberreichen, damit vor allem die Adventszeit f\u00fcr viele eine etwas sorgenfreiere Zeit wird.<\/small><\/span><\/li><\/ul>\t\t\t\t\t\t\t\t<\/div>\n\t\t\t\t<\/div>\n\t\t\t\t<div class=\"elementor-element elementor-element-82672bc elementor-widget elementor-widget-image-gallery\" data-id=\"82672bc\" data-element_type=\"widget\" data-e-type=\"widget\" data-widget_type=\"image-gallery.default\">\n\t\t\t\t<div class=\"elementor-widget-container\">\n\t\t\t\t\t\t\t<div class=\"elementor-image-gallery\">\n\t\t\t\n\t\t<style type=\"text\/css\">\n\t\t\t#gallery-9 {\n\t\t\t\tmargin: auto;\n\t\t\t}\n\t\t\t#gallery-9 .gallery-item {\n\t\t\t\tfloat: left;\n\t\t\t\tmargin-top: 10px;\n\t\t\t\ttext-align: center;\n\t\t\t\twidth: 25%;\n\t\t\t}\n\t\t\t#gallery-9 img {\n\t\t\t\tborder: 2px solid #cfcfcf;\n\t\t\t}\n\t\t\t#gallery-9 .gallery-caption {\n\t\t\t\tmargin-left: 0;\n\t\t\t}\n\t\t\t\/* see gallery_shortcode() in wp-includes\/media.php *\/\n\t\t<\/style>\n\t\t<div id='gallery-9' class='gallery galleryid-230 gallery-columns-4 gallery-size-thumbnail'><dl class='gallery-item'>\n\t\t\t<dt class='gallery-icon landscape'>\n\t\t\t\t<a data-elementor-open-lightbox=\"yes\" data-elementor-lightbox-slideshow=\"82672bc\" data-elementor-lightbox-title=\"Generalprobe 1\" data-e-action-hash=\"#elementor-action%3Aaction%3Dlightbox%26settings%3DeyJpZCI6MTQzNiwidXJsIjoiaHR0cHM6XC9cL2FyY2hlLXJ1ZXRoZW4uZGVcL3dwLWNvbnRlbnRcL3VwbG9hZHNcLzIwMjNcLzEyXC9HZW5lcmFscHJvYmUtMS1zY2FsZWQuanBlZyIsInNsaWRlc2hvdyI6IjgyNjcyYmMifQ%3D%3D\" href='https:\/\/arche-ruethen.de\/wp-content\/uploads\/2023\/12\/Generalprobe-1-scaled.jpeg'><img loading=\"lazy\" decoding=\"async\" width=\"150\" height=\"150\" src=\"https:\/\/arche-ruethen.de\/wp-content\/uploads\/2023\/12\/Generalprobe-1-150x150.jpeg\" class=\"attachment-thumbnail size-thumbnail\" alt=\"\" srcset=\"https:\/\/arche-ruethen.de\/wp-content\/uploads\/2023\/12\/Generalprobe-1-150x150.jpeg 150w, https:\/\/arche-ruethen.de\/wp-content\/uploads\/2023\/12\/Generalprobe-1-300x300.jpeg 300w\" sizes=\"(max-width: 150px) 100vw, 150px\" \/><\/a>\n\t\t\t<\/dt><\/dl><dl class='gallery-item'>\n\t\t\t<dt class='gallery-icon portrait'>\n\t\t\t\t<a data-elementor-open-lightbox=\"yes\" data-elementor-lightbox-slideshow=\"82672bc\" data-elementor-lightbox-title=\"Generalprobe 2\" data-e-action-hash=\"#elementor-action%3Aaction%3Dlightbox%26settings%3DeyJpZCI6MTQzNSwidXJsIjoiaHR0cHM6XC9cL2FyY2hlLXJ1ZXRoZW4uZGVcL3dwLWNvbnRlbnRcL3VwbG9hZHNcLzIwMjNcLzEyXC9HZW5lcmFscHJvYmUtMi5qcGVnIiwic2xpZGVzaG93IjoiODI2NzJiYyJ9\" href='https:\/\/arche-ruethen.de\/wp-content\/uploads\/2023\/12\/Generalprobe-2.jpeg'><img loading=\"lazy\" decoding=\"async\" width=\"150\" height=\"150\" src=\"https:\/\/arche-ruethen.de\/wp-content\/uploads\/2023\/12\/Generalprobe-2-150x150.jpeg\" class=\"attachment-thumbnail size-thumbnail\" alt=\"\" srcset=\"https:\/\/arche-ruethen.de\/wp-content\/uploads\/2023\/12\/Generalprobe-2-150x150.jpeg 150w, https:\/\/arche-ruethen.de\/wp-content\/uploads\/2023\/12\/Generalprobe-2-300x300.jpeg 300w\" sizes=\"(max-width: 150px) 100vw, 150px\" \/><\/a>\n\t\t\t<\/dt><\/dl><dl class='gallery-item'>\n\t\t\t<dt class='gallery-icon landscape'>\n\t\t\t\t<a data-elementor-open-lightbox=\"yes\" data-elementor-lightbox-slideshow=\"82672bc\" data-elementor-lightbox-title=\"Mantelteilung 23\" data-e-action-hash=\"#elementor-action%3Aaction%3Dlightbox%26settings%3DeyJpZCI6MTQzNCwidXJsIjoiaHR0cHM6XC9cL2FyY2hlLXJ1ZXRoZW4uZGVcL3dwLWNvbnRlbnRcL3VwbG9hZHNcLzIwMjNcLzEyXC9NYW50ZWx0ZWlsdW5nLTIzLXNjYWxlZC5qcGVnIiwic2xpZGVzaG93IjoiODI2NzJiYyJ9\" href='https:\/\/arche-ruethen.de\/wp-content\/uploads\/2023\/12\/Mantelteilung-23-scaled.jpeg'><img loading=\"lazy\" decoding=\"async\" width=\"150\" height=\"150\" src=\"https:\/\/arche-ruethen.de\/wp-content\/uploads\/2023\/12\/Mantelteilung-23-150x150.jpeg\" class=\"attachment-thumbnail size-thumbnail\" alt=\"\" srcset=\"https:\/\/arche-ruethen.de\/wp-content\/uploads\/2023\/12\/Mantelteilung-23-150x150.jpeg 150w, https:\/\/arche-ruethen.de\/wp-content\/uploads\/2023\/12\/Mantelteilung-23-300x300.jpeg 300w\" sizes=\"(max-width: 150px) 100vw, 150px\" \/><\/a>\n\t\t\t<\/dt><\/dl><dl class='gallery-item'>\n\t\t\t<dt class='gallery-icon landscape'>\n\t\t\t\t<a data-elementor-open-lightbox=\"yes\" data-elementor-lightbox-slideshow=\"82672bc\" data-elementor-lightbox-title=\"Mantelteilung 23\" data-e-action-hash=\"#elementor-action%3Aaction%3Dlightbox%26settings%3DeyJpZCI6MTQzMywidXJsIjoiaHR0cHM6XC9cL2FyY2hlLXJ1ZXRoZW4uZGVcL3dwLWNvbnRlbnRcL3VwbG9hZHNcLzIwMjNcLzEyXC9JTUdfMjAyMzExMzBfMTAwNTE2X2VkaXRfMTAyMDI2NDk1MTkyNy1zY2FsZWQuanBlZyIsInNsaWRlc2hvdyI6IjgyNjcyYmMifQ%3D%3D\" href='https:\/\/arche-ruethen.de\/wp-content\/uploads\/2023\/12\/IMG_20231130_100516_edit_1020264951927-scaled.jpeg'><img loading=\"lazy\" decoding=\"async\" width=\"150\" height=\"150\" src=\"https:\/\/arche-ruethen.de\/wp-content\/uploads\/2023\/12\/IMG_20231130_100516_edit_1020264951927-150x150.jpeg\" class=\"attachment-thumbnail size-thumbnail\" alt=\"\" srcset=\"https:\/\/arche-ruethen.de\/wp-content\/uploads\/2023\/12\/IMG_20231130_100516_edit_1020264951927-150x150.jpeg 150w, https:\/\/arche-ruethen.de\/wp-content\/uploads\/2023\/12\/IMG_20231130_100516_edit_1020264951927-300x300.jpeg 300w\" sizes=\"(max-width: 150px) 100vw, 150px\" \/><\/a>\n\t\t\t<\/dt><\/dl><br style=\"clear: both\" \/>\n\t\t<\/div>\n\t\t<\/div>\n\t\t\t\t\t\t<\/div>\n\t\t\t\t<\/div>\n\t\t\t\t<div class=\"elementor-element elementor-element-f888b42 elementor-widget elementor-widget-text-editor\" data-id=\"f888b42\" data-element_type=\"widget\" data-e-type=\"widget\" data-widget_type=\"text-editor.default\">\n\t\t\t\t<div class=\"elementor-widget-container\">\n\t\t\t\t\t\t\t\t\t<ul style=\"background-color: transparent; color: #000000; font-family: 'Times New Roman'; font-variant-numeric: normal; font-variant-east-asian: normal;\"><li><span style=\"font-family: arial;\"><small>Bevor am Donnerstag, den 31. August, 64 Kinder die Auff\u00fchrung der<strong> tpw Osnabr\u00fcck<\/strong> in der Arche gesehen haben, haben sich die Eltern am Montag vorher die Pr\u00e4sentation schon angsehen. Auf Einladung der Arche und der Kitas St. Marien, St. Josef und St. Clemens sind nach dem Theaterst\u00fcck \u00fcber 30 interessierte Eltern mit den Schauspielern ins Gespr\u00e4ch gekommen. Die <strong>Pr\u00e4ventionsveranstaltung<\/strong> zur St\u00e4rkung des kindlichen <strong>Selbstbewu\u00dftseins<\/strong> wird in R\u00fcthen einmal j\u00e4hrlich f\u00fcr alle Schulanf\u00e4nger angeboten und wird vom Kreis Soest in Kooperation mit dem Kinderschutzbund finanziert.<\/small><\/span><\/li><\/ul>\t\t\t\t\t\t\t\t<\/div>\n\t\t\t\t<\/div>\n\t\t\t\t<div class=\"elementor-element elementor-element-aaad665 elementor-widget elementor-widget-image-gallery\" data-id=\"aaad665\" data-element_type=\"widget\" data-e-type=\"widget\" data-widget_type=\"image-gallery.default\">\n\t\t\t\t<div class=\"elementor-widget-container\">\n\t\t\t\t\t\t\t<div class=\"elementor-image-gallery\">\n\t\t\t\n\t\t<style type=\"text\/css\">\n\t\t\t#gallery-10 {\n\t\t\t\tmargin: auto;\n\t\t\t}\n\t\t\t#gallery-10 .gallery-item {\n\t\t\t\tfloat: left;\n\t\t\t\tmargin-top: 10px;\n\t\t\t\ttext-align: center;\n\t\t\t\twidth: 25%;\n\t\t\t}\n\t\t\t#gallery-10 img {\n\t\t\t\tborder: 2px solid #cfcfcf;\n\t\t\t}\n\t\t\t#gallery-10 .gallery-caption {\n\t\t\t\tmargin-left: 0;\n\t\t\t}\n\t\t\t\/* see gallery_shortcode() in wp-includes\/media.php *\/\n\t\t<\/style>\n\t\t<div id='gallery-10' class='gallery galleryid-230 gallery-columns-4 gallery-size-thumbnail'><dl class='gallery-item'>\n\t\t\t<dt class='gallery-icon landscape'>\n\t\t\t\t<a data-elementor-open-lightbox=\"yes\" data-elementor-lightbox-slideshow=\"aaad665\" data-elementor-lightbox-title=\"8e5b00e3-cff6-4360-af77-ec57e8f4424e\" data-e-action-hash=\"#elementor-action%3Aaction%3Dlightbox%26settings%3DeyJpZCI6MTM0NiwidXJsIjoiaHR0cHM6XC9cL2FyY2hlLXJ1ZXRoZW4uZGVcL3dwLWNvbnRlbnRcL3VwbG9hZHNcLzIwMjNcLzA4XC84ZTViMDBlMy1jZmY2LTQzNjAtYWY3Ny1lYzU3ZThmNDQyNGUuanBlZyIsInNsaWRlc2hvdyI6ImFhYWQ2NjUifQ%3D%3D\" href='https:\/\/arche-ruethen.de\/wp-content\/uploads\/2023\/08\/8e5b00e3-cff6-4360-af77-ec57e8f4424e.jpeg'><img loading=\"lazy\" decoding=\"async\" width=\"150\" height=\"150\" src=\"https:\/\/arche-ruethen.de\/wp-content\/uploads\/2023\/08\/8e5b00e3-cff6-4360-af77-ec57e8f4424e-150x150.jpeg\" class=\"attachment-thumbnail size-thumbnail\" alt=\"\" srcset=\"https:\/\/arche-ruethen.de\/wp-content\/uploads\/2023\/08\/8e5b00e3-cff6-4360-af77-ec57e8f4424e-150x150.jpeg 150w, https:\/\/arche-ruethen.de\/wp-content\/uploads\/2023\/08\/8e5b00e3-cff6-4360-af77-ec57e8f4424e-300x300.jpeg 300w\" sizes=\"(max-width: 150px) 100vw, 150px\" \/><\/a>\n\t\t\t<\/dt><\/dl><dl class='gallery-item'>\n\t\t\t<dt class='gallery-icon portrait'>\n\t\t\t\t<a data-elementor-open-lightbox=\"yes\" data-elementor-lightbox-slideshow=\"aaad665\" data-elementor-lightbox-title=\"ea4a7312-1673-4dd5-ab51-7f4290e4c868\" data-e-action-hash=\"#elementor-action%3Aaction%3Dlightbox%26settings%3DeyJpZCI6MTM0NSwidXJsIjoiaHR0cHM6XC9cL2FyY2hlLXJ1ZXRoZW4uZGVcL3dwLWNvbnRlbnRcL3VwbG9hZHNcLzIwMjNcLzA4XC9lYTRhNzMxMi0xNjczLTRkZDUtYWI1MS03ZjQyOTBlNGM4NjguanBlZyIsInNsaWRlc2hvdyI6ImFhYWQ2NjUifQ%3D%3D\" href='https:\/\/arche-ruethen.de\/wp-content\/uploads\/2023\/08\/ea4a7312-1673-4dd5-ab51-7f4290e4c868.jpeg'><img loading=\"lazy\" decoding=\"async\" width=\"150\" height=\"150\" src=\"https:\/\/arche-ruethen.de\/wp-content\/uploads\/2023\/08\/ea4a7312-1673-4dd5-ab51-7f4290e4c868-150x150.jpeg\" class=\"attachment-thumbnail size-thumbnail\" alt=\"\" srcset=\"https:\/\/arche-ruethen.de\/wp-content\/uploads\/2023\/08\/ea4a7312-1673-4dd5-ab51-7f4290e4c868-150x150.jpeg 150w, https:\/\/arche-ruethen.de\/wp-content\/uploads\/2023\/08\/ea4a7312-1673-4dd5-ab51-7f4290e4c868-300x300.jpeg 300w\" sizes=\"(max-width: 150px) 100vw, 150px\" \/><\/a>\n\t\t\t<\/dt><\/dl><dl class='gallery-item'>\n\t\t\t<dt class='gallery-icon landscape'>\n\t\t\t\t<a data-elementor-open-lightbox=\"yes\" data-elementor-lightbox-slideshow=\"aaad665\" data-elementor-lightbox-title=\"de998788-6087-4bc1-ae10-de114d035654\" data-e-action-hash=\"#elementor-action%3Aaction%3Dlightbox%26settings%3DeyJpZCI6MTM0NCwidXJsIjoiaHR0cHM6XC9cL2FyY2hlLXJ1ZXRoZW4uZGVcL3dwLWNvbnRlbnRcL3VwbG9hZHNcLzIwMjNcLzA4XC9kZTk5ODc4OC02MDg3LTRiYzEtYWUxMC1kZTExNGQwMzU2NTQuanBlZyIsInNsaWRlc2hvdyI6ImFhYWQ2NjUifQ%3D%3D\" href='https:\/\/arche-ruethen.de\/wp-content\/uploads\/2023\/08\/de998788-6087-4bc1-ae10-de114d035654.jpeg'><img loading=\"lazy\" decoding=\"async\" width=\"150\" height=\"150\" src=\"https:\/\/arche-ruethen.de\/wp-content\/uploads\/2023\/08\/de998788-6087-4bc1-ae10-de114d035654-150x150.jpeg\" class=\"attachment-thumbnail size-thumbnail\" alt=\"\" srcset=\"https:\/\/arche-ruethen.de\/wp-content\/uploads\/2023\/08\/de998788-6087-4bc1-ae10-de114d035654-150x150.jpeg 150w, https:\/\/arche-ruethen.de\/wp-content\/uploads\/2023\/08\/de998788-6087-4bc1-ae10-de114d035654-300x300.jpeg 300w\" sizes=\"(max-width: 150px) 100vw, 150px\" \/><\/a>\n\t\t\t<\/dt><\/dl>\n\t\t\t<br style='clear: both' \/>\n\t\t<\/div>\n\t\t<\/div>\n\t\t\t\t\t\t<\/div>\n\t\t\t\t<\/div>\n\t\t\t\t<div class=\"elementor-element elementor-element-dd2555a elementor-widget elementor-widget-text-editor\" data-id=\"dd2555a\" data-element_type=\"widget\" data-e-type=\"widget\" data-widget_type=\"text-editor.default\">\n\t\t\t\t<div class=\"elementor-widget-container\">\n\t\t\t\t\t\t\t\t\t<ul style=\"background-color: transparent; color: #000000; font-family: 'Times New Roman'; font-variant-numeric: normal; font-variant-east-asian: normal;\"><li><span style=\"font-family: arial;\"><small>Die <strong>Karnevalszeit<\/strong> stand in diesem Jahr in der Arche unter dem Motto: <strong>Karneval der Tiere<\/strong> aller Art. Als \u00dcberraschungsgast war am Karnevalsfreitag der <strong>Mundwerker Michael Klute<\/strong> in der Arche! Er hatte tolle Tiergeschichten und ganz verr\u00fcckte Instrumente dabei. Ein &#8222;tierisches Vergn\u00fcgen&#8220; f\u00fcr die kleinen und gro\u00dfen Kinder!<\/small><\/span><\/li><\/ul>\t\t\t\t\t\t\t\t<\/div>\n\t\t\t\t<\/div>\n\t\t\t\t<div class=\"elementor-element elementor-element-f8dad0a elementor-widget elementor-widget-image-gallery\" data-id=\"f8dad0a\" data-element_type=\"widget\" data-e-type=\"widget\" data-widget_type=\"image-gallery.default\">\n\t\t\t\t<div class=\"elementor-widget-container\">\n\t\t\t\t\t\t\t<div class=\"elementor-image-gallery\">\n\t\t\t\n\t\t<style type=\"text\/css\">\n\t\t\t#gallery-11 {\n\t\t\t\tmargin: auto;\n\t\t\t}\n\t\t\t#gallery-11 .gallery-item {\n\t\t\t\tfloat: left;\n\t\t\t\tmargin-top: 10px;\n\t\t\t\ttext-align: center;\n\t\t\t\twidth: 25%;\n\t\t\t}\n\t\t\t#gallery-11 img {\n\t\t\t\tborder: 2px solid #cfcfcf;\n\t\t\t}\n\t\t\t#gallery-11 .gallery-caption {\n\t\t\t\tmargin-left: 0;\n\t\t\t}\n\t\t\t\/* see gallery_shortcode() in wp-includes\/media.php *\/\n\t\t<\/style>\n\t\t<div id='gallery-11' class='gallery galleryid-230 gallery-columns-4 gallery-size-thumbnail'><dl class='gallery-item'>\n\t\t\t<dt class='gallery-icon landscape'>\n\t\t\t\t<a data-elementor-open-lightbox=\"yes\" data-elementor-lightbox-slideshow=\"f8dad0a\" data-elementor-lightbox-title=\"dav\" data-e-action-hash=\"#elementor-action%3Aaction%3Dlightbox%26settings%3DeyJpZCI6MTIwNywidXJsIjoiaHR0cHM6XC9cL2FyY2hlLXJ1ZXRoZW4uZGVcL3dwLWNvbnRlbnRcL3VwbG9hZHNcLzIwMjNcLzAyXC82QjUwOThCOC1BMzIwLTQzRDctQTBENS0xRDQwQTU2MjE2NDgtc2NhbGVkLmpwZWciLCJzbGlkZXNob3ciOiJmOGRhZDBhIn0%3D\" href='https:\/\/arche-ruethen.de\/wp-content\/uploads\/2023\/02\/6B5098B8-A320-43D7-A0D5-1D40A5621648-scaled.jpeg'><img loading=\"lazy\" decoding=\"async\" width=\"150\" height=\"150\" src=\"https:\/\/arche-ruethen.de\/wp-content\/uploads\/2023\/02\/6B5098B8-A320-43D7-A0D5-1D40A5621648-150x150.jpeg\" class=\"attachment-thumbnail size-thumbnail\" alt=\"\" srcset=\"https:\/\/arche-ruethen.de\/wp-content\/uploads\/2023\/02\/6B5098B8-A320-43D7-A0D5-1D40A5621648-150x150.jpeg 150w, https:\/\/arche-ruethen.de\/wp-content\/uploads\/2023\/02\/6B5098B8-A320-43D7-A0D5-1D40A5621648-300x300.jpeg 300w\" sizes=\"(max-width: 150px) 100vw, 150px\" \/><\/a>\n\t\t\t<\/dt><\/dl><dl class='gallery-item'>\n\t\t\t<dt class='gallery-icon portrait'>\n\t\t\t\t<a data-elementor-open-lightbox=\"yes\" data-elementor-lightbox-slideshow=\"f8dad0a\" data-elementor-lightbox-title=\"cof\" data-e-action-hash=\"#elementor-action%3Aaction%3Dlightbox%26settings%3DeyJpZCI6MTIwNiwidXJsIjoiaHR0cHM6XC9cL2FyY2hlLXJ1ZXRoZW4uZGVcL3dwLWNvbnRlbnRcL3VwbG9hZHNcLzIwMjNcLzAyXC9EN0Q5RThBOC0zRERDLTRDRjQtQkUwRS0xNDJDOEZCRjVDMzMuanBlZyIsInNsaWRlc2hvdyI6ImY4ZGFkMGEifQ%3D%3D\" href='https:\/\/arche-ruethen.de\/wp-content\/uploads\/2023\/02\/D7D9E8A8-3DDC-4CF4-BE0E-142C8FBF5C33.jpeg'><img loading=\"lazy\" decoding=\"async\" width=\"150\" height=\"150\" src=\"https:\/\/arche-ruethen.de\/wp-content\/uploads\/2023\/02\/D7D9E8A8-3DDC-4CF4-BE0E-142C8FBF5C33-150x150.jpeg\" class=\"attachment-thumbnail size-thumbnail\" alt=\"\" srcset=\"https:\/\/arche-ruethen.de\/wp-content\/uploads\/2023\/02\/D7D9E8A8-3DDC-4CF4-BE0E-142C8FBF5C33-150x150.jpeg 150w, https:\/\/arche-ruethen.de\/wp-content\/uploads\/2023\/02\/D7D9E8A8-3DDC-4CF4-BE0E-142C8FBF5C33-300x300.jpeg 300w\" sizes=\"(max-width: 150px) 100vw, 150px\" \/><\/a>\n\t\t\t<\/dt><\/dl><dl class='gallery-item'>\n\t\t\t<dt class='gallery-icon landscape'>\n\t\t\t\t<a data-elementor-open-lightbox=\"yes\" data-elementor-lightbox-slideshow=\"f8dad0a\" data-elementor-lightbox-title=\"cof\" data-e-action-hash=\"#elementor-action%3Aaction%3Dlightbox%26settings%3DeyJpZCI6MTIwNSwidXJsIjoiaHR0cHM6XC9cL2FyY2hlLXJ1ZXRoZW4uZGVcL3dwLWNvbnRlbnRcL3VwbG9hZHNcLzIwMjNcLzAyXC8wQTNEQzlGNi01NDM3LTRBN0ItOUZEMy1BMjQyNTE1QTY4ODItc2NhbGVkLmpwZWciLCJzbGlkZXNob3ciOiJmOGRhZDBhIn0%3D\" href='https:\/\/arche-ruethen.de\/wp-content\/uploads\/2023\/02\/0A3DC9F6-5437-4A7B-9FD3-A242515A6882-scaled.jpeg'><img loading=\"lazy\" decoding=\"async\" width=\"150\" height=\"150\" src=\"https:\/\/arche-ruethen.de\/wp-content\/uploads\/2023\/02\/0A3DC9F6-5437-4A7B-9FD3-A242515A6882-150x150.jpeg\" class=\"attachment-thumbnail size-thumbnail\" alt=\"\" srcset=\"https:\/\/arche-ruethen.de\/wp-content\/uploads\/2023\/02\/0A3DC9F6-5437-4A7B-9FD3-A242515A6882-150x150.jpeg 150w, https:\/\/arche-ruethen.de\/wp-content\/uploads\/2023\/02\/0A3DC9F6-5437-4A7B-9FD3-A242515A6882-300x300.jpeg 300w\" sizes=\"(max-width: 150px) 100vw, 150px\" \/><\/a>\n\t\t\t<\/dt><\/dl><dl class='gallery-item'>\n\t\t\t<dt class='gallery-icon landscape'>\n\t\t\t\t<a data-elementor-open-lightbox=\"yes\" data-elementor-lightbox-slideshow=\"f8dad0a\" data-elementor-lightbox-title=\"C3AA3CB6-9C41-43C1-AC9E-230FAF0CDF3D\" data-e-action-hash=\"#elementor-action%3Aaction%3Dlightbox%26settings%3DeyJpZCI6MTIwNCwidXJsIjoiaHR0cHM6XC9cL2FyY2hlLXJ1ZXRoZW4uZGVcL3dwLWNvbnRlbnRcL3VwbG9hZHNcLzIwMjNcLzAyXC9DM0FBM0NCNi05QzQxLTQzQzEtQUM5RS0yMzBGQUYwQ0RGM0Qtc2NhbGVkLmpwZWciLCJzbGlkZXNob3ciOiJmOGRhZDBhIn0%3D\" href='https:\/\/arche-ruethen.de\/wp-content\/uploads\/2023\/02\/C3AA3CB6-9C41-43C1-AC9E-230FAF0CDF3D-scaled.jpeg'><img loading=\"lazy\" decoding=\"async\" width=\"150\" height=\"150\" src=\"https:\/\/arche-ruethen.de\/wp-content\/uploads\/2023\/02\/C3AA3CB6-9C41-43C1-AC9E-230FAF0CDF3D-150x150.jpeg\" class=\"attachment-thumbnail size-thumbnail\" alt=\"\" srcset=\"https:\/\/arche-ruethen.de\/wp-content\/uploads\/2023\/02\/C3AA3CB6-9C41-43C1-AC9E-230FAF0CDF3D-150x150.jpeg 150w, https:\/\/arche-ruethen.de\/wp-content\/uploads\/2023\/02\/C3AA3CB6-9C41-43C1-AC9E-230FAF0CDF3D-300x300.jpeg 300w\" sizes=\"(max-width: 150px) 100vw, 150px\" \/><\/a>\n\t\t\t<\/dt><\/dl><br style=\"clear: both\" \/>\n\t\t<\/div>\n\t\t<\/div>\n\t\t\t\t\t\t<\/div>\n\t\t\t\t<\/div>\n\t\t\t\t<div class=\"elementor-element elementor-element-ea70a15 elementor-widget elementor-widget-text-editor\" data-id=\"ea70a15\" data-element_type=\"widget\" data-e-type=\"widget\" data-widget_type=\"text-editor.default\">\n\t\t\t\t<div class=\"elementor-widget-container\">\n\t\t\t\t\t\t\t\t\t<ul style=\"background-color: transparent; color: #000000; font-family: 'Times New Roman'; font-variant-numeric: normal; font-variant-east-asian: normal;\"><li><span style=\"font-family: arial;\"><small>Die Auff\u00fchrung des Pr\u00e4ventionsst\u00fccks<strong> &#8222;Die gro\u00dfe Nein-Tonne &#8211; eine Entdeckungsreise ins eigene Selbstbewu\u00dftsein&#8220; <\/strong>der theaterp\u00e4dagogischen Werkstatt Osnabr\u00fcck sahen am 29.11.2022 die diesj\u00e4hrigen Schulanf\u00e4nger der Arche, des Kindergartens St. Marien R\u00fcthen und des Kindergartens St. Clemens Kallenhardt in der Turnhalle der Arche. Gut, dass es auch dieses Jahr wieder geklappt hat!<\/small><\/span><\/li><\/ul>\t\t\t\t\t\t\t\t<\/div>\n\t\t\t\t<\/div>\n\t\t\t\t<div class=\"elementor-element elementor-element-f4857a0 elementor-widget elementor-widget-image-gallery\" data-id=\"f4857a0\" data-element_type=\"widget\" data-e-type=\"widget\" data-widget_type=\"image-gallery.default\">\n\t\t\t\t<div class=\"elementor-widget-container\">\n\t\t\t\t\t\t\t<div class=\"elementor-image-gallery\">\n\t\t\t\n\t\t<style type=\"text\/css\">\n\t\t\t#gallery-12 {\n\t\t\t\tmargin: auto;\n\t\t\t}\n\t\t\t#gallery-12 .gallery-item {\n\t\t\t\tfloat: left;\n\t\t\t\tmargin-top: 10px;\n\t\t\t\ttext-align: center;\n\t\t\t\twidth: 25%;\n\t\t\t}\n\t\t\t#gallery-12 img {\n\t\t\t\tborder: 2px solid #cfcfcf;\n\t\t\t}\n\t\t\t#gallery-12 .gallery-caption {\n\t\t\t\tmargin-left: 0;\n\t\t\t}\n\t\t\t\/* see gallery_shortcode() in wp-includes\/media.php *\/\n\t\t<\/style>\n\t\t<div id='gallery-12' class='gallery galleryid-230 gallery-columns-4 gallery-size-thumbnail'><dl class='gallery-item'>\n\t\t\t<dt class='gallery-icon landscape'>\n\t\t\t\t<a data-elementor-open-lightbox=\"yes\" data-elementor-lightbox-slideshow=\"f4857a0\" data-elementor-lightbox-title=\"cof\" data-e-action-hash=\"#elementor-action%3Aaction%3Dlightbox%26settings%3DeyJpZCI6MTE0MywidXJsIjoiaHR0cHM6XC9cL2FyY2hlLXJ1ZXRoZW4uZGVcL3dwLWNvbnRlbnRcL3VwbG9hZHNcLzIwMjJcLzEyXC82NDAzQzk4My1BQzM1LTRFMkMtQkE4Ny0wNjUxMDQwOUFGQjQuanBlZyIsInNsaWRlc2hvdyI6ImY0ODU3YTAifQ%3D%3D\" href='https:\/\/arche-ruethen.de\/wp-content\/uploads\/2022\/12\/6403C983-AC35-4E2C-BA87-06510409AFB4.jpeg'><img loading=\"lazy\" decoding=\"async\" width=\"150\" height=\"150\" src=\"https:\/\/arche-ruethen.de\/wp-content\/uploads\/2022\/12\/6403C983-AC35-4E2C-BA87-06510409AFB4-150x150.jpeg\" class=\"attachment-thumbnail size-thumbnail\" alt=\"\" srcset=\"https:\/\/arche-ruethen.de\/wp-content\/uploads\/2022\/12\/6403C983-AC35-4E2C-BA87-06510409AFB4-150x150.jpeg 150w, https:\/\/arche-ruethen.de\/wp-content\/uploads\/2022\/12\/6403C983-AC35-4E2C-BA87-06510409AFB4-300x300.jpeg 300w\" sizes=\"(max-width: 150px) 100vw, 150px\" \/><\/a>\n\t\t\t<\/dt><\/dl><dl class='gallery-item'>\n\t\t\t<dt class='gallery-icon landscape'>\n\t\t\t\t<a data-elementor-open-lightbox=\"yes\" data-elementor-lightbox-slideshow=\"f4857a0\" data-elementor-lightbox-title=\"cof\" data-e-action-hash=\"#elementor-action%3Aaction%3Dlightbox%26settings%3DeyJpZCI6MTE0MiwidXJsIjoiaHR0cHM6XC9cL2FyY2hlLXJ1ZXRoZW4uZGVcL3dwLWNvbnRlbnRcL3VwbG9hZHNcLzIwMjJcLzEyXC8xNDU2RjZEQi1BMTZGLTRBQjEtOTJENi1BNEEzNDk0MDZEOTQuanBlZyIsInNsaWRlc2hvdyI6ImY0ODU3YTAifQ%3D%3D\" href='https:\/\/arche-ruethen.de\/wp-content\/uploads\/2022\/12\/1456F6DB-A16F-4AB1-92D6-A4A349406D94.jpeg'><img loading=\"lazy\" decoding=\"async\" width=\"150\" height=\"150\" src=\"https:\/\/arche-ruethen.de\/wp-content\/uploads\/2022\/12\/1456F6DB-A16F-4AB1-92D6-A4A349406D94-150x150.jpeg\" class=\"attachment-thumbnail size-thumbnail\" alt=\"\" srcset=\"https:\/\/arche-ruethen.de\/wp-content\/uploads\/2022\/12\/1456F6DB-A16F-4AB1-92D6-A4A349406D94-150x150.jpeg 150w, https:\/\/arche-ruethen.de\/wp-content\/uploads\/2022\/12\/1456F6DB-A16F-4AB1-92D6-A4A349406D94-300x300.jpeg 300w\" sizes=\"(max-width: 150px) 100vw, 150px\" \/><\/a>\n\t\t\t<\/dt><\/dl><dl class='gallery-item'>\n\t\t\t<dt class='gallery-icon landscape'>\n\t\t\t\t<a data-elementor-open-lightbox=\"yes\" data-elementor-lightbox-slideshow=\"f4857a0\" data-elementor-lightbox-title=\"cof\" data-e-action-hash=\"#elementor-action%3Aaction%3Dlightbox%26settings%3DeyJpZCI6MTE0MSwidXJsIjoiaHR0cHM6XC9cL2FyY2hlLXJ1ZXRoZW4uZGVcL3dwLWNvbnRlbnRcL3VwbG9hZHNcLzIwMjJcLzEyXC9FOTI5QzNGMi0xMjNFLTQ0RkItQTcyMS00NEMyQjRCOTRGRjAuanBlZyIsInNsaWRlc2hvdyI6ImY0ODU3YTAifQ%3D%3D\" href='https:\/\/arche-ruethen.de\/wp-content\/uploads\/2022\/12\/E929C3F2-123E-44FB-A721-44C2B4B94FF0.jpeg'><img loading=\"lazy\" decoding=\"async\" width=\"150\" height=\"150\" src=\"https:\/\/arche-ruethen.de\/wp-content\/uploads\/2022\/12\/E929C3F2-123E-44FB-A721-44C2B4B94FF0-150x150.jpeg\" class=\"attachment-thumbnail size-thumbnail\" alt=\"\" srcset=\"https:\/\/arche-ruethen.de\/wp-content\/uploads\/2022\/12\/E929C3F2-123E-44FB-A721-44C2B4B94FF0-150x150.jpeg 150w, https:\/\/arche-ruethen.de\/wp-content\/uploads\/2022\/12\/E929C3F2-123E-44FB-A721-44C2B4B94FF0-300x300.jpeg 300w\" sizes=\"(max-width: 150px) 100vw, 150px\" \/><\/a>\n\t\t\t<\/dt><\/dl><dl class='gallery-item'>\n\t\t\t<dt class='gallery-icon landscape'>\n\t\t\t\t<a data-elementor-open-lightbox=\"yes\" data-elementor-lightbox-slideshow=\"f4857a0\" data-elementor-lightbox-title=\"1FDBDDF0-F59F-48DE-8008-24DD33D561C4\" data-e-action-hash=\"#elementor-action%3Aaction%3Dlightbox%26settings%3DeyJpZCI6MTE0MCwidXJsIjoiaHR0cHM6XC9cL2FyY2hlLXJ1ZXRoZW4uZGVcL3dwLWNvbnRlbnRcL3VwbG9hZHNcLzIwMjJcLzEyXC8xRkRCRERGMC1GNTlGLTQ4REUtODAwOC0yNEREMzNENTYxQzQuanBlZyIsInNsaWRlc2hvdyI6ImY0ODU3YTAifQ%3D%3D\" href='https:\/\/arche-ruethen.de\/wp-content\/uploads\/2022\/12\/1FDBDDF0-F59F-48DE-8008-24DD33D561C4.jpeg'><img loading=\"lazy\" decoding=\"async\" width=\"150\" height=\"150\" src=\"https:\/\/arche-ruethen.de\/wp-content\/uploads\/2022\/12\/1FDBDDF0-F59F-48DE-8008-24DD33D561C4-150x150.jpeg\" class=\"attachment-thumbnail size-thumbnail\" alt=\"\" srcset=\"https:\/\/arche-ruethen.de\/wp-content\/uploads\/2022\/12\/1FDBDDF0-F59F-48DE-8008-24DD33D561C4-150x150.jpeg 150w, https:\/\/arche-ruethen.de\/wp-content\/uploads\/2022\/12\/1FDBDDF0-F59F-48DE-8008-24DD33D561C4-300x300.jpeg 300w\" sizes=\"(max-width: 150px) 100vw, 150px\" \/><\/a>\n\t\t\t<\/dt><\/dl><br style=\"clear: both\" \/><dl class='gallery-item'>\n\t\t\t<dt class='gallery-icon landscape'>\n\t\t\t\t<a data-elementor-open-lightbox=\"yes\" data-elementor-lightbox-slideshow=\"f4857a0\" data-elementor-lightbox-title=\"D7F71864-7176-46D3-97C5-F39B5AFF2BBD\" data-e-action-hash=\"#elementor-action%3Aaction%3Dlightbox%26settings%3DeyJpZCI6MTEzOSwidXJsIjoiaHR0cHM6XC9cL2FyY2hlLXJ1ZXRoZW4uZGVcL3dwLWNvbnRlbnRcL3VwbG9hZHNcLzIwMjJcLzEyXC9EN0Y3MTg2NC03MTc2LTQ2RDMtOTdDNS1GMzlCNUFGRjJCQkQtc2NhbGVkLmpwZWciLCJzbGlkZXNob3ciOiJmNDg1N2EwIn0%3D\" href='https:\/\/arche-ruethen.de\/wp-content\/uploads\/2022\/12\/D7F71864-7176-46D3-97C5-F39B5AFF2BBD-scaled.jpeg'><img loading=\"lazy\" decoding=\"async\" width=\"150\" height=\"150\" src=\"https:\/\/arche-ruethen.de\/wp-content\/uploads\/2022\/12\/D7F71864-7176-46D3-97C5-F39B5AFF2BBD-150x150.jpeg\" class=\"attachment-thumbnail size-thumbnail\" alt=\"\" srcset=\"https:\/\/arche-ruethen.de\/wp-content\/uploads\/2022\/12\/D7F71864-7176-46D3-97C5-F39B5AFF2BBD-150x150.jpeg 150w, https:\/\/arche-ruethen.de\/wp-content\/uploads\/2022\/12\/D7F71864-7176-46D3-97C5-F39B5AFF2BBD-300x300.jpeg 300w\" sizes=\"(max-width: 150px) 100vw, 150px\" \/><\/a>\n\t\t\t<\/dt><\/dl><dl class='gallery-item'>\n\t\t\t<dt class='gallery-icon landscape'>\n\t\t\t\t<a data-elementor-open-lightbox=\"yes\" data-elementor-lightbox-slideshow=\"f4857a0\" data-elementor-lightbox-title=\"1777E46A-A6B9-425E-AD87-EA3CB21E755F\" data-e-action-hash=\"#elementor-action%3Aaction%3Dlightbox%26settings%3DeyJpZCI6MTEzOCwidXJsIjoiaHR0cHM6XC9cL2FyY2hlLXJ1ZXRoZW4uZGVcL3dwLWNvbnRlbnRcL3VwbG9hZHNcLzIwMjJcLzEyXC8xNzc3RTQ2QS1BNkI5LTQyNUUtQUQ4Ny1FQTNDQjIxRTc1NUYuanBlZyIsInNsaWRlc2hvdyI6ImY0ODU3YTAifQ%3D%3D\" href='https:\/\/arche-ruethen.de\/wp-content\/uploads\/2022\/12\/1777E46A-A6B9-425E-AD87-EA3CB21E755F.jpeg'><img loading=\"lazy\" decoding=\"async\" width=\"150\" height=\"150\" src=\"https:\/\/arche-ruethen.de\/wp-content\/uploads\/2022\/12\/1777E46A-A6B9-425E-AD87-EA3CB21E755F-150x150.jpeg\" class=\"attachment-thumbnail size-thumbnail\" alt=\"\" srcset=\"https:\/\/arche-ruethen.de\/wp-content\/uploads\/2022\/12\/1777E46A-A6B9-425E-AD87-EA3CB21E755F-150x150.jpeg 150w, https:\/\/arche-ruethen.de\/wp-content\/uploads\/2022\/12\/1777E46A-A6B9-425E-AD87-EA3CB21E755F-300x300.jpeg 300w\" sizes=\"(max-width: 150px) 100vw, 150px\" \/><\/a>\n\t\t\t<\/dt><\/dl>\n\t\t\t<br style='clear: both' \/>\n\t\t<\/div>\n\t\t<\/div>\n\t\t\t\t\t\t<\/div>\n\t\t\t\t<\/div>\n\t\t\t\t<div class=\"elementor-element elementor-element-aa86d28 elementor-widget elementor-widget-text-editor\" data-id=\"aa86d28\" data-element_type=\"widget\" data-e-type=\"widget\" data-widget_type=\"text-editor.default\">\n\t\t\t\t<div class=\"elementor-widget-container\">\n\t\t\t\t\t\t\t\t\t<ul style=\"background-color: transparent; color: #000000; font-family: 'Times New Roman'; font-variant-numeric: normal; font-variant-east-asian: normal;\"><li><span style=\"font-family: arial;\"><small>Zum 30.09. ist unsere Kollegin <strong>B\u00e4rbel Heinke<\/strong> aus dem Berufsleben ausgeschieden und geht in den wohlverdienten <strong>Ruhestand<\/strong>. Seit dem 01.02.1995 (!) arbeitete sie mit viel Herzblut und gro\u00dfem Engagement f\u00fcr die Kinder und Eltern der Arche. Als p\u00e4dagogische Fachkraft in der oberen Gruppe begonnen, \u00fcbernahm sie dort nach kurzer Zeit die Gruppenleitung. Nach Ausbildung zur Montessori-P\u00e4dagogin 1998 setzte sie die Methoden und Ideen der Reformp\u00e4dagogik konsequent in den Alltag der Kinder um. Die fr\u00fche Bildung und das Wohlergehen aller ihr anvertrauten Kinder lag B\u00e4rbel immer sehr am Herzen. Sie war au\u00dferdem eine hoch gesch\u00e4tzte Teamkollegin. Auch auf diesem Weg bedanken sich der Vorstand und das ganze p\u00e4dagogische Team ganz herzlich f\u00fcr ihren au\u00dfergew\u00f6hnlichen und langj\u00e4hrigen Einsatz f\u00fcr die Arche. Wir w\u00fcnschen ihr alles Gute f\u00fcr die Zukunft!<\/small><\/span><\/li><\/ul>\t\t\t\t\t\t\t\t<\/div>\n\t\t\t\t<\/div>\n\t\t\t\t<div class=\"elementor-element elementor-element-3323559 elementor-widget elementor-widget-image-gallery\" data-id=\"3323559\" data-element_type=\"widget\" data-e-type=\"widget\" data-widget_type=\"image-gallery.default\">\n\t\t\t\t<div class=\"elementor-widget-container\">\n\t\t\t\t\t\t\t<div class=\"elementor-image-gallery\">\n\t\t\t\n\t\t<style type=\"text\/css\">\n\t\t\t#gallery-13 {\n\t\t\t\tmargin: auto;\n\t\t\t}\n\t\t\t#gallery-13 .gallery-item {\n\t\t\t\tfloat: left;\n\t\t\t\tmargin-top: 10px;\n\t\t\t\ttext-align: center;\n\t\t\t\twidth: 25%;\n\t\t\t}\n\t\t\t#gallery-13 img {\n\t\t\t\tborder: 2px solid #cfcfcf;\n\t\t\t}\n\t\t\t#gallery-13 .gallery-caption {\n\t\t\t\tmargin-left: 0;\n\t\t\t}\n\t\t\t\/* see gallery_shortcode() in wp-includes\/media.php *\/\n\t\t<\/style>\n\t\t<div id='gallery-13' class='gallery galleryid-230 gallery-columns-4 gallery-size-medium'><dl class='gallery-item'>\n\t\t\t<dt class='gallery-icon portrait'>\n\t\t\t\t<a data-elementor-open-lightbox=\"yes\" data-elementor-lightbox-slideshow=\"3323559\" data-elementor-lightbox-title=\"93BECDF2-21BB-450D-9045-3C0D32200C3D\" data-e-action-hash=\"#elementor-action%3Aaction%3Dlightbox%26settings%3DeyJpZCI6MTExOCwidXJsIjoiaHR0cHM6XC9cL2FyY2hlLXJ1ZXRoZW4uZGVcL3dwLWNvbnRlbnRcL3VwbG9hZHNcLzIwMjJcLzExXC85M0JFQ0RGMi0yMUJCLTQ1MEQtOTA0NS0zQzBEMzIyMDBDM0QucG5nIiwic2xpZGVzaG93IjoiMzMyMzU1OSJ9\" href='https:\/\/arche-ruethen.de\/wp-content\/uploads\/2022\/11\/93BECDF2-21BB-450D-9045-3C0D32200C3D.png'><img loading=\"lazy\" decoding=\"async\" width=\"236\" height=\"291\" src=\"https:\/\/arche-ruethen.de\/wp-content\/uploads\/2022\/11\/93BECDF2-21BB-450D-9045-3C0D32200C3D.png\" class=\"attachment-medium size-medium\" alt=\"\" \/><\/a>\n\t\t\t<\/dt><\/dl><dl class='gallery-item'>\n\t\t\t<dt class='gallery-icon portrait'>\n\t\t\t\t<a data-elementor-open-lightbox=\"yes\" data-elementor-lightbox-slideshow=\"3323559\" data-elementor-lightbox-title=\"5F6D5AD5-25E3-444E-A45E-20307FD79ADE\" data-e-action-hash=\"#elementor-action%3Aaction%3Dlightbox%26settings%3DeyJpZCI6MTExNywidXJsIjoiaHR0cHM6XC9cL2FyY2hlLXJ1ZXRoZW4uZGVcL3dwLWNvbnRlbnRcL3VwbG9hZHNcLzIwMjJcLzExXC81RjZENUFENS0yNUUzLTQ0NEUtQTQ1RS0yMDMwN0ZENzlBREUucG5nIiwic2xpZGVzaG93IjoiMzMyMzU1OSJ9\" href='https:\/\/arche-ruethen.de\/wp-content\/uploads\/2022\/11\/5F6D5AD5-25E3-444E-A45E-20307FD79ADE.png'><img loading=\"lazy\" decoding=\"async\" width=\"189\" height=\"300\" src=\"https:\/\/arche-ruethen.de\/wp-content\/uploads\/2022\/11\/5F6D5AD5-25E3-444E-A45E-20307FD79ADE-189x300.png\" class=\"attachment-medium size-medium\" alt=\"\" srcset=\"https:\/\/arche-ruethen.de\/wp-content\/uploads\/2022\/11\/5F6D5AD5-25E3-444E-A45E-20307FD79ADE-189x300.png 189w, https:\/\/arche-ruethen.de\/wp-content\/uploads\/2022\/11\/5F6D5AD5-25E3-444E-A45E-20307FD79ADE.png 291w\" sizes=\"(max-width: 189px) 100vw, 189px\" \/><\/a>\n\t\t\t<\/dt><\/dl>\n\t\t\t<br style='clear: both' \/>\n\t\t<\/div>\n\t\t<\/div>\n\t\t\t\t\t\t<\/div>\n\t\t\t\t<\/div>\n\t\t\t\t<div class=\"elementor-element elementor-element-f25c59c elementor-widget elementor-widget-text-editor\" data-id=\"f25c59c\" data-element_type=\"widget\" data-e-type=\"widget\" data-widget_type=\"text-editor.default\">\n\t\t\t\t<div class=\"elementor-widget-container\">\n\t\t\t\t\t\t\t\t\t<ul style=\"background-color: transparent; color: #000000; font-family: 'Times New Roman'; font-variant-numeric: normal; font-variant-east-asian: normal;\"><li><span style=\"font-family: arial;\"><small>Der<strong> Zauberer Fabian Rabe <\/strong>verzauberte uns in der zauberhaften Karnevalswoche (denn unter diesem Motto stand unsere diesj\u00e4hrige Feier) in der Arche. Er war wunderbar und feinf\u00fchlig im Umgang mit den gro\u00dfe und kleinen Kindern.\u00a0 Auf (ein) Wiedersehen!\u00a0<\/small><\/span><\/li><\/ul>\t\t\t\t\t\t\t\t<\/div>\n\t\t\t\t<\/div>\n\t\t\t\t<div class=\"elementor-element elementor-element-46b65c3 elementor-widget elementor-widget-image-gallery\" data-id=\"46b65c3\" data-element_type=\"widget\" data-e-type=\"widget\" data-widget_type=\"image-gallery.default\">\n\t\t\t\t<div class=\"elementor-widget-container\">\n\t\t\t\t\t\t\t<div class=\"elementor-image-gallery\">\n\t\t\t\n\t\t<style type=\"text\/css\">\n\t\t\t#gallery-14 {\n\t\t\t\tmargin: auto;\n\t\t\t}\n\t\t\t#gallery-14 .gallery-item {\n\t\t\t\tfloat: left;\n\t\t\t\tmargin-top: 10px;\n\t\t\t\ttext-align: center;\n\t\t\t\twidth: 25%;\n\t\t\t}\n\t\t\t#gallery-14 img {\n\t\t\t\tborder: 2px solid #cfcfcf;\n\t\t\t}\n\t\t\t#gallery-14 .gallery-caption {\n\t\t\t\tmargin-left: 0;\n\t\t\t}\n\t\t\t\/* see gallery_shortcode() in wp-includes\/media.php *\/\n\t\t<\/style>\n\t\t<div id='gallery-14' class='gallery galleryid-230 gallery-columns-4 gallery-size-thumbnail'><dl class='gallery-item'>\n\t\t\t<dt class='gallery-icon portrait'>\n\t\t\t\t<a data-elementor-open-lightbox=\"yes\" data-elementor-lightbox-slideshow=\"46b65c3\" data-elementor-lightbox-title=\"Der Zauberer ...\" data-e-action-hash=\"#elementor-action%3Aaction%3Dlightbox%26settings%3DeyJpZCI6OTkwLCJ1cmwiOiJodHRwczpcL1wvYXJjaGUtcnVldGhlbi5kZVwvd3AtY29udGVudFwvdXBsb2Fkc1wvMjAyMlwvMDJcL0Q4ODJGRjI2LTgyNzgtNDg0OC1BNUI4LUNCMkZFQjg3REJFQS5qcGVnIiwic2xpZGVzaG93IjoiNDZiNjVjMyJ9\" href='https:\/\/arche-ruethen.de\/wp-content\/uploads\/2022\/02\/D882FF26-8278-4848-A5B8-CB2FEB87DBEA.jpeg'><img loading=\"lazy\" decoding=\"async\" width=\"150\" height=\"150\" src=\"https:\/\/arche-ruethen.de\/wp-content\/uploads\/2022\/02\/D882FF26-8278-4848-A5B8-CB2FEB87DBEA-150x150.jpeg\" class=\"attachment-thumbnail size-thumbnail\" alt=\"\" srcset=\"https:\/\/arche-ruethen.de\/wp-content\/uploads\/2022\/02\/D882FF26-8278-4848-A5B8-CB2FEB87DBEA-150x150.jpeg 150w, https:\/\/arche-ruethen.de\/wp-content\/uploads\/2022\/02\/D882FF26-8278-4848-A5B8-CB2FEB87DBEA-300x300.jpeg 300w\" sizes=\"(max-width: 150px) 100vw, 150px\" \/><\/a>\n\t\t\t<\/dt><\/dl><dl class='gallery-item'>\n\t\t\t<dt class='gallery-icon landscape'>\n\t\t\t\t<a data-elementor-open-lightbox=\"yes\" data-elementor-lightbox-slideshow=\"46b65c3\" data-elementor-lightbox-title=\"... Fabian ...\" data-e-action-hash=\"#elementor-action%3Aaction%3Dlightbox%26settings%3DeyJpZCI6OTg5LCJ1cmwiOiJodHRwczpcL1wvYXJjaGUtcnVldGhlbi5kZVwvd3AtY29udGVudFwvdXBsb2Fkc1wvMjAyMlwvMDJcL0Q5NDEwOEJFLUQ3NTEtNDQ2Ny1CQjUzLTk2RjAxMTZCNkNENy5qcGVnIiwic2xpZGVzaG93IjoiNDZiNjVjMyJ9\" href='https:\/\/arche-ruethen.de\/wp-content\/uploads\/2022\/02\/D94108BE-D751-4467-BB53-96F0116B6CD7.jpeg'><img loading=\"lazy\" decoding=\"async\" width=\"150\" height=\"150\" src=\"https:\/\/arche-ruethen.de\/wp-content\/uploads\/2022\/02\/D94108BE-D751-4467-BB53-96F0116B6CD7-150x150.jpeg\" class=\"attachment-thumbnail size-thumbnail\" alt=\"\" srcset=\"https:\/\/arche-ruethen.de\/wp-content\/uploads\/2022\/02\/D94108BE-D751-4467-BB53-96F0116B6CD7-150x150.jpeg 150w, https:\/\/arche-ruethen.de\/wp-content\/uploads\/2022\/02\/D94108BE-D751-4467-BB53-96F0116B6CD7-300x300.jpeg 300w\" sizes=\"(max-width: 150px) 100vw, 150px\" \/><\/a>\n\t\t\t<\/dt><\/dl><dl class='gallery-item'>\n\t\t\t<dt class='gallery-icon portrait'>\n\t\t\t\t<a data-elementor-open-lightbox=\"yes\" data-elementor-lightbox-slideshow=\"46b65c3\" data-elementor-lightbox-title=\"... Rabe ...\" data-e-action-hash=\"#elementor-action%3Aaction%3Dlightbox%26settings%3DeyJpZCI6OTg4LCJ1cmwiOiJodHRwczpcL1wvYXJjaGUtcnVldGhlbi5kZVwvd3AtY29udGVudFwvdXBsb2Fkc1wvMjAyMlwvMDJcLzEyQzM0NjRDLTVFRDUtNEVGOC05NzNFLTA5Q0MxMTQ3RkZFNi5qcGVnIiwic2xpZGVzaG93IjoiNDZiNjVjMyJ9\" href='https:\/\/arche-ruethen.de\/wp-content\/uploads\/2022\/02\/12C3464C-5ED5-4EF8-973E-09CC1147FFE6.jpeg'><img loading=\"lazy\" decoding=\"async\" width=\"150\" height=\"150\" src=\"https:\/\/arche-ruethen.de\/wp-content\/uploads\/2022\/02\/12C3464C-5ED5-4EF8-973E-09CC1147FFE6-150x150.jpeg\" class=\"attachment-thumbnail size-thumbnail\" alt=\"\" srcset=\"https:\/\/arche-ruethen.de\/wp-content\/uploads\/2022\/02\/12C3464C-5ED5-4EF8-973E-09CC1147FFE6-150x150.jpeg 150w, https:\/\/arche-ruethen.de\/wp-content\/uploads\/2022\/02\/12C3464C-5ED5-4EF8-973E-09CC1147FFE6-300x300.jpeg 300w\" sizes=\"(max-width: 150px) 100vw, 150px\" \/><\/a>\n\t\t\t<\/dt><\/dl><dl class='gallery-item'>\n\t\t\t<dt class='gallery-icon portrait'>\n\t\t\t\t<a data-elementor-open-lightbox=\"yes\" data-elementor-lightbox-slideshow=\"46b65c3\" data-elementor-lightbox-title=\"... verzauberte ...\" data-e-action-hash=\"#elementor-action%3Aaction%3Dlightbox%26settings%3DeyJpZCI6OTg3LCJ1cmwiOiJodHRwczpcL1wvYXJjaGUtcnVldGhlbi5kZVwvd3AtY29udGVudFwvdXBsb2Fkc1wvMjAyMlwvMDJcLzk4NTVDNEM4LUQyRUMtNDNDQy1BNkJGLUI2MzRBMzQ1RDdERi5qcGVnIiwic2xpZGVzaG93IjoiNDZiNjVjMyJ9\" href='https:\/\/arche-ruethen.de\/wp-content\/uploads\/2022\/02\/9855C4C8-D2EC-43CC-A6BF-B634A345D7DF.jpeg'><img loading=\"lazy\" decoding=\"async\" width=\"150\" height=\"150\" src=\"https:\/\/arche-ruethen.de\/wp-content\/uploads\/2022\/02\/9855C4C8-D2EC-43CC-A6BF-B634A345D7DF-150x150.jpeg\" class=\"attachment-thumbnail size-thumbnail\" alt=\"\" srcset=\"https:\/\/arche-ruethen.de\/wp-content\/uploads\/2022\/02\/9855C4C8-D2EC-43CC-A6BF-B634A345D7DF-150x150.jpeg 150w, https:\/\/arche-ruethen.de\/wp-content\/uploads\/2022\/02\/9855C4C8-D2EC-43CC-A6BF-B634A345D7DF-300x300.jpeg 300w\" sizes=\"(max-width: 150px) 100vw, 150px\" \/><\/a>\n\t\t\t<\/dt><\/dl><br style=\"clear: both\" \/><dl class='gallery-item'>\n\t\t\t<dt class='gallery-icon portrait'>\n\t\t\t\t<a data-elementor-open-lightbox=\"yes\" data-elementor-lightbox-slideshow=\"46b65c3\" data-elementor-lightbox-title=\"... Gro\u00df und Klein ...\" data-e-action-hash=\"#elementor-action%3Aaction%3Dlightbox%26settings%3DeyJpZCI6OTg2LCJ1cmwiOiJodHRwczpcL1wvYXJjaGUtcnVldGhlbi5kZVwvd3AtY29udGVudFwvdXBsb2Fkc1wvMjAyMlwvMDJcL0JGMjMxNzRBLUU4RUQtNDMyNS1CMEZELUUxMjQ5QjhDRENFMC5qcGVnIiwic2xpZGVzaG93IjoiNDZiNjVjMyJ9\" href='https:\/\/arche-ruethen.de\/wp-content\/uploads\/2022\/02\/BF23174A-E8ED-4325-B0FD-E1249B8CDCE0.jpeg'><img loading=\"lazy\" decoding=\"async\" width=\"150\" height=\"150\" src=\"https:\/\/arche-ruethen.de\/wp-content\/uploads\/2022\/02\/BF23174A-E8ED-4325-B0FD-E1249B8CDCE0-150x150.jpeg\" class=\"attachment-thumbnail size-thumbnail\" alt=\"\" srcset=\"https:\/\/arche-ruethen.de\/wp-content\/uploads\/2022\/02\/BF23174A-E8ED-4325-B0FD-E1249B8CDCE0-150x150.jpeg 150w, https:\/\/arche-ruethen.de\/wp-content\/uploads\/2022\/02\/BF23174A-E8ED-4325-B0FD-E1249B8CDCE0-300x300.jpeg 300w\" sizes=\"(max-width: 150px) 100vw, 150px\" \/><\/a>\n\t\t\t<\/dt><\/dl><dl class='gallery-item'>\n\t\t\t<dt class='gallery-icon portrait'>\n\t\t\t\t<a data-elementor-open-lightbox=\"yes\" data-elementor-lightbox-slideshow=\"46b65c3\" data-elementor-lightbox-title=\"... in der Arche :-)\" data-e-action-hash=\"#elementor-action%3Aaction%3Dlightbox%26settings%3DeyJpZCI6OTg1LCJ1cmwiOiJodHRwczpcL1wvYXJjaGUtcnVldGhlbi5kZVwvd3AtY29udGVudFwvdXBsb2Fkc1wvMjAyMlwvMDJcLzU2RjlFRUVFLTIwNEEtNDFEMi05ODVBLUYwMUQ5NDYyMzkwRC5qcGVnIiwic2xpZGVzaG93IjoiNDZiNjVjMyJ9\" href='https:\/\/arche-ruethen.de\/wp-content\/uploads\/2022\/02\/56F9EEEE-204A-41D2-985A-F01D9462390D.jpeg'><img loading=\"lazy\" decoding=\"async\" width=\"150\" height=\"150\" src=\"https:\/\/arche-ruethen.de\/wp-content\/uploads\/2022\/02\/56F9EEEE-204A-41D2-985A-F01D9462390D-150x150.jpeg\" class=\"attachment-thumbnail size-thumbnail\" alt=\"\" srcset=\"https:\/\/arche-ruethen.de\/wp-content\/uploads\/2022\/02\/56F9EEEE-204A-41D2-985A-F01D9462390D-150x150.jpeg 150w, https:\/\/arche-ruethen.de\/wp-content\/uploads\/2022\/02\/56F9EEEE-204A-41D2-985A-F01D9462390D-300x300.jpeg 300w\" sizes=\"(max-width: 150px) 100vw, 150px\" \/><\/a>\n\t\t\t<\/dt><\/dl>\n\t\t\t<br style='clear: both' \/>\n\t\t<\/div>\n\t\t<\/div>\n\t\t\t\t\t\t<\/div>\n\t\t\t\t<\/div>\n\t\t\t\t<div class=\"elementor-element elementor-element-780345c elementor-widget elementor-widget-menu-anchor\" data-id=\"780345c\" data-element_type=\"widget\" data-e-type=\"widget\" data-widget_type=\"menu-anchor.default\">\n\t\t\t\t<div class=\"elementor-widget-container\">\n\t\t\t\t\t\t\t<div class=\"elementor-menu-anchor\" id=\"Familienzentrum\"><\/div>\n\t\t\t\t\t\t<\/div>\n\t\t\t\t<\/div>\n\t\t\t\t<div class=\"elementor-element elementor-element-d29a29b elementor-widget elementor-widget-text-editor\" data-id=\"d29a29b\" data-element_type=\"widget\" data-e-type=\"widget\" data-widget_type=\"text-editor.default\">\n\t\t\t\t<div class=\"elementor-widget-container\">\n\t\t\t\t\t\t\t\t\t<h3 class=\"elementor-image-box-title elementor-inline-editing pen\" contenteditable=\"true\" data-elementor-setting-key=\"title_text\" data-elementor-inline-editing-toolbar=\"none\" data-pen-placeholder=\"Eingabe hier...\">Informationen des Familienzentrums<\/h3>\t\t\t\t\t\t\t\t<\/div>\n\t\t\t\t<\/div>\n\t\t\t\t<div class=\"elementor-element elementor-element-4413dc5 elementor-widget elementor-widget-text-editor\" data-id=\"4413dc5\" data-element_type=\"widget\" data-e-type=\"widget\" data-widget_type=\"text-editor.default\">\n\t\t\t\t<div class=\"elementor-widget-container\">\n\t\t\t\t\t\t\t\t\t<p><img loading=\"lazy\" decoding=\"async\" class=\"alignnone size-full wp-image-16 aligncenter\" src=\"http:\/\/archewordpress.arche-ruethen.de\/wp-content\/uploads\/2019\/07\/fami_zent.jpg\" alt=\"\" width=\"258\" height=\"196\" \/><\/p>\t\t\t\t\t\t\t\t<\/div>\n\t\t\t\t<\/div>\n\t\t\t\t<div class=\"elementor-element elementor-element-9dfe5ef elementor-widget elementor-widget-text-editor\" data-id=\"9dfe5ef\" data-element_type=\"widget\" data-e-type=\"widget\" data-widget_type=\"text-editor.default\">\n\t\t\t\t<div class=\"elementor-widget-container\">\n\t\t\t\t\t\t\t\t\t<ul>\n<li><span style=\"font-size: 16px;\"><strong>Die Arche ist erneut zertifiziert<\/strong> und damit weiterhin als Familienzentrum f\u00fcr die Belange von Kindern und Eltern da. &#8211;&nbsp; Alle vier Jahre muss f\u00fcr das G\u00fctesiegel als Familienzentrum NRW eine gro\u00dfe Anzahl an Unterlagen eingereicht und deren Inhalt dann bei einer Begehung von unabh\u00e4ngigen Qualit\u00e4tspr\u00fcfern best\u00e4tigt werden. Insgesamt gibt es drei Familienzentren in R\u00fcthen, die gemeinsam und konstruktiv an einem umfangreichen Angebot f\u00fcr R\u00fcthen und die umliegenden Ortschaften arbeiten. Mit gro\u00dfem Erfolg hat die Arche die Rezertifizierung bestanden und di Qualit\u00e4t der Arbeit wurde mit dem G\u00fctesiegel best\u00e4tigt. Vielf\u00e4ltige p\u00e4dagogische Themen wurden mit Bick auf aktuelle Herausforderungen, wie z.B. die Rolle digitaler Medien f\u00fcr Kinder, und passend zu den Bed\u00fcrfnissen der Familien in Form von Veranstaltungen und Beratungsangeboten aufgegriffen. Davon profitieren die Eltern und nat\u00fcrlich vor allem die Kinder, die sich, ebenso wie das p\u00e4dagogische Personal und der Arche-Vorstand, riesig \u00fcber die Fortf\u00fchrung der Arbeit als Familienzentrum freuen.<img loading=\"lazy\" decoding=\"async\" class=\"aligncenter wp-image-1486\" src=\"http:\/\/archewordpress.arche-ruethen.de\/wp-content\/uploads\/2024\/05\/Foto-Arche-Ruethen-Rezertifizierung-1024x765.png\" alt=\"\" width=\"601\" height=\"449\" srcset=\"https:\/\/arche-ruethen.de\/wp-content\/uploads\/2024\/05\/Foto-Arche-Ruethen-Rezertifizierung-1024x765.png 1024w, https:\/\/arche-ruethen.de\/wp-content\/uploads\/2024\/05\/Foto-Arche-Ruethen-Rezertifizierung-300x224.png 300w, https:\/\/arche-ruethen.de\/wp-content\/uploads\/2024\/05\/Foto-Arche-Ruethen-Rezertifizierung-768x574.png 768w, https:\/\/arche-ruethen.de\/wp-content\/uploads\/2024\/05\/Foto-Arche-Ruethen-Rezertifizierung-1536x1148.png 1536w, https:\/\/arche-ruethen.de\/wp-content\/uploads\/2024\/05\/Foto-Arche-Ruethen-Rezertifizierung-2048x1531.png 2048w\" sizes=\"(max-width: 601px) 100vw, 601px\" \/><\/span><\/li>\n<\/ul>\t\t\t\t\t\t\t\t<\/div>\n\t\t\t\t<\/div>\n\t\t\t\t<div class=\"elementor-element elementor-element-e856251 elementor-widget elementor-widget-text-editor\" data-id=\"e856251\" data-element_type=\"widget\" data-e-type=\"widget\" data-widget_type=\"text-editor.default\">\n\t\t\t\t<div class=\"elementor-widget-container\">\n\t\t\t\t\t\t\t\t\t<ul><li><span style=\"font-size: 16px;\">Gemeinsam mit den beiden anderen R\u00fcthener Familienzentren (Zwergenland, Altenr\u00fcthen und St. Josef, R\u00fcthen) und Alexander Fromme (Leiter der Erziehungsberatungsstelle, Warstein) haben wir f\u00fcr den 26.09. Interessierte zum <strong>offenen Themenabend: \u201eNeu in der Kita \u2013 wie gelingt der \u00dcbergang?\u201c<\/strong> eingeladen. Gekommen sind Eltern, deren Kinder gerade in der Eingew\u00f6hnung in der Kita bzw. bei einer Tagesmutter sind, deren Kinder den \u00dcbergang n\u00e4chstes Jahr erleben werden, eine Tagesmutter und mehrere Erzieherinnen aus den R\u00fcthener Kitas. Nach einem Impulsvortrag von Alexander Fromme gab es eine spannende und fruchtbare Diskussion \u00fcber unterschiedliche Eingew\u00f6hnungskonzepte, \u00fcber Hinderliches und F\u00f6rderliches und \u00fcber die Frage, wie Vertrauen zwischen allen Beteiligten wachsen kann.<\/span><\/li><\/ul>\t\t\t\t\t\t\t\t<\/div>\n\t\t\t\t<\/div>\n\t\t\t\t<div class=\"elementor-element elementor-element-81a0098 elementor-widget elementor-widget-text-editor\" data-id=\"81a0098\" data-element_type=\"widget\" data-e-type=\"widget\" data-widget_type=\"text-editor.default\">\n\t\t\t\t<div class=\"elementor-widget-container\">\n\t\t\t\t\t\t\t\t\t<ul><li><span style=\"font-size: 16px;\"><strong>Gespr\u00e4che zur Erziehungsberatung<\/strong> werden von der Beratungsstelle, Warstein weiterhin regelm\u00e4\u00dfig einmal im Monat in der Arche angeboten. (Termine s. hinten); Terminabsprachen sind im Arche-B\u00fcro, in den Gruppen oder direkt in der Beratungsstelle (02902\/91035950) m\u00f6glich.<\/span><\/li><\/ul>\t\t\t\t\t\t\t\t<\/div>\n\t\t\t\t<\/div>\n\t\t\t\t<div class=\"elementor-element elementor-element-e7c05d6 elementor-widget elementor-widget-text-editor\" data-id=\"e7c05d6\" data-element_type=\"widget\" data-e-type=\"widget\" data-widget_type=\"text-editor.default\">\n\t\t\t\t<div class=\"elementor-widget-container\">\n\t\t\t\t\t\t\t\t\t<ul>\n<li><span style=\"font-size: 16px;\">Tolle <strong>Aktion f\u00fcr Familien zum Jahr der Artenvielfalt<\/strong>: Am 14.10. geht es um 18.30 Uhr vom Waldschiff im Bibertal aus zur <strong>Fledermausf\u00fchrung!<\/strong> Anmeldung \u00fcber: <a href=\"mailto:jda2023ruethen@gmx.de\">jda2023ruethen@gmx.de<\/a>&nbsp;.<\/span><\/li>\n<\/ul>\t\t\t\t\t\t\t\t<\/div>\n\t\t\t\t<\/div>\n\t\t\t\t<div class=\"elementor-element elementor-element-3c3e75d elementor-widget elementor-widget-text-editor\" data-id=\"3c3e75d\" data-element_type=\"widget\" data-e-type=\"widget\" data-widget_type=\"text-editor.default\">\n\t\t\t\t<div class=\"elementor-widget-container\">\n\t\t\t\t\t\t\t\t\t<ul><li><span style=\"font-size: 16px;\">Die <strong>Beratung in Sachen Erziehung<\/strong>, Entwicklung und F\u00f6rderung der Kinder findet wie gewohnt im Personalraum der Arche statt (Termine s.u.). Der Leiter der Beratungsstelle Warstein, Alexander Fromme, kommt als Ansprechpartner zu uns in die Arche. Herzliche Einladung, das kostenlose Hilfsangebot bei Bedarf zu nutzen (Terminabsprache \u00fcber die Gruppenerzieherinnen oder das Arche-B\u00fcro).<\/span><\/li><\/ul>\t\t\t\t\t\t\t\t<\/div>\n\t\t\t\t<\/div>\n\t\t\t\t<div class=\"elementor-element elementor-element-882d103 elementor-widget elementor-widget-text-editor\" data-id=\"882d103\" data-element_type=\"widget\" data-e-type=\"widget\" data-widget_type=\"text-editor.default\">\n\t\t\t\t<div class=\"elementor-widget-container\">\n\t\t\t\t\t\t\t\t\t<ul><li><span style=\"font-size: 16px;\">Sowohl die Eltern- als auch die Kinderauff\u00fchrung der &#8222;tpw-Osnabr\u00fcck&#8220;<strong> &#8222;Die gro\u00dfe Neintonne&#8220;<\/strong> bieten wir in Kooperation mit R\u00fcthens kath. Kinderg\u00e4rten St. Marien, St. Josef und St. Clemens an. Die Elternveranstaltung findet in der Mensa der Sekundarschule und die Kinderauff\u00fchrung in der Turnhalle der Arche statt (Termine: siehe Termin\u00fcbersicht oben).<\/span><\/li><\/ul>\t\t\t\t\t\t\t\t<\/div>\n\t\t\t\t<\/div>\n\t\t\t\t<div class=\"elementor-element elementor-element-f88ecbc elementor-widget elementor-widget-text-editor\" data-id=\"f88ecbc\" data-element_type=\"widget\" data-e-type=\"widget\" data-widget_type=\"text-editor.default\">\n\t\t\t\t<div class=\"elementor-widget-container\">\n\t\t\t\t\t\t\t\t\t<ul><li><span style=\"font-size: 16px;\">Der <strong>Film zum Thema \u201eCorona und die Kinder\u201c<\/strong> (ein Interview mit Hirnforscher Gerald H\u00fcther), den wir in der Arche am Nachmittag des 23. Februar gezeigt haben, hat die Teilnehmenden zum Nachdenken und zum intensiven Austausch angeregt. Eltern, die nicht teilnehmen konnten, haben sich den Film im Anschluss ausgeliehen und k\u00f6nnen dies noch weiterhin tun.<br \/>Am gleichen Abend\u00a0 (23.02.) haben einige Eltern und Erzieherinnen der Arche im Zwergenland, Altenr\u00fcthen an einer <strong>Veranstaltung zum Thema \u201eWut- und Trotzphase\u201c<\/strong> teilgenommen. Referent war Alexander Fromme (Erziehungsberatungsstelle). Die Arche und das Zwergenland als R\u00fcthens Familienzentren laden sich gegenseitig zu Aktionen ein und arbeiten auch sonst eng zusammen.<\/span><\/li><\/ul>\t\t\t\t\t\t\t\t<\/div>\n\t\t\t\t<\/div>\n\t\t\t\t<div class=\"elementor-element elementor-element-9d3f833 elementor-widget elementor-widget-text-editor\" data-id=\"9d3f833\" data-element_type=\"widget\" data-e-type=\"widget\" data-widget_type=\"text-editor.default\">\n\t\t\t\t<div class=\"elementor-widget-container\">\n\t\t\t\t\t\t\t\t\t<ul><li><span style=\"font-size: 16px;\">Zum Themenabend <strong>\u201eKinder begleiten in Zeiten von Abschied und Trauer\u201c<\/strong> mit Klemens Reith sind am 14. M\u00e4rz 18 interessierte Eltern und Erzieherinnen (aus mehreren Kitas) in die Arche gekommen. Sehr intensiv wurde das wichtige Thema u.a. in Kleingruppen mit Hilfe von ausgesuchten Bilderb\u00fcchern besprochen. Ein sehr guter und hilfreicher Austausch!<\/span><\/li><\/ul><p style=\"margin-bottom: 0cm; line-height: 100%;\">\u00a0<\/p>\t\t\t\t\t\t\t\t<\/div>\n\t\t\t\t<\/div>\n\t\t\t\t<div class=\"elementor-element elementor-element-05b67d3 elementor-widget elementor-widget-text-editor\" data-id=\"05b67d3\" data-element_type=\"widget\" data-e-type=\"widget\" data-widget_type=\"text-editor.default\">\n\t\t\t\t<div class=\"elementor-widget-container\">\n\t\t\t\t\t\t\t\t\t<ul><li><span style=\"font-size: 16px;\"><strong>\u201eFit in den Fr\u00fchling\u201c<\/strong> wollen 7 Frauen aus R\u00fcthen starten, die sich f\u00fcr einen Fitnesskurs im M\u00e4rz angemeldet haben. Die ausgebildete<br \/>Sportp\u00e4dagogin und Arche-Mama Julita Gwiazda-Karynal, die das Arche-Team auch als Alltagshelferin unterst\u00fctzt, hat ein anspruchsvolles Trainingsprogramm ausgearbeitet, das nicht nur dem K\u00f6rper guttut. Es wird \u00fcberlegt, das Programm nach Ostern fortzusetzen\u2026Klasse!<\/span><\/li><\/ul><p style=\"margin-bottom: 0cm; line-height: 100%;\">\u00a0<\/p>\t\t\t\t\t\t\t\t<\/div>\n\t\t\t\t<\/div>\n\t\t\t\t<div class=\"elementor-element elementor-element-d7b6572 elementor-widget elementor-widget-text-editor\" data-id=\"d7b6572\" data-element_type=\"widget\" data-e-type=\"widget\" data-widget_type=\"text-editor.default\">\n\t\t\t\t<div class=\"elementor-widget-container\">\n\t\t\t\t\t\t\t\t\t<ul><li><span style=\"font-size: 16px;\"><strong>Elterncoaching<\/strong> im Familienzentrum: Zus\u00e4tzlich zu den Entwicklungsgespr\u00e4chen, in denen die Kinder im Mittelpunkt stehen, und der Erziehungsberatung, die einmal monatlich genutzt werden kann, bieten wir in der Arche ab sofort ein kostenfreies Elterncoaching an. Anliegen ist es, die Eltern in ihrer Rolle als Mutter und Vater zu st\u00e4rken, indem sie in einem gesch\u00fctzten Rahmen Themen und Unsicherheiten im<br \/>Umgang mit ihren Kindern ansehen und besprechen k\u00f6nnen. N\u00e4here Information und Termine dazu gibt es im B\u00fcro bei Bernadett, die sich zurzeit als Coach ausbilden l\u00e4sst (s. auch Aushang im Treppenhaus).<\/span><\/li><\/ul><p style=\"margin-bottom: 0cm; line-height: 100%;\">\u00a0<\/p>\t\t\t\t\t\t\t\t<\/div>\n\t\t\t\t<\/div>\n\t\t\t\t<div class=\"elementor-element elementor-element-af09be2 elementor-widget elementor-widget-text-editor\" data-id=\"af09be2\" data-element_type=\"widget\" data-e-type=\"widget\" data-widget_type=\"text-editor.default\">\n\t\t\t\t<div class=\"elementor-widget-container\">\n\t\t\t\t\t\t\t\t\t<ul><li><span style=\"font-size: 16px;\">Zum <strong>offenen Themenabend \u201eKinder und <\/strong><strong>Medien\u201c<\/strong> am Montag, 22.05. um 19.30 Uhr laden wir alle Interessierten herzlich ein. Kinder m\u00fcssen lernen, kompetent mit Medien umzugehen und brauchen unbedingt Unterst\u00fctzung dabei! Das Medienzentrum Soest bietet dazu eine Informationsveranstaltung an, die viel Raum f\u00fcr Fragen und Austausch l\u00e4sst.<\/span><\/li><\/ul><p style=\"margin-bottom: 0cm; line-height: 100%;\">\u00a0<\/p>\t\t\t\t\t\t\t\t<\/div>\n\t\t\t\t<\/div>\n\t\t\t\t<div class=\"elementor-element elementor-element-ea121e7 elementor-widget elementor-widget-text-editor\" data-id=\"ea121e7\" data-element_type=\"widget\" data-e-type=\"widget\" data-widget_type=\"text-editor.default\">\n\t\t\t\t<div class=\"elementor-widget-container\">\n\t\t\t\t\t\t\t\t\t<ul><li><span style=\"font-size: 16px;\">Das <strong>Pr\u00e4ventionsst\u00fcck &#8222;Die gro\u00dfe Nein-Tonne&#8220;<\/strong> in der Arche sahen am 29.11.2022 au\u00dfer unseren Schulanf\u00e4ngern auch die Kinder aus den Kinderg\u00e4rten St. Marien und St. Clemens. Gut, dass es auch dieses Jahr wieder stattfinden konnte.<\/span><\/li><\/ul><p style=\"margin-bottom: 0cm; line-height: 100%;\">\u00a0<\/p>\t\t\t\t\t\t\t\t<\/div>\n\t\t\t\t<\/div>\n\t\t\t\t<div class=\"elementor-element elementor-element-baecbca elementor-widget elementor-widget-text-editor\" data-id=\"baecbca\" data-element_type=\"widget\" data-e-type=\"widget\" data-widget_type=\"text-editor.default\">\n\t\t\t\t<div class=\"elementor-widget-container\">\n\t\t\t\t\t\t\t\t\t<ul><li><span style=\"font-size: 16px;\"><img loading=\"lazy\" decoding=\"async\" class=\"alignright wp-image-1182\" title=\"Alexander Fromme\" src=\"http:\/\/archewordpress.arche-ruethen.de\/wp-content\/uploads\/2023\/01\/66A09E08-3945-48E6-B56B-CEE4508E500E-198x300.jpeg\" alt=\"\" width=\"150\" height=\"227\" srcset=\"https:\/\/arche-ruethen.de\/wp-content\/uploads\/2023\/01\/66A09E08-3945-48E6-B56B-CEE4508E500E-198x300.jpeg 198w, https:\/\/arche-ruethen.de\/wp-content\/uploads\/2023\/01\/66A09E08-3945-48E6-B56B-CEE4508E500E-677x1024.jpeg 677w, https:\/\/arche-ruethen.de\/wp-content\/uploads\/2023\/01\/66A09E08-3945-48E6-B56B-CEE4508E500E-768x1162.jpeg 768w, https:\/\/arche-ruethen.de\/wp-content\/uploads\/2023\/01\/66A09E08-3945-48E6-B56B-CEE4508E500E.jpeg 925w\" sizes=\"(max-width: 150px) 100vw, 150px\" \/>Gespr\u00e4che zur <strong>Erziehungsberatung<\/strong> werden von der Beratungsstelle Warstein weiterhin regelm\u00e4\u00dfig einmal im Monat in der Arche angeboten (siehe Termin\u00fcbersicht oben); Gespr\u00e4chspartner zu Themen rund um die Erziehung ist der Leiter der Beratungsstelle, Alexander Fromme. Terminabsprachen sind im Arche-B\u00fcro, in den Gruppen oder direkt in der Beratungsstelle (02902\/ 91035950) m\u00f6glich.\u00a0<\/span><\/li><\/ul><div><span style=\"font-size: 16px;\">\u00a0<\/span><\/div><div>\u00a0<\/div><p style=\"margin-bottom: 0cm; line-height: 100%;\">\u00a0<\/p>\t\t\t\t\t\t\t\t<\/div>\n\t\t\t\t<\/div>\n\t\t\t\t<div class=\"elementor-element elementor-element-7ea83b2 elementor-widget elementor-widget-text-editor\" data-id=\"7ea83b2\" data-element_type=\"widget\" data-e-type=\"widget\" data-widget_type=\"text-editor.default\">\n\t\t\t\t<div class=\"elementor-widget-container\">\n\t\t\t\t\t\t\t\t\t<ul><li><span style=\"font-size: 16px;\">Zu dem wichtigen Thema: <strong>&#8222;Was die Angst vor Corona mit unseren Kindern macht und wie wir sie besser davor sch\u00fctzen k\u00f6nnen&#8220;<\/strong> bieten wir am 23.02.2023 um 15.30 Uhr einen <strong>Filmnachmittag f\u00fcr Eltern<\/strong> (mit Kinderbetreuung) an. Der bekannte Neurobiologe Gerald H\u00fcther wird im Film dazu interviewt. Anschlie\u00dfend kann es einen offenen Austausch zum Thema und zu eigenen Erfahrungen damit geben.<\/span><\/li><\/ul>\t\t\t\t\t\t\t\t<\/div>\n\t\t\t\t<\/div>\n\t\t\t\t<div class=\"elementor-element elementor-element-85ad1e4 elementor-widget elementor-widget-text-editor\" data-id=\"85ad1e4\" data-element_type=\"widget\" data-e-type=\"widget\" data-widget_type=\"text-editor.default\">\n\t\t\t\t<div class=\"elementor-widget-container\">\n\t\t\t\t\t\t\t\t\t<ul><li><span style=\"font-size: 16px;\">Zwischen Karneval und Ostern laden wir wieder zum offenen <strong>Themenabend<\/strong> ein. Die Trauerbegleiterin und Koordinatorin im Leuchtturm, Schwerte (Beratungszentrum f\u00fcr trauernde Kinder, Jugendliche und Familien) Walburga Schnock-St\u00f6rmer, bespricht mit allen Interessierten das Thema:<strong> &#8222;Da war es auf einmal so still&#8220; &#8211; Kinder begleiten durch Zeiten von Abschied und Trauer.<\/strong> Genauer Termin und Einladung folgen&#8230;<\/span><\/li><\/ul>\t\t\t\t\t\t\t\t<\/div>\n\t\t\t\t<\/div>\n\t\t\t\t<div class=\"elementor-element elementor-element-6f83f87 elementor-widget elementor-widget-text-editor\" data-id=\"6f83f87\" data-element_type=\"widget\" data-e-type=\"widget\" data-widget_type=\"text-editor.default\">\n\t\t\t\t<div class=\"elementor-widget-container\">\n\t\t\t\t\t\t\t\t\t<ul><li><span style=\"font-size: 16px;\">F\u00fcr das Fr\u00fchjahr planen wir ein neues <strong>Bewegungsangebot f\u00fcr Eltern: &#8222;Fit in den Fr\u00fchling&#8220;.<\/strong> Die Arche-Mutter und -Mitarbeiterin Julita Gwiazda-Kardynal hat sich als ausgebildete Sportp\u00e4dagogin dazu schon Gedanken gemacht. Wir stellen uns einen 4-Wochen-Kurs im M\u00e4rz vor: dienstags, von 17.00-18.00 Uhr (evtl. sp\u00e4ter) in der Arche-Turnhalle. Falls Ihr Interesse habt: meldet Euch gern schon jetzt bei Julita oder beim Arche-Team.<\/span><\/li><\/ul>\t\t\t\t\t\t\t\t<\/div>\n\t\t\t\t<\/div>\n\t\t\t\t<div class=\"elementor-element elementor-element-c896b93 elementor-widget elementor-widget-text-editor\" data-id=\"c896b93\" data-element_type=\"widget\" data-e-type=\"widget\" data-widget_type=\"text-editor.default\">\n\t\t\t\t<div class=\"elementor-widget-container\">\n\t\t\t\t\t\t\t\t\t<ul><li><span style=\"font-size: 12pt; font-weight: var( --e-global-typography-text-font-weight );\">In Kooperation mit dem Familienzentrum Zwergenland und finanziert vom Kinderschutzbund und dem Jugendamt, Soest konnten wir in der Gemeindehalle Altenr\u00fcthen mit den Schulanf\u00e4ngern das St\u00fcck \u201eDie gro\u00dfe Nein-Tonne\u201c der <strong>theaterp\u00e4dagogischen Werkstat<\/strong>t, Osnabr\u00fcck ansehen. Danke an Andreas Franke und Silke Bergmann, die beim Transport der Kinder unterst\u00fctzt haben.\u00a0<\/span><\/li><\/ul><p style=\"margin-bottom: 0cm; line-height: 100%;\">\u00a0<\/p>\t\t\t\t\t\t\t\t<\/div>\n\t\t\t\t<\/div>\n\t\t\t\t<div class=\"elementor-element elementor-element-ecec424 elementor-widget elementor-widget-image-gallery\" data-id=\"ecec424\" data-element_type=\"widget\" data-e-type=\"widget\" data-widget_type=\"image-gallery.default\">\n\t\t\t\t<div class=\"elementor-widget-container\">\n\t\t\t\t\t\t\t<div class=\"elementor-image-gallery\">\n\t\t\t\n\t\t<style type=\"text\/css\">\n\t\t\t#gallery-15 {\n\t\t\t\tmargin: auto;\n\t\t\t}\n\t\t\t#gallery-15 .gallery-item {\n\t\t\t\tfloat: left;\n\t\t\t\tmargin-top: 10px;\n\t\t\t\ttext-align: center;\n\t\t\t\twidth: 25%;\n\t\t\t}\n\t\t\t#gallery-15 img {\n\t\t\t\tborder: 2px solid #cfcfcf;\n\t\t\t}\n\t\t\t#gallery-15 .gallery-caption {\n\t\t\t\tmargin-left: 0;\n\t\t\t}\n\t\t\t\/* see gallery_shortcode() in wp-includes\/media.php *\/\n\t\t<\/style>\n\t\t<div id='gallery-15' class='gallery galleryid-230 gallery-columns-4 gallery-size-thumbnail'><dl class='gallery-item'>\n\t\t\t<dt class='gallery-icon landscape'>\n\t\t\t\t<a data-elementor-open-lightbox=\"yes\" data-elementor-lightbox-slideshow=\"ecec424\" data-elementor-lightbox-title=\"3EB1115D-D34D-4042-B145-6AF331CA6D47\" data-e-action-hash=\"#elementor-action%3Aaction%3Dlightbox%26settings%3DeyJpZCI6OTIwLCJ1cmwiOiJodHRwczpcL1wvYXJjaGUtcnVldGhlbi5kZVwvd3AtY29udGVudFwvdXBsb2Fkc1wvMjAyMVwvMTBcLzNFQjExMTVELUQzNEQtNDA0Mi1CMTQ1LTZBRjMzMUNBNkQ0Ny1zY2FsZWQuanBlZyIsInNsaWRlc2hvdyI6ImVjZWM0MjQifQ%3D%3D\" href='https:\/\/arche-ruethen.de\/wp-content\/uploads\/2021\/10\/3EB1115D-D34D-4042-B145-6AF331CA6D47-scaled.jpeg'><img loading=\"lazy\" decoding=\"async\" width=\"150\" height=\"150\" src=\"https:\/\/arche-ruethen.de\/wp-content\/uploads\/2021\/10\/3EB1115D-D34D-4042-B145-6AF331CA6D47-150x150.jpeg\" class=\"attachment-thumbnail size-thumbnail\" alt=\"\" srcset=\"https:\/\/arche-ruethen.de\/wp-content\/uploads\/2021\/10\/3EB1115D-D34D-4042-B145-6AF331CA6D47-150x150.jpeg 150w, https:\/\/arche-ruethen.de\/wp-content\/uploads\/2021\/10\/3EB1115D-D34D-4042-B145-6AF331CA6D47-300x300.jpeg 300w\" sizes=\"(max-width: 150px) 100vw, 150px\" \/><\/a>\n\t\t\t<\/dt><\/dl><dl class='gallery-item'>\n\t\t\t<dt class='gallery-icon landscape'>\n\t\t\t\t<a data-elementor-open-lightbox=\"yes\" data-elementor-lightbox-slideshow=\"ecec424\" data-elementor-lightbox-title=\"D89564EF-5467-4746-AC39-8536E241FDC5\" data-e-action-hash=\"#elementor-action%3Aaction%3Dlightbox%26settings%3DeyJpZCI6OTE4LCJ1cmwiOiJodHRwczpcL1wvYXJjaGUtcnVldGhlbi5kZVwvd3AtY29udGVudFwvdXBsb2Fkc1wvMjAyMVwvMTBcL0Q4OTU2NEVGLTU0NjctNDc0Ni1BQzM5LTg1MzZFMjQxRkRDNS1zY2FsZWQuanBlZyIsInNsaWRlc2hvdyI6ImVjZWM0MjQifQ%3D%3D\" href='https:\/\/arche-ruethen.de\/wp-content\/uploads\/2021\/10\/D89564EF-5467-4746-AC39-8536E241FDC5-scaled.jpeg'><img loading=\"lazy\" decoding=\"async\" width=\"150\" height=\"150\" src=\"https:\/\/arche-ruethen.de\/wp-content\/uploads\/2021\/10\/D89564EF-5467-4746-AC39-8536E241FDC5-150x150.jpeg\" class=\"attachment-thumbnail size-thumbnail\" alt=\"\" srcset=\"https:\/\/arche-ruethen.de\/wp-content\/uploads\/2021\/10\/D89564EF-5467-4746-AC39-8536E241FDC5-150x150.jpeg 150w, https:\/\/arche-ruethen.de\/wp-content\/uploads\/2021\/10\/D89564EF-5467-4746-AC39-8536E241FDC5-300x300.jpeg 300w\" sizes=\"(max-width: 150px) 100vw, 150px\" \/><\/a>\n\t\t\t<\/dt><\/dl>\n\t\t\t<br style='clear: both' \/>\n\t\t<\/div>\n\t\t<\/div>\n\t\t\t\t\t\t<\/div>\n\t\t\t\t<\/div>\n\t\t\t\t<div class=\"elementor-element elementor-element-d5c088a elementor-widget elementor-widget-text-editor\" data-id=\"d5c088a\" data-element_type=\"widget\" data-e-type=\"widget\" data-widget_type=\"text-editor.default\">\n\t\t\t\t<div class=\"elementor-widget-container\">\n\t\t\t\t\t\t\t\t\t<ul><li><span style=\"font-size: 12pt; font-weight: var( --e-global-typography-text-font-weight );\">Ebenfalls in Kooperation mit dem Zwergenland konnten Eltern an einer kostenfreien <strong>Vortragsreihe zum Thema \u201eTriple P\u201c<\/strong> (<strong>P<\/strong>ositiv <strong>P<\/strong>arenting <strong>P<\/strong>rogram) teilnehmen. Herr Plotz, der Leiter der Erziehungs-Beratungsstelle, Warstein, stellte das Erziehungsprogramm vor und erarbeitete mit den Teilnehmenden hilfreiche Ideen im Umgang mit typischen Herausforderungen im oft anstrengenden Erziehungsalltag.<\/span><\/li><\/ul><p style=\"margin-bottom: 0cm; line-height: 100%;\">\u00a0<\/p>\t\t\t\t\t\t\t\t<\/div>\n\t\t\t\t<\/div>\n\t\t\t\t<div class=\"elementor-element elementor-element-b69675f elementor-widget elementor-widget-text-editor\" data-id=\"b69675f\" data-element_type=\"widget\" data-e-type=\"widget\" data-widget_type=\"text-editor.default\">\n\t\t\t\t<div class=\"elementor-widget-container\">\n\t\t\t\t\t\t\t\t\t<ul><li><span style=\"font-size: 12pt; font-weight: var( --e-global-typography-text-font-weight );\">In <\/span><strong style=\"font-size: 12pt;\">Kooperation mit dem Familienzentrum Zwergenland, Altenr\u00fcthen<\/strong><span style=\"font-size: 12pt; font-weight: var( --e-global-typography-text-font-weight );\"> bieten wir im September wieder das <\/span><strong style=\"font-size: 12pt;\">Pr\u00e4ventions-Theaterprogramm<\/strong><span style=\"font-size: 12pt; font-weight: var( --e-global-typography-text-font-weight );\"> der theaterp\u00e4dagogischen Werkstatt, Osnabr\u00fcck an. F\u00fcr die Schulanf\u00e4nger 2022 wird das St\u00fcck <\/span><strong style=\"font-size: 12pt;\">&#8222;Die gro\u00dfe Nein-Tonne&#8220;<\/strong><span style=\"font-size: 12pt; font-weight: var( --e-global-typography-text-font-weight );\"> gezeigt, und eine Elterninformation dazu wird zusammengestellt. Es geht dabei um die Unterscheidung zwischen l\u00e4stigen, aber sinnvollen Regeln und inakzeptabler Fremdbestimmung. Die Kinder sollen sensibilisiert werden, ihrem eigenen &#8222;Nein-Gef\u00fchl&#8220; zu trauen, um ein gesundes Selbstbewusstsein entwickeln zu k\u00f6nnen. Das St\u00fcck soll auch Mut machen, sich gegen (k\u00f6rperliche) Grenzverletzungen zu wehren.<\/span><\/li><\/ul><p style=\"margin-bottom: 0cm; line-height: 100%;\">\u00a0<\/p>\t\t\t\t\t\t\t\t<\/div>\n\t\t\t\t<\/div>\n\t\t\t\t<div class=\"elementor-element elementor-element-c34cd4b elementor-widget elementor-widget-text-editor\" data-id=\"c34cd4b\" data-element_type=\"widget\" data-e-type=\"widget\" data-widget_type=\"text-editor.default\">\n\t\t\t\t<div class=\"elementor-widget-container\">\n\t\t\t\t\t\t\t\t\t<ul><li><span style=\"font-size: 12pt; font-weight: var( --e-global-typography-text-font-weight );\">Der <\/span><b style=\"font-size: 12pt;\">Fastenkurs f\u00fcr Gesunde<\/b><span style=\"font-size: 12pt; font-weight: var( --e-global-typography-text-font-weight );\"> vom 26.02. bis 05.03.21 konnte, anders als \u00fcblich, in digitaler Form stattfinden. die Fastentreffen wurden als Videokonferenz organisiert. Dieser Kurs mit der Fastenleiterin Dorothe Bertlich-Baumeister aus Lippstadt geh\u00f6rt zum festen, allj\u00e4hrlichen Gesundheitsangebot des Familienzentrums. Toll, dass er auch dieses Jahr stattfinden konnte. Es gab viele sch\u00f6ne R\u00fcckmeldungen von den Teilnehmerinnen.\u00a0<\/span><\/li><\/ul><ul><li><span style=\"font-size: 12.0pt;\">Verschiedene Bildungseinrichtungen bieten im Moment <b>Themenabende f\u00fcr Eltern als Online-Veranstaltungen <\/b>an. Wir leiten interessante Angebote in Zukunft gern an Euch weiter. Die Anmeldung dazu kann dann direkt \u00fcber den Anbieter der Fortbildung erfolgen. Falls Ihr dar\u00fcber hinaus Themenw\u00fcnsche oder drigende Anliegt habt: immer her damit. Wir versuchen dann, ein passendes Angebot zu finden oder zu organisieren.<\/span><\/li><\/ul><p style=\"margin-bottom: 0cm; line-height: 100%;\">\u00a0<\/p>\t\t\t\t\t\t\t\t<\/div>\n\t\t\t\t<\/div>\n\t\t\t\t<div class=\"elementor-element elementor-element-8c965af elementor-widget elementor-widget-text-editor\" data-id=\"8c965af\" data-element_type=\"widget\" data-e-type=\"widget\" data-widget_type=\"text-editor.default\">\n\t\t\t\t<div class=\"elementor-widget-container\">\n\t\t\t\t\t\t\t\t\t<ul>\n<li><span style=\"font-size: 12pt; font-weight: var( --e-global-typography-text-font-weight );\">Wie jedes Jahr planen wir f\u00fcr das Fr\u00fchjahr einen <\/span><b style=\"font-size: 12pt;\">Fastenkurs f\u00fcr Gesunde<\/b><span style=\"font-size: 12pt; font-weight: var( --e-global-typography-text-font-weight );\"> mit Fastenleiterin Dorothe Bertlich-Baumeister aus Lippstadt (Termine s. oben). Da wir uns voraussichtlich nicht in der Arche treffen k\u00f6nnen, denken wir \u2013 bei gen\u00fcgend Interesse \u2013 \u00fcber eine digitale Alternative nach. N\u00e4here Informationen und Anmeldung in der Arche bei Bernadett Peters.<\/span><br><\/li>\n<\/ul>\n<p style=\"margin-bottom: 0cm; line-height: 100%;\">\n<\/p>\t\t\t\t\t\t\t\t<\/div>\n\t\t\t\t<\/div>\n\t\t\t\t<div class=\"elementor-element elementor-element-234eecd elementor-widget elementor-widget-text-editor\" data-id=\"234eecd\" data-element_type=\"widget\" data-e-type=\"widget\" data-widget_type=\"text-editor.default\">\n\t\t\t\t<div class=\"elementor-widget-container\">\n\t\t\t\t\t\t\t\t\t<p><span style=\"font-family: arial;\"><small>Das alle vier Jahre durchgef\u00fchrte <b>Zertifizierungsverfahren <\/b>konnte noch rechtzeitig vor den Corona-Beschr\u00e4nkungen erfolgreich abgeschlossen werden. So sind wir berechtigt, weitere 4 Jahre das <b>G\u00fctesiegel &#8222;Familienzentrum NRW&#8220;<\/b> als Zusatz in unserem Namen tragen.<\/small><\/span><\/p><p style=\"margin-bottom: 0cm; line-height: 100%;\">\u00a0<\/p>\t\t\t\t\t\t\t\t<\/div>\n\t\t\t\t<\/div>\n\t\t\t\t<div class=\"elementor-element elementor-element-826d23a elementor-widget elementor-widget-text-editor\" data-id=\"826d23a\" data-element_type=\"widget\" data-e-type=\"widget\" data-widget_type=\"text-editor.default\">\n\t\t\t\t<div class=\"elementor-widget-container\">\n\t\t\t\t\t\t\t\t\t<ul style=\"background-color: transparent; color: #000000; font-family: 'Times New Roman'; font-variant-numeric: normal; font-variant-east-asian: normal;\"><li><span style=\"font-family: arial;\"><small>Spiel mal wieder\u201c \u2013 unter diesem Motto hat die Arche im November 19 einen <strong>Eltern-Kinder-Spielenachmittag <\/strong>angeboten. Der Paderborner Brettspielexperte Thomas Henze hatte viele interessante Spiele mitgebracht. Insgesamt 14 kleine und gro\u00dfe Leute waren der Einladung gefolgt. Vorausgegangen war ein Abend nur f\u00fcr Eltern, an dem viele Spiele vorgestellt und die Teilnehmer kompetent beraten wurden. \u00a0<\/small><\/span><\/li><\/ul>\t\t\t\t\t\t\t\t<\/div>\n\t\t\t\t<\/div>\n\t\t\t\t<div class=\"elementor-element elementor-element-668e985 elementor-widget elementor-widget-text-editor\" data-id=\"668e985\" data-element_type=\"widget\" data-e-type=\"widget\" data-widget_type=\"text-editor.default\">\n\t\t\t\t<div class=\"elementor-widget-container\">\n\t\t\t\t\t\t\t\t\t<ul style=\"background-color: transparent; color: #000000; font-family: 'Times New Roman'; font-variant-numeric: normal; font-variant-east-asian: normal;\"><li><span style=\"font-family: arial;\"><small>Elke Herder bietet auch in 2020 Kurse an: <strong>Tai-Chi f\u00fcr Fortgeschrittene und Qigong f\u00fcr Anf\u00e4nger<\/strong>. Beide Angebote sind als Pr\u00e4ventionskurse von den Krankenkassen anerkannt (Termine s. Termin\u00fcbersicht). Interessierte k\u00f6nnen sich bei Frau Herder melden (Tel. 02952\/3909 oder unter elkeherder@web.de).<\/small><\/span><\/li><\/ul>\t\t\t\t\t\t\t\t<\/div>\n\t\t\t\t<\/div>\n\t\t\t\t<div class=\"elementor-element elementor-element-46d9d4f elementor-widget elementor-widget-text-editor\" data-id=\"46d9d4f\" data-element_type=\"widget\" data-e-type=\"widget\" data-widget_type=\"text-editor.default\">\n\t\t\t\t<div class=\"elementor-widget-container\">\n\t\t\t\t\t\t\t\t\t<ul><li><span style=\"font-family: arial;\"><small>Im M\u00e4rz f\u00fchrt die Arche wie jedes Jahr einen <strong>Fastenkurs f\u00fcr Gesunde<\/strong> durch. Fastenleiterin ist Dorothe Bertlich-Baumeister aus Lippstadt (Termine s. Termin\u00fcbersicht). Auch \u201eErstfaster\u201c sind herzlich willkommen. Zur Info-Veranstaltung k\u00f6nnen auch Interessierte kommen, die nicht am Kurs teilnehmen wollen. Anmeldung in der Arche bei Bernadett Peters (02952\/653).<\/small><\/span><\/li><\/ul>\t\t\t\t\t\t\t\t<\/div>\n\t\t\t\t<\/div>\n\t\t\t\t<div class=\"elementor-element elementor-element-48e7538 elementor-widget elementor-widget-text-editor\" data-id=\"48e7538\" data-element_type=\"widget\" data-e-type=\"widget\" data-widget_type=\"text-editor.default\">\n\t\t\t\t<div class=\"elementor-widget-container\">\n\t\t\t\t\t\t\t\t\t<ul style=\"background-color: transparent; color: #000000; font-family: 'Times New Roman'; font-variant-numeric: normal; font-variant-east-asian: normal;\"><li><span style=\"font-family: arial;\"><small><strong>Unsere V\u00e4ter-Kinder-Aktionen 2019<\/strong> (im 1. Halbjahr: \u201eWanderung im Bibertal \u201c und im 2. Halbjahr \u201eKochen mit Birgit\u201c) sind sehr gut angekommen! Zur Wanderung mit Ranger J\u00f6rg Pahl kamen 14 V\u00e4ter mit 17 Kindern. Der Kochkurs war mit 10 V\u00e4tern und 10 Kindern voll belegt. Es gab viele sch\u00f6ne R\u00fcckmeldungen zu beiden Veranstaltungen.<\/small><\/span><\/li><\/ul>\t\t\t\t\t\t\t\t<\/div>\n\t\t\t\t<\/div>\n\t\t\t\t<div class=\"elementor-element elementor-element-01ef0a7 elementor-widget elementor-widget-image-gallery\" data-id=\"01ef0a7\" data-element_type=\"widget\" data-e-type=\"widget\" data-widget_type=\"image-gallery.default\">\n\t\t\t\t<div class=\"elementor-widget-container\">\n\t\t\t\t\t\t\t<div class=\"elementor-image-gallery\">\n\t\t\t\n\t\t<style type=\"text\/css\">\n\t\t\t#gallery-16 {\n\t\t\t\tmargin: auto;\n\t\t\t}\n\t\t\t#gallery-16 .gallery-item {\n\t\t\t\tfloat: left;\n\t\t\t\tmargin-top: 10px;\n\t\t\t\ttext-align: center;\n\t\t\t\twidth: 25%;\n\t\t\t}\n\t\t\t#gallery-16 img {\n\t\t\t\tborder: 2px solid #cfcfcf;\n\t\t\t}\n\t\t\t#gallery-16 .gallery-caption {\n\t\t\t\tmargin-left: 0;\n\t\t\t}\n\t\t\t\/* see gallery_shortcode() in wp-includes\/media.php *\/\n\t\t<\/style>\n\t\t<div id='gallery-16' class='gallery galleryid-230 gallery-columns-4 gallery-size-thumbnail'><dl class='gallery-item'>\n\t\t\t<dt class='gallery-icon landscape'>\n\t\t\t\t<a data-elementor-open-lightbox=\"yes\" data-elementor-lightbox-slideshow=\"01ef0a7\" data-elementor-lightbox-title=\"vaki19_wald_1 (2)\" data-e-action-hash=\"#elementor-action%3Aaction%3Dlightbox%26settings%3DeyJpZCI6Njk2LCJ1cmwiOiJodHRwczpcL1wvYXJjaGUtcnVldGhlbi5kZVwvd3AtY29udGVudFwvdXBsb2Fkc1wvMjAxOVwvMTBcL3Zha2kxOV93YWxkXzEtMi5qcGciLCJzbGlkZXNob3ciOiIwMWVmMGE3In0%3D\" href='https:\/\/arche-ruethen.de\/wp-content\/uploads\/2019\/10\/vaki19_wald_1-2.jpg'><img loading=\"lazy\" decoding=\"async\" width=\"150\" height=\"150\" src=\"https:\/\/arche-ruethen.de\/wp-content\/uploads\/2019\/10\/vaki19_wald_1-2-150x150.jpg\" class=\"attachment-thumbnail size-thumbnail\" alt=\"\" srcset=\"https:\/\/arche-ruethen.de\/wp-content\/uploads\/2019\/10\/vaki19_wald_1-2-150x150.jpg 150w, https:\/\/arche-ruethen.de\/wp-content\/uploads\/2019\/10\/vaki19_wald_1-2-300x300.jpg 300w\" sizes=\"(max-width: 150px) 100vw, 150px\" \/><\/a>\n\t\t\t<\/dt><\/dl><dl class='gallery-item'>\n\t\t\t<dt class='gallery-icon landscape'>\n\t\t\t\t<a data-elementor-open-lightbox=\"yes\" data-elementor-lightbox-slideshow=\"01ef0a7\" data-elementor-lightbox-title=\"vaki19_wald_1 (4)\" data-e-action-hash=\"#elementor-action%3Aaction%3Dlightbox%26settings%3DeyJpZCI6Njk4LCJ1cmwiOiJodHRwczpcL1wvYXJjaGUtcnVldGhlbi5kZVwvd3AtY29udGVudFwvdXBsb2Fkc1wvMjAxOVwvMTBcL3Zha2kxOV93YWxkXzEtNC5qcGciLCJzbGlkZXNob3ciOiIwMWVmMGE3In0%3D\" href='https:\/\/arche-ruethen.de\/wp-content\/uploads\/2019\/10\/vaki19_wald_1-4.jpg'><img loading=\"lazy\" decoding=\"async\" width=\"150\" height=\"150\" src=\"https:\/\/arche-ruethen.de\/wp-content\/uploads\/2019\/10\/vaki19_wald_1-4-150x150.jpg\" class=\"attachment-thumbnail size-thumbnail\" alt=\"\" srcset=\"https:\/\/arche-ruethen.de\/wp-content\/uploads\/2019\/10\/vaki19_wald_1-4-150x150.jpg 150w, https:\/\/arche-ruethen.de\/wp-content\/uploads\/2019\/10\/vaki19_wald_1-4-300x300.jpg 300w\" sizes=\"(max-width: 150px) 100vw, 150px\" \/><\/a>\n\t\t\t<\/dt><\/dl><dl class='gallery-item'>\n\t\t\t<dt class='gallery-icon landscape'>\n\t\t\t\t<a data-elementor-open-lightbox=\"yes\" data-elementor-lightbox-slideshow=\"01ef0a7\" data-elementor-lightbox-title=\"vaki19_wald_1 (1)\" data-e-action-hash=\"#elementor-action%3Aaction%3Dlightbox%26settings%3DeyJpZCI6Njk1LCJ1cmwiOiJodHRwczpcL1wvYXJjaGUtcnVldGhlbi5kZVwvd3AtY29udGVudFwvdXBsb2Fkc1wvMjAxOVwvMTBcL3Zha2kxOV93YWxkXzEtMS5qcGciLCJzbGlkZXNob3ciOiIwMWVmMGE3In0%3D\" href='https:\/\/arche-ruethen.de\/wp-content\/uploads\/2019\/10\/vaki19_wald_1-1.jpg'><img loading=\"lazy\" decoding=\"async\" width=\"150\" height=\"150\" src=\"https:\/\/arche-ruethen.de\/wp-content\/uploads\/2019\/10\/vaki19_wald_1-1-150x150.jpg\" class=\"attachment-thumbnail size-thumbnail\" alt=\"\" srcset=\"https:\/\/arche-ruethen.de\/wp-content\/uploads\/2019\/10\/vaki19_wald_1-1-150x150.jpg 150w, https:\/\/arche-ruethen.de\/wp-content\/uploads\/2019\/10\/vaki19_wald_1-1-300x300.jpg 300w\" sizes=\"(max-width: 150px) 100vw, 150px\" \/><\/a>\n\t\t\t<\/dt><\/dl><dl class='gallery-item'>\n\t\t\t<dt class='gallery-icon landscape'>\n\t\t\t\t<a data-elementor-open-lightbox=\"yes\" data-elementor-lightbox-slideshow=\"01ef0a7\" data-elementor-lightbox-title=\"vaki19_wald_1 (3)\" data-e-action-hash=\"#elementor-action%3Aaction%3Dlightbox%26settings%3DeyJpZCI6Njk3LCJ1cmwiOiJodHRwczpcL1wvYXJjaGUtcnVldGhlbi5kZVwvd3AtY29udGVudFwvdXBsb2Fkc1wvMjAxOVwvMTBcL3Zha2kxOV93YWxkXzEtMy5qcGciLCJzbGlkZXNob3ciOiIwMWVmMGE3In0%3D\" href='https:\/\/arche-ruethen.de\/wp-content\/uploads\/2019\/10\/vaki19_wald_1-3.jpg'><img loading=\"lazy\" decoding=\"async\" width=\"150\" height=\"150\" src=\"https:\/\/arche-ruethen.de\/wp-content\/uploads\/2019\/10\/vaki19_wald_1-3-150x150.jpg\" class=\"attachment-thumbnail size-thumbnail\" alt=\"\" srcset=\"https:\/\/arche-ruethen.de\/wp-content\/uploads\/2019\/10\/vaki19_wald_1-3-150x150.jpg 150w, https:\/\/arche-ruethen.de\/wp-content\/uploads\/2019\/10\/vaki19_wald_1-3-300x300.jpg 300w\" sizes=\"(max-width: 150px) 100vw, 150px\" \/><\/a>\n\t\t\t<\/dt><\/dl><br style=\"clear: both\" \/><dl class='gallery-item'>\n\t\t\t<dt class='gallery-icon portrait'>\n\t\t\t\t<a data-elementor-open-lightbox=\"yes\" data-elementor-lightbox-slideshow=\"01ef0a7\" data-elementor-lightbox-title=\"vaki19_1 (1)\" data-e-action-hash=\"#elementor-action%3Aaction%3Dlightbox%26settings%3DeyJpZCI6Njg4LCJ1cmwiOiJodHRwczpcL1wvYXJjaGUtcnVldGhlbi5kZVwvd3AtY29udGVudFwvdXBsb2Fkc1wvMjAxOVwvMTBcL3Zha2kxOV8xLTEuanBnIiwic2xpZGVzaG93IjoiMDFlZjBhNyJ9\" href='https:\/\/arche-ruethen.de\/wp-content\/uploads\/2019\/10\/vaki19_1-1.jpg'><img loading=\"lazy\" decoding=\"async\" width=\"150\" height=\"150\" src=\"https:\/\/arche-ruethen.de\/wp-content\/uploads\/2019\/10\/vaki19_1-1-150x150.jpg\" class=\"attachment-thumbnail size-thumbnail\" alt=\"\" srcset=\"https:\/\/arche-ruethen.de\/wp-content\/uploads\/2019\/10\/vaki19_1-1-150x150.jpg 150w, https:\/\/arche-ruethen.de\/wp-content\/uploads\/2019\/10\/vaki19_1-1-300x300.jpg 300w\" sizes=\"(max-width: 150px) 100vw, 150px\" \/><\/a>\n\t\t\t<\/dt><\/dl><dl class='gallery-item'>\n\t\t\t<dt class='gallery-icon portrait'>\n\t\t\t\t<a data-elementor-open-lightbox=\"yes\" data-elementor-lightbox-slideshow=\"01ef0a7\" data-elementor-lightbox-title=\"vaki19_1 (2)\" data-e-action-hash=\"#elementor-action%3Aaction%3Dlightbox%26settings%3DeyJpZCI6Njg5LCJ1cmwiOiJodHRwczpcL1wvYXJjaGUtcnVldGhlbi5kZVwvd3AtY29udGVudFwvdXBsb2Fkc1wvMjAxOVwvMTBcL3Zha2kxOV8xLTIuanBnIiwic2xpZGVzaG93IjoiMDFlZjBhNyJ9\" href='https:\/\/arche-ruethen.de\/wp-content\/uploads\/2019\/10\/vaki19_1-2.jpg'><img loading=\"lazy\" decoding=\"async\" width=\"150\" height=\"150\" src=\"https:\/\/arche-ruethen.de\/wp-content\/uploads\/2019\/10\/vaki19_1-2-150x150.jpg\" class=\"attachment-thumbnail size-thumbnail\" alt=\"\" srcset=\"https:\/\/arche-ruethen.de\/wp-content\/uploads\/2019\/10\/vaki19_1-2-150x150.jpg 150w, https:\/\/arche-ruethen.de\/wp-content\/uploads\/2019\/10\/vaki19_1-2-300x300.jpg 300w\" sizes=\"(max-width: 150px) 100vw, 150px\" \/><\/a>\n\t\t\t<\/dt><\/dl><dl class='gallery-item'>\n\t\t\t<dt class='gallery-icon portrait'>\n\t\t\t\t<a data-elementor-open-lightbox=\"yes\" data-elementor-lightbox-slideshow=\"01ef0a7\" data-elementor-lightbox-title=\"vaki19_1 (5)\" data-e-action-hash=\"#elementor-action%3Aaction%3Dlightbox%26settings%3DeyJpZCI6NjkyLCJ1cmwiOiJodHRwczpcL1wvYXJjaGUtcnVldGhlbi5kZVwvd3AtY29udGVudFwvdXBsb2Fkc1wvMjAxOVwvMTBcL3Zha2kxOV8xLTUuanBnIiwic2xpZGVzaG93IjoiMDFlZjBhNyJ9\" href='https:\/\/arche-ruethen.de\/wp-content\/uploads\/2019\/10\/vaki19_1-5.jpg'><img loading=\"lazy\" decoding=\"async\" width=\"150\" height=\"150\" src=\"https:\/\/arche-ruethen.de\/wp-content\/uploads\/2019\/10\/vaki19_1-5-150x150.jpg\" class=\"attachment-thumbnail size-thumbnail\" alt=\"\" srcset=\"https:\/\/arche-ruethen.de\/wp-content\/uploads\/2019\/10\/vaki19_1-5-150x150.jpg 150w, https:\/\/arche-ruethen.de\/wp-content\/uploads\/2019\/10\/vaki19_1-5-300x300.jpg 300w\" sizes=\"(max-width: 150px) 100vw, 150px\" \/><\/a>\n\t\t\t<\/dt><\/dl><dl class='gallery-item'>\n\t\t\t<dt class='gallery-icon portrait'>\n\t\t\t\t<a data-elementor-open-lightbox=\"yes\" data-elementor-lightbox-slideshow=\"01ef0a7\" data-elementor-lightbox-title=\"vaki19_1 (6)\" data-e-action-hash=\"#elementor-action%3Aaction%3Dlightbox%26settings%3DeyJpZCI6NjkzLCJ1cmwiOiJodHRwczpcL1wvYXJjaGUtcnVldGhlbi5kZVwvd3AtY29udGVudFwvdXBsb2Fkc1wvMjAxOVwvMTBcL3Zha2kxOV8xLTYuanBnIiwic2xpZGVzaG93IjoiMDFlZjBhNyJ9\" href='https:\/\/arche-ruethen.de\/wp-content\/uploads\/2019\/10\/vaki19_1-6.jpg'><img loading=\"lazy\" decoding=\"async\" width=\"150\" height=\"150\" src=\"https:\/\/arche-ruethen.de\/wp-content\/uploads\/2019\/10\/vaki19_1-6-150x150.jpg\" class=\"attachment-thumbnail size-thumbnail\" alt=\"\" srcset=\"https:\/\/arche-ruethen.de\/wp-content\/uploads\/2019\/10\/vaki19_1-6-150x150.jpg 150w, https:\/\/arche-ruethen.de\/wp-content\/uploads\/2019\/10\/vaki19_1-6-300x300.jpg 300w\" sizes=\"(max-width: 150px) 100vw, 150px\" \/><\/a>\n\t\t\t<\/dt><\/dl><br style=\"clear: both\" \/><dl class='gallery-item'>\n\t\t\t<dt class='gallery-icon portrait'>\n\t\t\t\t<a data-elementor-open-lightbox=\"yes\" data-elementor-lightbox-slideshow=\"01ef0a7\" data-elementor-lightbox-title=\"vaki19_1 (3)\" data-e-action-hash=\"#elementor-action%3Aaction%3Dlightbox%26settings%3DeyJpZCI6NjkwLCJ1cmwiOiJodHRwczpcL1wvYXJjaGUtcnVldGhlbi5kZVwvd3AtY29udGVudFwvdXBsb2Fkc1wvMjAxOVwvMTBcL3Zha2kxOV8xLTMuanBnIiwic2xpZGVzaG93IjoiMDFlZjBhNyJ9\" href='https:\/\/arche-ruethen.de\/wp-content\/uploads\/2019\/10\/vaki19_1-3.jpg'><img loading=\"lazy\" decoding=\"async\" width=\"150\" height=\"150\" src=\"https:\/\/arche-ruethen.de\/wp-content\/uploads\/2019\/10\/vaki19_1-3-150x150.jpg\" class=\"attachment-thumbnail size-thumbnail\" alt=\"\" srcset=\"https:\/\/arche-ruethen.de\/wp-content\/uploads\/2019\/10\/vaki19_1-3-150x150.jpg 150w, https:\/\/arche-ruethen.de\/wp-content\/uploads\/2019\/10\/vaki19_1-3-300x300.jpg 300w\" sizes=\"(max-width: 150px) 100vw, 150px\" \/><\/a>\n\t\t\t<\/dt><\/dl>\n\t\t\t<br style='clear: both' \/>\n\t\t<\/div>\n\t\t<\/div>\n\t\t\t\t\t\t<\/div>\n\t\t\t\t<\/div>\n\t\t\t\t<div class=\"elementor-element elementor-element-a389ca9 elementor-widget elementor-widget-text-editor\" data-id=\"a389ca9\" data-element_type=\"widget\" data-e-type=\"widget\" data-widget_type=\"text-editor.default\">\n\t\t\t\t<div class=\"elementor-widget-container\">\n\t\t\t\t\t\t\t\t\t<ul style=\"background-color: transparent; color: #000000; font-family: 'Times New Roman'; font-variant-numeric: normal; font-variant-east-asian: normal;\"><li><span style=\"font-family: arial;\"><small>\u00a0Auch der <strong>Elternstartkurs<\/strong> war trotz kurzfristiger Terminverschiebung wieder voll belegt. Die sehr erfahrene Kursleiterin Gaby Hoffmann aus Brilon konnte einspringen und den Kurs mit 10 Eltern und ihren Kindern sehr gut anleiten. Auch die Familienhebamme Bianca Worm war zur Elternbegleitung bei einigen Kursabschnitten dabei. Einige M\u00fctter, die sich z.T. im Kurs kennen gelernt haben, gr\u00fcnden gerade eine <strong>neue Krabbelgruppe<\/strong> . Sie wollen R\u00e4ume nebenan im ev. Gemeindehaus anfragen, damit sie sich auch weiterhin treffen k\u00f6nnen.<\/small><\/span><\/li><li><span style=\"font-family: arial;\"><small>Mit dem letzten Treffen am 02.10. endete das <strong>Projekt \u201eWir sind LeseHelden \u201c<\/strong> , das von der K\u00d6B R\u00fcthen und dem \u201e Vorlesehelden\u201c Klaus -Dieter H\u00f6tte gestaltet wurde. Die Schulanf\u00e4nger erkundeten unter dem Motto \u201eB\u00e4ume, Pflanzen und Tiere des Waldes\u201c die B\u00fccherrei , das Bibertal und das Bilsteintal . Es gab nat\u00fcrlich auch jede Menge spannende Geschichten. Eine sehr gelungene Zusammenarbeit zwischen K\u00d6B und dem Familienzentrum! <small><small><img loading=\"lazy\" decoding=\"async\" class=\"size-medium wp-image-691 alignright\" src=\"http:\/\/archewordpress.arche-ruethen.de\/wp-content\/uploads\/2019\/10\/vaki19_1-4-e1570106961630-200x300.jpg\" alt=\"\" width=\"200\" height=\"300\" srcset=\"https:\/\/arche-ruethen.de\/wp-content\/uploads\/2019\/10\/vaki19_1-4-e1570106961630-200x300.jpg 200w, https:\/\/arche-ruethen.de\/wp-content\/uploads\/2019\/10\/vaki19_1-4-e1570106961630.jpg 667w\" sizes=\"(max-width: 200px) 100vw, 200px\" \/><\/small><\/small><\/small><\/span><\/li><li><span style=\"font-family: arial;\"><small> Zum Themenabend <strong>\u201e Medienbildung in der (fr\u00fchen) Kindheit \u201c<\/strong> erlebten die 11 Teilnehmenden (Eltern, Gro\u00dfeltern und Erzieherinnen) eine interessante Informationsveranstaltung des Medienzentrums des Kreises Soest. Der Leiter des Zentrums, Sascha Cornesse , hatte neben ausgewerteten Studienergebnissen viele n\u00fctzliche Hinweise und Tipps im Gep\u00e4ck. F\u00fcr Fragen und Austausch gab es anschlie\u00dfend ausreichend Gelegenheit. (Der Themenabend wurde von beiden R\u00fcthener Familienzentren beworben.)<\/small><\/span><\/li><li><span style=\"font-family: arial;\"><small>Zu einer <strong>Spielevorstellung<\/strong> am 04.11. ab 19.30 Uhr und einem <strong>Eltern- Kinder-Spiele-Nachmittag<\/strong> am 22.11. von 14.30 \u2013 16.30 Uhr laden wir alle Eltern herzlich in die Arche ein. Einladung folgt\u2026\u00a0<\/small><\/span><\/li><li><span style=\"font-family: arial;\"><small>Die VHS bietet in der Sekundarschule R\u00fcthen die beiden Kurse<strong> \u201eF\u00fcr Kinder Kochen : Alles nach Plan?! \u201c<\/strong> (18.11.) und <strong>\u201eKinderleicht: Essen mit Stil\u201c<\/strong> (23.11.) an. N\u00e4here Infos und Anmeldung \u00fcber die VHS: www.vhs-lippstadt.de oder 02942\/2895-0.<\/small><\/span><\/li><\/ul><div><span style=\"color: #000000; font-family: arial;\"><span style=\"font-size: 15.3px;\">\u00a0<\/span><\/span><\/div>\t\t\t\t\t\t\t\t<\/div>\n\t\t\t\t<\/div>\n\t\t\t\t\t<\/div>\n\t\t<\/div>\n\t\t\t\t\t<\/div>\n\t\t<\/section>\n\t\t\t\t<\/div>\n\t\t","protected":false},"excerpt":{"rendered":"<p>Aktuelles. Aktuell in der Arche Familienzentrum Termine ab April 2026 Neues in unserem Internetangebot Die aktualisierte Inklusionsp\u00e4dagogische Konzeption ist online (Aktualisierungen gelb markiert). Aktuelles Kinder haben Rechte! Wie jedes Jahr haben die Arche-Kinder sich angesehen und besprochen, was das genau bedeutet. Zum &#8222;kleinen Wir&#8220;, das sie gemeinsam gestaltet haben geh\u00f6ren einfach Alle dazu. &#8211; In [&hellip;]<\/p>\n","protected":false},"author":1,"featured_media":0,"parent":149,"menu_order":0,"comment_status":"closed","ping_status":"closed","template":"elementor_header_footer","meta":{"footnotes":""},"class_list":["post-230","page","type-page","status-publish","hentry"],"_links":{"self":[{"href":"https:\/\/arche-ruethen.de\/index.php?rest_route=\/wp\/v2\/pages\/230","targetHints":{"allow":["GET"]}}],"collection":[{"href":"https:\/\/arche-ruethen.de\/index.php?rest_route=\/wp\/v2\/pages"}],"about":[{"href":"https:\/\/arche-ruethen.de\/index.php?rest_route=\/wp\/v2\/types\/page"}],"author":[{"embeddable":true,"href":"https:\/\/arche-ruethen.de\/index.php?rest_route=\/wp\/v2\/users\/1"}],"replies":[{"embeddable":true,"href":"https:\/\/arche-ruethen.de\/index.php?rest_route=%2Fwp%2Fv2%2Fcomments&post=230"}],"version-history":[{"count":356,"href":"https:\/\/arche-ruethen.de\/index.php?rest_route=\/wp\/v2\/pages\/230\/revisions"}],"predecessor-version":[{"id":1734,"href":"https:\/\/arche-ruethen.de\/index.php?rest_route=\/wp\/v2\/pages\/230\/revisions\/1734"}],"up":[{"embeddable":true,"href":"https:\/\/arche-ruethen.de\/index.php?rest_route=\/wp\/v2\/pages\/149"}],"wp:attachment":[{"href":"https:\/\/arche-ruethen.de\/index.php?rest_route=%2Fwp%2Fv2%2Fmedia&parent=230"}],"curies":[{"name":"wp","href":"https:\/\/api.w.org\/{rel}","templated":true}]}}